{"id":11136,"date":"2018-11-22T21:51:53","date_gmt":"2018-11-22T21:51:53","guid":{"rendered":"http:\/\/www.fabriceeulry-laboutique.com\/blog\/?page_id=11136"},"modified":"2024-09-03T03:35:41","modified_gmt":"2024-09-03T03:35:41","slug":"festival-blues-en-aveyron-actualite-et-historique","status":"publish","type":"page","link":"http:\/\/www.fabriceeulry-laboutique.com\/blog\/?page_id=11136","title":{"rendered":"FESTIVAL BLUES EN AVEYRON  : ACTUALIT\u00c9 ET HISTORIQUE"},"content":{"rendered":"\n<p class=\"has-text-align-center\"><strong>FESTIVAL 2024<\/strong><\/p>\n\n\n\n<p><strong>Concerts \u00e0 17h et 21h<\/strong> : <strong>(Lien de r\u00e9servation en ligne sous l&rsquo;affiche)<\/strong><\/p>\n\n\n\n<figure class=\"wp-block-image size-large\"><img data-recalc-dims=\"1\" loading=\"lazy\" decoding=\"async\" width=\"640\" height=\"905\" src=\"https:\/\/i0.wp.com\/www.fabriceeulry-laboutique.com\/blog\/wp-content\/uploads\/2024\/09\/AFFICHE-BenA2024.png-.png?resize=640%2C905\" alt=\"\" class=\"wp-image-13046\" srcset=\"https:\/\/i0.wp.com\/www.fabriceeulry-laboutique.com\/blog\/wp-content\/uploads\/2024\/09\/AFFICHE-BenA2024.png-.png?resize=724%2C1024 724w, https:\/\/i0.wp.com\/www.fabriceeulry-laboutique.com\/blog\/wp-content\/uploads\/2024\/09\/AFFICHE-BenA2024.png-.png?resize=212%2C300 212w, https:\/\/i0.wp.com\/www.fabriceeulry-laboutique.com\/blog\/wp-content\/uploads\/2024\/09\/AFFICHE-BenA2024.png-.png?resize=768%2C1086 768w, https:\/\/i0.wp.com\/www.fabriceeulry-laboutique.com\/blog\/wp-content\/uploads\/2024\/09\/AFFICHE-BenA2024.png-.png?resize=1086%2C1536 1086w, https:\/\/i0.wp.com\/www.fabriceeulry-laboutique.com\/blog\/wp-content\/uploads\/2024\/09\/AFFICHE-BenA2024.png-.png?resize=300%2C424 300w, https:\/\/i0.wp.com\/www.fabriceeulry-laboutique.com\/blog\/wp-content\/uploads\/2024\/09\/AFFICHE-BenA2024.png-.png?w=1222 1222w\" sizes=\"auto, (max-width: 640px) 100vw, 640px\" \/><\/figure>\n\n\n\n<p><strong>R\u00e9servations sur Weezevent :<\/strong> <\/p>\n\n\n\n<p><a href=\"https:\/\/l.facebook.com\/l.php?u=https%3A%2F%2Fmy.weezevent.com%2Fblues-en-aveyron-2024%3F_gl%3D1*2ohivv*_gcl_au*MTg2MzIzNjkwOC4xNzI0MzE3NjgwLjI5MDY4ODAzNS4xNzI0MzE3Njg3LjE3MjQzMTc2ODY.*_ga*MTUxODk5NjEyMy4xNzI0MzE3Njgx*_ga_39H9VBFX7G*MTcyNDMxNzY4MC4xLjEuMTcyNDMxODc5MC41OS4wLjA%26fbclid%3DIwZXh0bgNhZW0CMTAAAR1VnKeG-UwHftcpWAqQSur7_lx012sd67m6LtWdSZf2AodYE0o2Vu-TNzw_aem_ZEopaa4gPoutawTx_kQGOQ&amp;h=AT1KF-tQ90cHr6P6sFaMct-wnAHEpxrViJEsQeV2-3TtauqjxO3mKY4QzMXh1O-8Nlo8ZXCU0UPyO43Jtf47yogKlAU6B6QeWuYnqDep57QIITAkeS656mIIokcvuZM71PC2Ikrefo4J_aLS_XNsRuXiOQ&amp;__tn__=-UK-R&amp;c[0]=AT1P0R4qbRbkLi4_OFBoO2FrxdSrEFAXq7WwImmwuV4MSrzUlLJlwarNWXfx1jNoHxg44zRdzfe1sEXaclbC_YoutlX4GcpVAlP6VzEzdMZvYwbKekA7ppCaT2xBQhfrUlWPd3RTeJZ-AkhKWEm_qHVQsGr5sJLbpPkX6lHeT-x7YuzxDKWY9qrftu1T0eqVSnqB4AAEgR9Yg8qrJpEQZjKsbU-FSjaxumVXwg\">https:\/\/l.facebook.com\/l.php?u=https%3A%2F%2Fmy.weezevent.com%2Fblues-en-aveyron-2024%3F_gl%3D1*2ohivv*_gcl_au*MTg2MzIzNjkwOC4xNzI0MzE3NjgwLjI5MDY4ODAzNS4xNzI0MzE3Njg3LjE3MjQzMTc2ODY.*_ga*MTUxODk5NjEyMy4xNzI0MzE3Njgx*_ga_39H9VBFX7G*MTcyNDMxNzY4MC4xLjEuMTcyNDMxODc5MC41OS4wLjA%26fbclid%3DIwZXh0bgNhZW0CMTAAAR1VnKeG-UwHftcpWAqQSur7_lx012sd67m6LtWdSZf2AodYE0o2Vu-TNzw_aem_ZEopaa4gPoutawTx_kQGOQ&amp;h=AT1KF-tQ90cHr6P6sFaMct-wnAHEpxrViJEsQeV2-3TtauqjxO3mKY4QzMXh1O-8Nlo8ZXCU0UPyO43Jtf47yogKlAU6B6QeWuYnqDep57QIITAkeS656mIIokcvuZM71PC2Ikrefo4J_aLS_XNsRuXiOQ&amp;__tn__=-UK-R&amp;c[0]=AT1P0R4qbRbkLi4_OFBoO2FrxdSrEFAXq7WwImmwuV4MSrzUlLJlwarNWXfx1jNoHxg44zRdzfe1sEXaclbC_YoutlX4GcpVAlP6VzEzdMZvYwbKekA7ppCaT2xBQhfrUlWPd3RTeJZ-AkhKWEm_qHVQsGr5sJLbpPkX6lHeT-x7YuzxDKWY9qrftu1T0eqVSnqB4AAEgR9Yg8qrJpEQZjKsbU-FSjaxumVXwg<\/a><\/p>\n\n\n\n<p class=\"has-text-align-center\"><strong>FESTIVAL 2023<\/strong><\/p>\n\n\n\n<figure class=\"wp-block-image\" id=\"block-a259cd8c-677e-41fa-8940-caae9e76a1b4\"><img data-recalc-dims=\"1\" height=\"1024\" width=\"489\" decoding=\"async\" src=\"https:\/\/i0.wp.com\/www.fabriceeulry-laboutique.com\/blog\/wp-content\/uploads\/2023\/09\/pro1.png?resize=489%2C1024\" alt=\"L\u2019attribut alt de cette image est vide, son nom de fichier est pro1-489x1024.png.\"\/><\/figure>\n\n\n\n<figure class=\"wp-block-image\" id=\"block-26ec3b28-cfde-41c5-a36a-2e478a48895a\"><img data-recalc-dims=\"1\" height=\"453\" width=\"640\" decoding=\"async\" src=\"https:\/\/i0.wp.com\/www.fabriceeulry-laboutique.com\/blog\/wp-content\/uploads\/2023\/09\/pro3.png?resize=640%2C453\" alt=\"L\u2019attribut alt de cette image est vide, son nom de fichier est pro3-1024x724.png.\"\/><\/figure>\n\n\n\n<figure class=\"wp-block-image\" id=\"block-5f8cba32-d977-4c8d-bcc3-9659ac4d41fe\"><img data-recalc-dims=\"1\" height=\"684\" width=\"640\" decoding=\"async\" src=\"https:\/\/i0.wp.com\/www.fabriceeulry-laboutique.com\/blog\/wp-content\/uploads\/2023\/09\/pro2.png?resize=640%2C684\" alt=\"L\u2019attribut alt de cette image est vide, son nom de fichier est pro2-958x1024.png.\"\/><\/figure>\n\n\n\n<p id=\"block-8fbc7d5a-03dd-4caa-b4f7-2c123a92c6e8\"><strong>Le festival se terminera v\u00e9ritablement \u00e0 la Maison d&rsquo;accueil sp\u00e9cialis\u00e9e de St C\u00f4me d&rsquo;Olt le mercredi 11 octobre avec un r\u00e9cital de Fabrice Eulry \u00e0 15h, pour lequel seront convi\u00e9es \u00e9galement les familles des r\u00e9sidents et les r\u00e9sidents des maisons de retraite avoisinantes.<\/strong><\/p>\n\n\n\n<p class=\"has-text-align-center\" id=\"block-f4da6acd-2278-4226-909c-1f05b6fe3437\"><strong>FESTIVAL 2022<\/strong><\/p>\n\n\n\n<p class=\"has-text-align-center\"><strong>\u00ab\u00a0Emilie H\u00e9dou et Fabrice Eulry : puisqu&rsquo;on parle beaucoup d&rsquo;\u00e9nergie en ce moment sachez que ce duo c&rsquo;est Emilie Hedou : la chanteuse qu&rsquo;on s&rsquo;arrache avec une voix qui d\u00e9chire.&nbsp;Fabrice Eulry : le pianiste Super ph\u00e9nix sans salle de contr\u00f4le (Midi libre) du Rythm&rsquo;n blues au gospel.\u00a0\u00bb<\/strong><\/p>\n\n\n\n<figure class=\"wp-block-image size-large\"><img data-recalc-dims=\"1\" loading=\"lazy\" decoding=\"async\" width=\"640\" height=\"427\" src=\"https:\/\/i0.wp.com\/www.fabriceeulry-laboutique.com\/blog\/wp-content\/uploads\/2024\/04\/Emilie-Hedou-2024-03-Jazzoder-IMG_0633.jpg?resize=640%2C427\" alt=\"\" class=\"wp-image-12883\" srcset=\"https:\/\/i0.wp.com\/www.fabriceeulry-laboutique.com\/blog\/wp-content\/uploads\/2024\/04\/Emilie-Hedou-2024-03-Jazzoder-IMG_0633-scaled.jpg?resize=1024%2C683 1024w, https:\/\/i0.wp.com\/www.fabriceeulry-laboutique.com\/blog\/wp-content\/uploads\/2024\/04\/Emilie-Hedou-2024-03-Jazzoder-IMG_0633-scaled.jpg?resize=300%2C200 300w, https:\/\/i0.wp.com\/www.fabriceeulry-laboutique.com\/blog\/wp-content\/uploads\/2024\/04\/Emilie-Hedou-2024-03-Jazzoder-IMG_0633-scaled.jpg?resize=768%2C512 768w, https:\/\/i0.wp.com\/www.fabriceeulry-laboutique.com\/blog\/wp-content\/uploads\/2024\/04\/Emilie-Hedou-2024-03-Jazzoder-IMG_0633-scaled.jpg?resize=1536%2C1024 1536w, https:\/\/i0.wp.com\/www.fabriceeulry-laboutique.com\/blog\/wp-content\/uploads\/2024\/04\/Emilie-Hedou-2024-03-Jazzoder-IMG_0633-scaled.jpg?resize=2048%2C1365 2048w, https:\/\/i0.wp.com\/www.fabriceeulry-laboutique.com\/blog\/wp-content\/uploads\/2024\/04\/Emilie-Hedou-2024-03-Jazzoder-IMG_0633-scaled.jpg?w=1280 1280w, https:\/\/i0.wp.com\/www.fabriceeulry-laboutique.com\/blog\/wp-content\/uploads\/2024\/04\/Emilie-Hedou-2024-03-Jazzoder-IMG_0633-scaled.jpg?w=1920 1920w\" sizes=\"auto, (max-width: 640px) 100vw, 640px\" \/><\/figure>\n\n\n\n<p class=\"has-text-align-center\"><\/p>\n\n\n\n<p class=\"has-text-align-center\"><strong>Samedi 22 : Soir\u00e9e boogie-woogie, duels de piano. Le point culminant du festival.&nbsp;Pour f\u00eater ses 5 ans Blues en Aveyron vous propose une soir\u00e9e folle de piano boogie avec plusieurs pianos et plusieurs pianistes, des 4 mains des 6 mains&#8230; Et surtout du rythme et du spectacle.Trois artistes de renom : Anne Cadilhac, Victor Demange et Fabrice Eulry, et des invit\u00e9s surprise.<\/strong><\/p>\n\n\n\n<figure class=\"wp-block-image size-large\"><img data-recalc-dims=\"1\" loading=\"lazy\" decoding=\"async\" width=\"640\" height=\"570\" src=\"https:\/\/i0.wp.com\/www.fabriceeulry-laboutique.com\/blog\/wp-content\/uploads\/2020\/10\/duo4.png?resize=640%2C570\" alt=\"\" class=\"wp-image-12458\" srcset=\"https:\/\/i0.wp.com\/www.fabriceeulry-laboutique.com\/blog\/wp-content\/uploads\/2020\/10\/duo4.png?w=666 666w, https:\/\/i0.wp.com\/www.fabriceeulry-laboutique.com\/blog\/wp-content\/uploads\/2020\/10\/duo4.png?resize=300%2C267 300w\" sizes=\"auto, (max-width: 640px) 100vw, 640px\" \/><\/figure>\n\n\n\n<figure class=\"wp-block-image size-large\"><img data-recalc-dims=\"1\" loading=\"lazy\" decoding=\"async\" width=\"640\" height=\"768\" src=\"https:\/\/i0.wp.com\/www.fabriceeulry-laboutique.com\/blog\/wp-content\/uploads\/2023\/08\/demange.png?resize=640%2C768\" alt=\"\" class=\"wp-image-12763\" srcset=\"https:\/\/i0.wp.com\/www.fabriceeulry-laboutique.com\/blog\/wp-content\/uploads\/2023\/08\/demange.png?resize=853%2C1024 853w, https:\/\/i0.wp.com\/www.fabriceeulry-laboutique.com\/blog\/wp-content\/uploads\/2023\/08\/demange.png?resize=250%2C300 250w, https:\/\/i0.wp.com\/www.fabriceeulry-laboutique.com\/blog\/wp-content\/uploads\/2023\/08\/demange.png?resize=768%2C922 768w, https:\/\/i0.wp.com\/www.fabriceeulry-laboutique.com\/blog\/wp-content\/uploads\/2023\/08\/demange.png?resize=300%2C360 300w, https:\/\/i0.wp.com\/www.fabriceeulry-laboutique.com\/blog\/wp-content\/uploads\/2023\/08\/demange.png?w=1174 1174w\" sizes=\"auto, (max-width: 640px) 100vw, 640px\" \/><\/figure>\n\n\n\n<p class=\"has-text-align-center\"><strong>FESTIVAL 2021<\/strong><\/p>\n\n\n\n<figure class=\"wp-block-image size-large\"><img data-recalc-dims=\"1\" loading=\"lazy\" decoding=\"async\" width=\"640\" height=\"696\" src=\"https:\/\/i0.wp.com\/www.fabriceeulry-laboutique.com\/blog\/wp-content\/uploads\/2024\/04\/festival-2021.png?resize=640%2C696\" alt=\"\" class=\"wp-image-12892\" srcset=\"https:\/\/i0.wp.com\/www.fabriceeulry-laboutique.com\/blog\/wp-content\/uploads\/2024\/04\/festival-2021.png?resize=942%2C1024 942w, https:\/\/i0.wp.com\/www.fabriceeulry-laboutique.com\/blog\/wp-content\/uploads\/2024\/04\/festival-2021.png?resize=276%2C300 276w, https:\/\/i0.wp.com\/www.fabriceeulry-laboutique.com\/blog\/wp-content\/uploads\/2024\/04\/festival-2021.png?resize=768%2C835 768w, https:\/\/i0.wp.com\/www.fabriceeulry-laboutique.com\/blog\/wp-content\/uploads\/2024\/04\/festival-2021.png?resize=300%2C326 300w, https:\/\/i0.wp.com\/www.fabriceeulry-laboutique.com\/blog\/wp-content\/uploads\/2024\/04\/festival-2021.png?w=1358 1358w, https:\/\/i0.wp.com\/www.fabriceeulry-laboutique.com\/blog\/wp-content\/uploads\/2024\/04\/festival-2021.png?w=1280 1280w\" sizes=\"auto, (max-width: 640px) 100vw, 640px\" \/><\/figure>\n\n\n\n<figure class=\"wp-block-image size-large\"><img data-recalc-dims=\"1\" loading=\"lazy\" decoding=\"async\" width=\"640\" height=\"573\" src=\"https:\/\/i0.wp.com\/www.fabriceeulry-laboutique.com\/blog\/wp-content\/uploads\/2024\/04\/Blues-en-aveyron-2021.png?resize=640%2C573\" alt=\"\" class=\"wp-image-12888\" srcset=\"https:\/\/i0.wp.com\/www.fabriceeulry-laboutique.com\/blog\/wp-content\/uploads\/2024\/04\/Blues-en-aveyron-2021.png?resize=1024%2C916 1024w, https:\/\/i0.wp.com\/www.fabriceeulry-laboutique.com\/blog\/wp-content\/uploads\/2024\/04\/Blues-en-aveyron-2021.png?resize=300%2C268 300w, https:\/\/i0.wp.com\/www.fabriceeulry-laboutique.com\/blog\/wp-content\/uploads\/2024\/04\/Blues-en-aveyron-2021.png?resize=768%2C687 768w, https:\/\/i0.wp.com\/www.fabriceeulry-laboutique.com\/blog\/wp-content\/uploads\/2024\/04\/Blues-en-aveyron-2021.png?w=1246 1246w\" sizes=\"auto, (max-width: 640px) 100vw, 640px\" \/><\/figure>\n\n\n\n<p class=\"has-text-align-center\"><strong>FESTIVAL 2020 :<\/strong><\/p>\n\n\n\n<figure class=\"wp-block-image size-large\"><img data-recalc-dims=\"1\" loading=\"lazy\" decoding=\"async\" width=\"516\" height=\"563\" src=\"https:\/\/i0.wp.com\/www.fabriceeulry-laboutique.com\/blog\/wp-content\/uploads\/2020\/02\/bena.png?resize=516%2C563\" alt=\"\" class=\"wp-image-12268\" srcset=\"https:\/\/i0.wp.com\/www.fabriceeulry-laboutique.com\/blog\/wp-content\/uploads\/2020\/02\/bena.png?w=516 516w, https:\/\/i0.wp.com\/www.fabriceeulry-laboutique.com\/blog\/wp-content\/uploads\/2020\/02\/bena.png?resize=275%2C300 275w, https:\/\/i0.wp.com\/www.fabriceeulry-laboutique.com\/blog\/wp-content\/uploads\/2020\/02\/bena.png?resize=300%2C327 300w\" sizes=\"auto, (max-width: 516px) 100vw, 516px\" \/><\/figure>\n\n\n\n<p class=\"has-text-align-center\" id=\"block-b948a885-f49a-45f8-973e-2835e917a6e6\"><strong>Certes l&rsquo;\u00e9glise semblait pleine pour l&rsquo;hommage \u00e0 Simone Anglade, et m\u00eame si la r\u00e9duction des jauges et l&rsquo;obligation de se r\u00e9partir (une place occup\u00e9e sur deux) en facilitait l&rsquo;illusion optique, l&rsquo;ambiance n&rsquo;a rien eu de morose !<\/strong><\/p>\n\n\n\n<figure class=\"wp-block-image\" id=\"block-3357ceb7-6414-4510-8d3b-7bc47c48805e\"><img data-recalc-dims=\"1\" decoding=\"async\" src=\"https:\/\/i0.wp.com\/www.fabriceeulry-laboutique.com\/blog\/wp-content\/uploads\/2018\/01\/eglise-espalion.png?w=640\" alt=\"L\u2019attribut alt de cette image est vide, son nom de fichier est eglise-espalion.png.\"\/><\/figure>\n\n\n\n<p id=\"block-91cae654-8fce-4550-bcb7-9a4caacd6e11\"><strong>Pour cette soir\u00e9e hommage \u00e0 Simone Anglade, le P\u00e8re Barri\u00e9 a tout d&rsquo;abord pris la parole<\/strong> <strong>de bienvenue dans l&rsquo;\u00e9glise paroissiale d&rsquo;Espalion, puis Fabrice Eulry fondateur du festival a prononc\u00e9 le discours suivant, que nous mettons en ligne ci-dessous :<\/strong><\/p>\n\n\n\n<p id=\"block-94274f2b-7ed3-4e70-a067-4b6d0e1cc34d\"><strong>Chers amis,<\/strong><\/p>\n\n\n\n<p id=\"block-99479b43-b144-426d-8e55-06c1229ce27c\"><strong>\u00ab\u00a0Bonsoir \u00e0 tous. Je pensais commencer par l&rsquo;habituelle consigne :&nbsp;Merci de couper vos portables et de ne pas faire de films. Mais, dit plus \u00e9l\u00e9gamment, j&rsquo;ai trouv\u00e9 une formulation pour l&rsquo;amalgamer avec la nouvelle consigne \u00e0 la mode qui elle, j&rsquo;esp\u00e8re, ne sera que provisoire : et cela donne donc :\u00a0\u00bbMerci de penser \u00e0 rallumer vos portables et \u00e0 enlever vos masques en sortant !\u00a0\u00bb<br>Concernant la contrainte sanitaire, nous avons fait en sorte que vous vous agglutiniez le moins possible : je vous signale que ceux qui le d\u00e9sirent pourrons tout de m\u00eame rester un peu dans l&rsquo;\u00e9glise apr\u00e8s le concert, cela vous permettra de ne pas cr\u00e9er de bouchon en sortant, et pour rebondir plaisamment sur la contrainte, vous pourrez vous disperser po\u00e9tiquement en fl\u00e2nant autour de trois p\u00f4les : la table de d\u00e9dicace de disques des artistes et des affiches du festival, et les deux banderoles que vous trouverez le long de chaque galerie lat\u00e9rale, l&rsquo;une comprend les citations qui motivaient la philosophie de vie de Simone Anglade, et l&rsquo;autre est un p\u00eale-m\u00eale de photos souvenir pour lequel nous remercions chaleureusement sa soeur. Notre association Blues en Aveyron dont la vocation justement est \u00e0 la fois d&rsquo;honorer nos racines en d\u00e9fendant le patrimoine, les produits et les cr\u00e9ations aveyronnaises et de faire conna\u00eetre le blues, se devait donc de rendre hommage \u00e0 Simone Anglade, dame \u00e0 la fois solidement enracin\u00e9e et exploratrice du monde, par la rencontre de deux folklores, l&rsquo;un enracin\u00e9, et l&rsquo;autre d\u00e9racin\u00e9, mais qui nous parlent tous deux des choses essentielles, et en fin de soir\u00e9e pourrons \u00e9changer musicalement dans un moment d&rsquo;universalit\u00e9.&nbsp;N&rsquo;\u00e9tait-ce pas non plus cette richesse d&rsquo;avoir \u00e0 la fois des racines et des ailes, que Simone Anglade sembla chercher toute sa vie \u00e0 travers ses projets g\u00e9n\u00e9reux, et ses voyages ?&nbsp;Simone Anglade, ici-m\u00eame il y deux ans lorsque nous f\u00eemes venir l&rsquo;orchestre philharmonique de Kharkov, pris la main de Milana d&rsquo;un bref mais si chaleureux \u00ab\u00a0Merci pour ce que vous faites\u00a0\u00bb emprunt de son habituelle discr\u00e9tion, et nous souhaitons qu&rsquo;elle appr\u00e9cie autant l&rsquo;initiative de ce soir.<br>Le festival Blues en Aveyron 2020 vous le savez, a \u00e9t\u00e9 report\u00e9 de mai \u00e0 octobre avec une voilure divis\u00e9e par trois, passant de douze \u00e0 quatre concerts.&nbsp;Mais vous \u00eates l\u00e0, c&rsquo;est ce qui compte, et outre Simone et Andr\u00e9 Damon qui nous ont aid\u00e9s d\u00e8s 2017 \u00e0 d\u00e9marrer ce festival qui en est d\u00e9j\u00e0 \u00e0 sa quatri\u00e8me \u00e9dition, nous voudrions Milana Volodtchenko et moi-m\u00eame, co-fondateurs de ce festival, remercier tout ceux qui l&rsquo;ont soutenu : les artistes qui participent \u00e0 cette soir\u00e9e, et vous tous ici pr\u00e9sents qui repr\u00e9sentez le conseil d\u00e9partemental, les communaut\u00e9s de communes notamment Comtal Lot et Truy\u00e8re, Mme&#8230; Anglade et sa famille, Mme Quintard et la commune de Castelnau de Mandailles. Nous ne proposerons pas aux personnes pouvant ici nous raconter quelque chose de fort et de beau qu&rsquo;elles aient pu partager avec Simone Anglade de le faire, car nous aurions sans doute du demander aux trois-quarts de l&rsquo;assistance de monter.Aussi avons-nous pris le parti de lire un po\u00e8me que vous pourrez trouver en ligne, \u00e9crit par M.Eric Picard maire d&rsquo;Espalion, et ce sera pour nous une mani\u00e8re de remercier ceux qui accueillent cet \u00e9v\u00e8nement, l&rsquo;\u00e9glise d&rsquo;Espalion, son cur\u00e9 et son vicaire, et la commune d&rsquo;Espalion. apr\u00e8s quoi je laisserai la place \u00e0 la formation de Cisco Herzaft.<\/strong><\/p>\n\n\n\n<p id=\"block-d8e9228f-c8a5-42f9-88e4-c48f59b048a2\"><strong>Apr\u00e8s le blues de Cisco Herzaft<\/strong>&#8230;<\/p>\n\n\n\n<p id=\"block-29707947-205a-44e1-a611-6e132dc814f1\"><strong>&#8230; Philippe Viallard a ravi l&rsquo;auditoire par son r\u00e9pertoire occitan&#8230;<\/strong><\/p>\n\n\n\n<p id=\"block-d9b6150b-8a0a-477c-8e26-9d3ce339191c\"><strong>&#8230; suivi par la chorale gospel d&rsquo;Espalion, emmen\u00e9e par C\u00e9line Mistral dont l&rsquo;auditoire a aussi pu appr\u00e9cier la voix exceptionnelle dans un r\u00e9pertoire troubadour lors de son duo avec Fr\u00e9d\u00e9ric Monteils, formidable accompagnateur.<\/strong><\/p>\n\n\n\n<p id=\"block-70666875-fe0c-4d0f-a78d-f75081f2cfa8\"><strong>La conclusion en forme d&rsquo;improvisation g\u00e9n\u00e9rale fut surprenante par sa qualit\u00e9, tant les formations surent s&rsquo;\u00e9couter se rencontrant sur le gospel.<\/strong><\/p>\n\n\n\n<p><\/p>\n\n\n\n<p class=\"has-text-align-center\"><strong>FESTIVAL 2019<\/strong><\/p>\n\n\n\n<p class=\"has-text-align-center\"><strong>Les points de vente, l&rsquo;affiche et l&rsquo;agenda :<\/strong><\/p>\n\n\n\n<figure class=\"wp-block-image\"><img data-recalc-dims=\"1\" height=\"905\" width=\"640\" decoding=\"async\" src=\"https:\/\/i0.wp.com\/www.fabriceeulry-laboutique.com\/blog\/wp-content\/uploads\/2019\/03\/Affiche-Blues-en-Aveyron-A3.png?resize=640%2C905\" alt=\"L\u2019attribut alt de cette image est vide, son nom de fichier est Affiche-Blues-en-Aveyron-A3-724x1024.png.\"\/><\/figure>\n\n\n\n<div class=\"wp-block-image\"><figure class=\"aligncenter\"><img data-recalc-dims=\"1\" decoding=\"async\" src=\"https:\/\/i0.wp.com\/www.fabriceeulry-laboutique.com\/blog\/wp-content\/uploads\/2019\/03\/Agenda-BenA-2019-2.png?w=640\" alt=\"L\u2019attribut alt de cette image est vide, son nom de fichier est Agenda-BenA-2019-2.png.\"\/><\/figure><\/div>\n\n\n\n<div class=\"wp-block-image\"><figure class=\"aligncenter\"><img data-recalc-dims=\"1\" loading=\"lazy\" decoding=\"async\" width=\"459\" height=\"649\" src=\"https:\/\/i0.wp.com\/www.fabriceeulry-laboutique.com\/blog\/wp-content\/uploads\/2019\/03\/points-de-vente.png?resize=459%2C649\" alt=\"\" class=\"wp-image-11728\" srcset=\"https:\/\/i0.wp.com\/www.fabriceeulry-laboutique.com\/blog\/wp-content\/uploads\/2019\/03\/points-de-vente.png?w=459 459w, https:\/\/i0.wp.com\/www.fabriceeulry-laboutique.com\/blog\/wp-content\/uploads\/2019\/03\/points-de-vente.png?resize=212%2C300 212w, https:\/\/i0.wp.com\/www.fabriceeulry-laboutique.com\/blog\/wp-content\/uploads\/2019\/03\/points-de-vente.png?resize=300%2C424 300w\" sizes=\"auto, (max-width: 459px) 100vw, 459px\" \/><\/figure><\/div>\n\n\n<div>\n<div class=\"editor-post-title\">\n<div class=\"wp-block editor-post-title__block\">&nbsp;<\/div>\n<\/div>\n<\/div>\n<p style=\"text-align: center;\">&nbsp;<\/p>\n<div>\n<div>\n<div class=\"editor-post-title\">&nbsp;<\/div>\n<\/div>\n<div class=\"editor-block-list__layout\">\n<div id=\"block-f8461422-19c1-4cc2-98da-b244eb03f19c\" class=\"wp-block editor-block-list__block\" tabindex=\"0\" data-type=\"core\/image\" aria-label=\"Bloc&nbsp;: Image\">\n<div class=\"editor-block-list__block-edit\">\n<div data-block=\"f8461422-19c1-4cc2-98da-b244eb03f19c\">\n<figure class=\"wp-block-image\">\n<div class=\"components-resizable-box__container\">&nbsp;<\/div>\n<div class=\"__resizable_base__\">&nbsp;<\/div>\n<\/figure>\n<\/div>\n<\/div>\n<\/div>\n<div id=\"block-d8294ead-2937-4e60-a2cf-0aa9b7145eaf\" class=\"wp-block editor-block-list__block\" tabindex=\"0\" data-type=\"core\/paragraph\" aria-label=\"Bloc&nbsp;: Paragraphe\">\n<div class=\"editor-block-list__insertion-point\">\n<div class=\"editor-block-list__insertion-point-inserter\" tabindex=\"-1\">\n<div class=\"editor-inserter\">&nbsp;<\/div>\n<\/div>\n<\/div>\n<div class=\"components-drop-zone editor-block-drop-zone\">&nbsp;<\/div>\n<div class=\"editor-block-list__block-edit\">\n<div data-block=\"d8294ead-2937-4e60-a2cf-0aa9b7145eaf\">\n<div>\n<div class=\"editor-rich-text\">\n<div>\n<div>\n<div class=\"components-autocomplete\">\n<p class=\"wp-block-paragraph editor-rich-text__tinymce\" style=\"text-align: center;\" role=\"textbox\" contenteditable=\"true\" aria-label=\"Bloc paragraphe\" aria-autocomplete=\"list\" aria-multiline=\"true\" data-is-placeholder-visible=\"false\"><strong>Vous allez avoir acc\u00e8s \u00e0 tous les \u00e9v\u00e8nements du festival Blues en Aveyron pour 39\u20ac ! Sur toute la p\u00e9riode qui s&rsquo;\u00e9tale du 7 au 19 mai&#8230; Profitez-en d\u00e8s maintenant car ce nombre de Passes est limit\u00e9 ! Il seront disponibles dans les points de vente de l&rsquo;Aveyron ci-dessous d\u00e8s le 3 mars, mais Le Canard du pianiste vous offre la possibilit\u00e9 de le commander avant tout le monde en laissant un simple commentaire sur cet article avec votre adresse courriel (vous serez imm\u00e9diatement contact\u00e9).<\/strong><\/p>\n<\/div>\n<\/div>\n<\/div>\n<\/div>\n<\/div>\n<\/div>\n<\/div>\n<\/div>\n<div id=\"block-65867ef2-9f0d-4c8c-a535-c6eae93ff348\" class=\"wp-block editor-block-list__block\" tabindex=\"0\" data-type=\"core\/image\" aria-label=\"Bloc&nbsp;: Image\" data-align=\"center\" data-resized=\"true\">\n<div class=\"editor-block-list__insertion-point\">\n<div class=\"editor-block-list__insertion-point-inserter\" tabindex=\"-1\">\n<div class=\"editor-inserter\">&nbsp;<\/div>\n<\/div>\n<\/div>\n<div class=\"components-drop-zone editor-block-drop-zone\">&nbsp;<\/div>\n<div class=\"editor-block-list__block-edit\">\n<div data-block=\"65867ef2-9f0d-4c8c-a535-c6eae93ff348\">\n<figure class=\"wp-block-image is-resized\">\n<div>\n<div class=\"components-resizable-box__container\"><img data-recalc-dims=\"1\" decoding=\"async\" src=\"https:\/\/i0.wp.com\/www.fabriceeulry-laboutique.com\/blog\/wp-content\/uploads\/2019\/02\/pass.png?w=640\" alt=\"L\u2019attribut alt de cette image est vide, son nom de fichier est pass.png.\"><\/div>\n<div class=\"__resizable_base__\">&nbsp;<\/div>\n<\/div>\n<\/figure>\n<\/div>\n<\/div>\n<\/div>\n<div id=\"block-4710ce27-640b-4495-9f27-778da1f02d72\" class=\"wp-block editor-block-list__block\" tabindex=\"0\" data-type=\"core\/paragraph\" aria-label=\"Bloc&nbsp;: Paragraphe\">\n<div class=\"editor-block-list__insertion-point\">\n<div class=\"editor-block-list__insertion-point-inserter\" tabindex=\"-1\">\n<div class=\"editor-inserter\">&nbsp;<\/div>\n<\/div>\n<\/div>\n<div class=\"components-drop-zone editor-block-drop-zone\">&nbsp;<\/div>\n<div class=\"editor-block-list__block-edit\">\n<div data-block=\"4710ce27-640b-4495-9f27-778da1f02d72\">\n<div>\n<div class=\"editor-rich-text\">\n<div>\n<div>\n<div class=\"components-autocomplete\">\n<p class=\"wp-block-paragraph editor-rich-text__tinymce\" role=\"textbox\" contenteditable=\"true\" aria-label=\"Bloc paragraphe\" aria-autocomplete=\"list\" aria-multiline=\"true\" data-is-placeholder-visible=\"false\"><strong>Les points de vente des billets et des pass&rsquo; :<\/strong><\/p>\n<\/div>\n<\/div>\n<\/div>\n<\/div>\n<\/div>\n<\/div>\n<\/div>\n<\/div>\n<div id=\"block-5066dfa4-ad7c-48a9-95b0-3806fee24fa0\" class=\"wp-block editor-block-list__block\" tabindex=\"0\" data-type=\"core\/paragraph\" aria-label=\"Bloc&nbsp;: Paragraphe\">\n<div class=\"editor-block-list__insertion-point\">\n<div class=\"editor-block-list__insertion-point-inserter\" tabindex=\"-1\">\n<div class=\"editor-inserter\">&nbsp;<\/div>\n<\/div>\n<\/div>\n<div class=\"components-drop-zone editor-block-drop-zone\">&nbsp;<\/div>\n<div class=\"editor-block-list__block-edit\">\n<div data-block=\"5066dfa4-ad7c-48a9-95b0-3806fee24fa0\">\n<div>\n<div class=\"editor-rich-text\">\n<div>\n<div>\n<div class=\"components-autocomplete\">\n<p class=\"wp-block-paragraph editor-rich-text__tinymce\" role=\"textbox\" contenteditable=\"true\" aria-label=\"Bloc paragraphe\" aria-autocomplete=\"list\" aria-multiline=\"true\" data-is-placeholder-visible=\"false\"><strong>Librairie Pont-virgule d&rsquo;Espalion, Maison de la presse de Bozouls, Maison du livre de Rodez. Offices de tourisme de Rignac, St Geniez, Ste Genevi\u00e8ve\/Argence (Puis ceux de Bozouls, Espalion, Estaing, \u00e0 partir du 1er avril) <\/strong><\/p>\n<\/div>\n<\/div>\n<\/div>\n<\/div>\n<\/div>\n<\/div>\n<\/div>\n<\/div>\n<div id=\"block-69eba9a1-4f27-4cbc-a5e5-74f0e1be162f\" class=\"wp-block editor-block-list__block\" tabindex=\"0\" data-type=\"core\/image\" aria-label=\"Bloc&nbsp;: Image\" data-align=\"center\" data-resized=\"false\">\n<div class=\"editor-block-list__block-edit\">\n<div data-block=\"69eba9a1-4f27-4cbc-a5e5-74f0e1be162f\">\n<figure class=\"wp-block-image\">\n<div class=\"components-resizable-box__container\">&nbsp;<\/div>\n<div class=\"__resizable_base__\">&nbsp;<\/div>\n<\/figure>\n<\/div>\n<\/div>\n<\/div>\n<div>\n<div class=\"wp-block editor-default-block-appender\" data-root-client-id=\"\">\n<div class=\"components-drop-zone editor-block-drop-zone is-appender\">&nbsp;<\/div>\n<div class=\"editor-inserter\">&nbsp;<\/div>\n<\/div>\n<\/div>\n<\/div>\n<\/div>\n<div class=\"editor-block-list__layout\">\n<div id=\"block-d635868f-5d5b-49d0-a332-463f07340a21\" class=\"wp-block editor-block-list__block\" tabindex=\"0\" data-type=\"core\/image\" aria-label=\"Bloc&nbsp;: Image\" data-align=\"center\" data-resized=\"false\">\n<div class=\"editor-block-list__insertion-point\">\n<div class=\"editor-block-list__insertion-point-inserter\" tabindex=\"-1\">\n<div class=\"editor-inserter\">&nbsp;<\/div>\n<\/div>\n<\/div>\n<div class=\"components-drop-zone editor-block-drop-zone\">&nbsp;<\/div>\n<div class=\"editor-block-list__block-edit\">\n<div data-block=\"d635868f-5d5b-49d0-a332-463f07340a21\">\n<figure class=\"wp-block-image\">\n<div>\n<div class=\"components-resizable-box__container\"><img data-recalc-dims=\"1\" decoding=\"async\" src=\"https:\/\/i0.wp.com\/www.fabriceeulry-laboutique.com\/blog\/wp-content\/uploads\/2019\/01\/Logo-Blues-en-Aveyron.png?w=640\" alt=\"L\u2019attribut alt de cette image est vide, son nom de fichier est Logo-Blues-en-Aveyron.png.\"><\/div>\n<div class=\"__resizable_base__\">&nbsp;<\/div>\n<\/div>\n<\/figure>\n<\/div>\n<\/div>\n<\/div>\n<div id=\"block-2d59bf24-0cd9-43be-be2e-386a563285a9\" class=\"wp-block editor-block-list__block\" tabindex=\"0\" data-type=\"core\/paragraph\" aria-label=\"Bloc&nbsp;: Paragraphe\">\n<div class=\"editor-block-list__insertion-point\">\n<div class=\"editor-block-list__insertion-point-inserter\" tabindex=\"-1\">\n<div class=\"editor-inserter\">&nbsp;<\/div>\n<\/div>\n<\/div>\n<div class=\"components-drop-zone editor-block-drop-zone\">&nbsp;<\/div>\n<div class=\"editor-block-list__block-edit\">\n<div data-block=\"2d59bf24-0cd9-43be-be2e-386a563285a9\">\n<div>\n<div class=\"editor-rich-text\">\n<div>\n<div>\n<div class=\"components-autocomplete\">\n<p class=\"wp-block-paragraph editor-rich-text__tinymce\" role=\"textbox\" contenteditable=\"true\" aria-label=\"Bloc paragraphe\" aria-autocomplete=\"list\" aria-multiline=\"true\" data-is-placeholder-visible=\"false\"><strong>Chers amis du blues,<br>L&rsquo;association Blues en Aveyron a d\u00e9j\u00e0 \u00e0 son actif deux \u00e9ditions du festival BLUES EN AVEYRON. <\/strong><\/p>\n<\/div>\n<\/div>\n<\/div>\n<\/div>\n<\/div>\n<\/div>\n<\/div>\n<\/div>\n<div id=\"block-51283a60-ef27-40f8-934b-e6122d201e61\" class=\"wp-block editor-block-list__block\" tabindex=\"0\" data-type=\"core\/paragraph\" aria-label=\"Bloc&nbsp;: Paragraphe\">\n<div class=\"editor-block-list__insertion-point\">\n<div class=\"editor-block-list__insertion-point-inserter\" tabindex=\"-1\">\n<div class=\"editor-inserter\">&nbsp;<\/div>\n<\/div>\n<\/div>\n<div class=\"components-drop-zone editor-block-drop-zone\">&nbsp;<\/div>\n<div class=\"editor-block-list__block-edit\">\n<div data-block=\"51283a60-ef27-40f8-934b-e6122d201e61\">\n<div>\n<div class=\"editor-rich-text\">\n<div>\n<div>\n<div class=\"components-autocomplete\">\n<p class=\"wp-block-paragraph editor-rich-text__tinymce\" role=\"textbox\" contenteditable=\"true\" aria-label=\"Bloc paragraphe\" aria-autocomplete=\"list\" aria-multiline=\"true\" data-is-placeholder-visible=\"false\"><strong>L&rsquo;adh\u00e9sion pour 2019 est de 20 \u20ac comme en 2018.<br>Mais vous pouvez aussi y adh\u00e9rer gratuitement !<br>En effet : le Festival BLUES EN AVEYRON 2019 se d\u00e9roule sur 13 jours. Et l&rsquo;association vous propose un PASSE de 39 \u20ac qui acc\u00e8s donne \u00e0&nbsp;TOUS&nbsp;les concerts du festival et vous dispense du prix de l&rsquo;adh\u00e9sion !<br>De plus votre adh\u00e9sion vous donnera \u00e9galement droit, entre autres, \u00e0 une entr\u00e9e gratuite au cin\u00e9ma le REX d&rsquo;Espalion le 12 avril, lors de la projection des Blues Brothers, qui sera pr\u00e9c\u00e9d\u00e9e d&rsquo;une conf\u00e9rence de presse et suivie d&rsquo;un pot d\u00eenatoire.<br>Pour adh\u00e9rer il vous suffit d&rsquo;envoyer un ch\u00e8que de 20 \u20ac (ou 39\u20ac pour le PASSE festival 2019) \u00e0 l&rsquo;ordre de Blues en Aveyron, d\u00fbment rempli \u00e0 l&rsquo;adresse suivante (en mentionnant votre adresse courriel) :<br><\/strong><\/p>\n<\/div>\n<\/div>\n<\/div>\n<\/div>\n<\/div>\n<\/div>\n<\/div>\n<\/div>\n<div id=\"block-0774ecfe-f7fc-4068-86d1-0715f87574f9\" class=\"wp-block editor-block-list__block\" tabindex=\"0\" data-type=\"core\/paragraph\" aria-label=\"Bloc&nbsp;: Paragraphe\">\n<div class=\"editor-block-list__insertion-point\">\n<div class=\"editor-block-list__insertion-point-inserter\" tabindex=\"-1\">\n<div class=\"editor-inserter\">&nbsp;<\/div>\n<\/div>\n<\/div>\n<div class=\"components-drop-zone editor-block-drop-zone\">&nbsp;<\/div>\n<div class=\"editor-block-list__block-edit\">\n<div data-block=\"0774ecfe-f7fc-4068-86d1-0715f87574f9\">\n<div>\n<div class=\"editor-rich-text\">\n<div>\n<div>\n<div class=\"components-autocomplete\">\n<p class=\"wp-block-paragraph editor-rich-text__tinymce\" role=\"textbox\" contenteditable=\"true\" aria-label=\"Bloc paragraphe\" aria-autocomplete=\"list\" aria-multiline=\"true\" data-is-placeholder-visible=\"false\"><strong>BLUES EN AVEYRON <\/strong><\/p>\n<\/div>\n<\/div>\n<\/div>\n<\/div>\n<\/div>\n<\/div>\n<\/div>\n<\/div>\n<div id=\"block-da39983b-3fc4-4845-867c-80ae0cc0c998\" class=\"wp-block editor-block-list__block\" tabindex=\"0\" data-type=\"core\/paragraph\" aria-label=\"Bloc&nbsp;: Paragraphe\">\n<div class=\"editor-block-list__insertion-point\">\n<div class=\"editor-block-list__insertion-point-inserter\" tabindex=\"-1\">\n<div class=\"editor-inserter\">&nbsp;<\/div>\n<\/div>\n<\/div>\n<div class=\"components-drop-zone editor-block-drop-zone\">&nbsp;<\/div>\n<div class=\"editor-block-list__block-edit\">\n<div data-block=\"da39983b-3fc4-4845-867c-80ae0cc0c998\">\n<div>\n<div class=\"editor-rich-text\">\n<div>\n<div>\n<div class=\"components-autocomplete\">\n<p class=\"wp-block-paragraph editor-rich-text__tinymce\" role=\"textbox\" contenteditable=\"true\" aria-label=\"Bloc paragraphe\" aria-autocomplete=\"list\" aria-multiline=\"true\" data-is-placeholder-visible=\"false\"><strong>46 RUE DE L&rsquo;ANCIENNE MAIRIE<\/strong><\/p>\n<\/div>\n<\/div>\n<\/div>\n<\/div>\n<\/div>\n<\/div>\n<\/div>\n<\/div>\n<div id=\"block-b74c5255-be17-4e3c-bf1b-e5cfbd2557cf\" class=\"wp-block editor-block-list__block\" tabindex=\"0\" data-type=\"core\/paragraph\" aria-label=\"Bloc&nbsp;: Paragraphe\">\n<div class=\"editor-block-list__insertion-point\">\n<div class=\"editor-block-list__insertion-point-inserter\" tabindex=\"-1\">\n<div class=\"editor-inserter\">&nbsp;<\/div>\n<\/div>\n<\/div>\n<div class=\"components-drop-zone editor-block-drop-zone\">&nbsp;<\/div>\n<div class=\"editor-block-list__block-edit\">\n<div data-block=\"b74c5255-be17-4e3c-bf1b-e5cfbd2557cf\">\n<div>\n<div class=\"editor-rich-text\">\n<div>\n<div>\n<div class=\"components-autocomplete\">\n<p class=\"wp-block-paragraph editor-rich-text__tinymce\" role=\"textbox\" contenteditable=\"true\" aria-label=\"Bloc paragraphe\" aria-autocomplete=\"list\" aria-multiline=\"true\" data-is-placeholder-visible=\"false\"><strong>92 100 BOULOGNE-BILLANCOURT<br>Vous recevrez votre carte d&rsquo;adh\u00e9rent par retour de courriel<\/strong><\/p>\n<\/div>\n<\/div>\n<\/div>\n<\/div>\n<\/div>\n<\/div>\n<\/div>\n<\/div>\n<div id=\"block-db9389e1-66e0-446d-b4f4-b6f19f253e75\" class=\"wp-block editor-block-list__block\" tabindex=\"0\" data-type=\"core\/paragraph\" aria-label=\"Bloc&nbsp;: Paragraphe\">\n<div class=\"editor-block-list__insertion-point\">\n<div class=\"editor-block-list__insertion-point-inserter\" tabindex=\"-1\">\n<div class=\"editor-inserter\">&nbsp;<\/div>\n<\/div>\n<\/div>\n<div class=\"components-drop-zone editor-block-drop-zone\">&nbsp;<\/div>\n<div class=\"editor-block-list__block-edit\">\n<div data-block=\"db9389e1-66e0-446d-b4f4-b6f19f253e75\">\n<div>\n<div class=\"editor-rich-text\">\n<div>\n<div>\n<div class=\"components-autocomplete\">\n<p class=\"wp-block-paragraph editor-rich-text__tinymce\" role=\"textbox\" contenteditable=\"true\" aria-label=\"Bloc paragraphe\" aria-autocomplete=\"list\" aria-multiline=\"true\" data-is-placeholder-visible=\"false\"><strong>PROGRAMME DU FESTIVAL : <\/strong><\/p>\n<\/div>\n<\/div>\n<\/div>\n<\/div>\n<\/div>\n<\/div>\n<\/div>\n<\/div>\n<div id=\"block-0d8b3f09-6bc4-43fc-9a82-3f04cebaa8bb\" class=\"wp-block editor-block-list__block\" tabindex=\"0\" data-type=\"core\/paragraph\" aria-label=\"Bloc&nbsp;: Paragraphe\">\n<div class=\"editor-block-list__insertion-point\">\n<div class=\"editor-block-list__insertion-point-inserter\" tabindex=\"-1\">\n<div class=\"editor-inserter\">&nbsp;<\/div>\n<\/div>\n<\/div>\n<div class=\"components-drop-zone editor-block-drop-zone\">&nbsp;<\/div>\n<div class=\"editor-block-list__block-edit\">\n<div data-block=\"0d8b3f09-6bc4-43fc-9a82-3f04cebaa8bb\">\n<div>\n<div class=\"editor-rich-text\">\n<div>\n<div>\n<div class=\"components-autocomplete\">\n<p class=\"wp-block-paragraph editor-rich-text__tinymce\" role=\"textbox\" contenteditable=\"true\" aria-label=\"Bloc paragraphe\" aria-autocomplete=\"list\" aria-multiline=\"true\" data-is-placeholder-visible=\"false\"><strong>Mardi 7 MAI : FABRICE EULRY&nbsp;<\/strong><\/p>\n<\/div>\n<\/div>\n<\/div>\n<\/div>\n<\/div>\n<\/div>\n<\/div>\n<\/div>\n<div id=\"block-ff96a11e-82af-4282-84c9-4320a13c8fef\" class=\"wp-block editor-block-list__block\" tabindex=\"0\" data-type=\"core\/paragraph\" aria-label=\"Bloc&nbsp;: Paragraphe\">\n<div class=\"editor-block-list__insertion-point\">\n<div class=\"editor-block-list__insertion-point-inserter\" tabindex=\"-1\">\n<div class=\"editor-inserter\">&nbsp;<\/div>\n<\/div>\n<\/div>\n<div class=\"components-drop-zone editor-block-drop-zone\">&nbsp;<\/div>\n<div class=\"editor-block-list__block-edit\">\n<div data-block=\"ff96a11e-82af-4282-84c9-4320a13c8fef\">\n<div>\n<div class=\"editor-rich-text\">\n<div>\n<div>\n<div class=\"components-autocomplete\">\n<p class=\"wp-block-paragraph editor-rich-text__tinymce\" role=\"textbox\" contenteditable=\"true\" aria-label=\"Bloc paragraphe\" aria-autocomplete=\"list\" aria-multiline=\"true\" data-is-placeholder-visible=\"false\"><strong>R\u00e9cital Blues,&nbsp;Boogie-woogie.&nbsp;20h30&nbsp;<\/strong><\/p>\n<\/div>\n<\/div>\n<\/div>\n<\/div>\n<\/div>\n<\/div>\n<\/div>\n<\/div>\n<div id=\"block-b2ab51f0-830e-44e3-9703-db16cd7c661b\" class=\"wp-block editor-block-list__block\" tabindex=\"0\" data-type=\"core\/paragraph\" aria-label=\"Bloc&nbsp;: Paragraphe\">\n<div class=\"editor-block-list__insertion-point\">\n<div class=\"editor-block-list__insertion-point-inserter\" tabindex=\"-1\">\n<div class=\"editor-inserter\">&nbsp;<\/div>\n<\/div>\n<\/div>\n<div class=\"components-drop-zone editor-block-drop-zone\">&nbsp;<\/div>\n<div class=\"editor-block-list__block-edit\">\n<div data-block=\"b2ab51f0-830e-44e3-9703-db16cd7c661b\">\n<div>\n<div class=\"editor-rich-text\">\n<div>\n<div>\n<div class=\"components-autocomplete\">\n<p class=\"wp-block-paragraph editor-rich-text__tinymce\" role=\"textbox\" contenteditable=\"true\" aria-label=\"Bloc paragraphe\" aria-autocomplete=\"list\" aria-multiline=\"true\" data-is-placeholder-visible=\"false\"><strong>Centre Europ\u00e9en de Conques<br>12320 CONQUES-EN-ROUERGUE<br>R\u00e9servations :<br><\/strong><a href=\"http:\/\/centre-europeen.com\/\" target=\"_blank\" rel=\"noreferrer noopener\"><strong>www.centre-europeen.com<\/strong><\/a><\/p>\n<\/div>\n<\/div>\n<\/div>\n<\/div>\n<\/div>\n<\/div>\n<\/div>\n<\/div>\n<div id=\"block-7cc538f3-275d-487c-99c7-fcdc5027122c\" class=\"wp-block editor-block-list__block\" tabindex=\"0\" data-type=\"core\/image\" aria-label=\"Bloc&nbsp;: Image\">\n<div class=\"editor-block-list__insertion-point\">\n<div class=\"editor-block-list__insertion-point-inserter\" tabindex=\"-1\">\n<div class=\"editor-inserter\">&nbsp;<\/div>\n<\/div>\n<\/div>\n<div class=\"components-drop-zone editor-block-drop-zone\">&nbsp;<\/div>\n<div class=\"editor-block-list__block-edit\">\n<div data-block=\"7cc538f3-275d-487c-99c7-fcdc5027122c\">\n<figure class=\"wp-block-image\">\n<div>\n<div class=\"components-resizable-box__container\"><img data-recalc-dims=\"1\" decoding=\"async\" src=\"https:\/\/i0.wp.com\/www.fabriceeulry-laboutique.com\/blog\/wp-content\/uploads\/2018\/07\/DEC10.png?w=640\" alt=\"L\u2019attribut alt de cette image est vide, son nom de fichier est DEC10.png.\"><\/div>\n<div class=\"__resizable_base__\">&nbsp;<\/div>\n<\/div>\n<div class=\"editor-rich-text\">\n<div class=\"editor-rich-text\">\n<div>\n<div>\n<div class=\"components-autocomplete\">&nbsp;<\/div>\n<\/div>\n<\/div>\n<\/div>\n<\/div><figcaption class=\"editor-rich-text__tinymce\" role=\"textbox\" contenteditable=\"true\" aria-label=\"R\u00e9digez la l\u00e9gende\u2026\" aria-autocomplete=\"list\" aria-multiline=\"true\" data-is-placeholder-visible=\"false\"><strong>\u00c9galement le m\u00eame soir : bal de soutien \u00e0 la salle de Saint-Geniez avec DUO \u00c0 DEUX.<\/strong><\/figcaption><div class=\"editor-rich-text\">\n<div>\n<div>\n<div class=\"components-autocomplete\">&nbsp;<\/div>\n<\/div>\n<\/div>\n<\/div>\n<\/figure>\n<\/div>\n<\/div>\n<\/div>\n<div id=\"block-e0d16469-b62f-4b66-a64d-c7cc58f104b1\" class=\"wp-block editor-block-list__block\" tabindex=\"0\" data-type=\"core\/paragraph\" aria-label=\"Bloc&nbsp;: Paragraphe\">\n<div class=\"editor-block-list__insertion-point\">\n<div class=\"editor-block-list__insertion-point-inserter\" tabindex=\"-1\">\n<div class=\"editor-inserter\">&nbsp;<\/div>\n<\/div>\n<\/div>\n<div class=\"components-drop-zone editor-block-drop-zone\">&nbsp;<\/div>\n<div class=\"editor-block-list__block-edit\">\n<div data-block=\"e0d16469-b62f-4b66-a64d-c7cc58f104b1\">\n<div>\n<div class=\"editor-rich-text\">\n<div>\n<div>\n<div class=\"components-autocomplete\">&nbsp;<\/div>\n<\/div>\n<\/div>\n<\/div>\n<\/div>\n<\/div>\n<\/div>\n<\/div>\n<div id=\"block-d0efeb80-96af-4e15-9bbc-889841cf47d6\" class=\"wp-block editor-block-list__block\" tabindex=\"0\" data-type=\"core\/paragraph\" aria-label=\"Bloc&nbsp;: Paragraphe\">\n<div class=\"editor-block-list__insertion-point\">\n<div class=\"editor-block-list__insertion-point-inserter\" tabindex=\"-1\">\n<div class=\"editor-inserter\">&nbsp;<\/div>\n<\/div>\n<\/div>\n<div class=\"components-drop-zone editor-block-drop-zone\">&nbsp;<\/div>\n<div class=\"editor-block-list__block-edit\">\n<div data-block=\"d0efeb80-96af-4e15-9bbc-889841cf47d6\">\n<div>\n<div class=\"editor-rich-text\">\n<div>\n<div>\n<div class=\"components-autocomplete\">\n<p class=\"wp-block-paragraph editor-rich-text__tinymce\" role=\"textbox\" contenteditable=\"true\" aria-label=\"Bloc paragraphe\" aria-autocomplete=\"list\" aria-multiline=\"true\" data-is-placeholder-visible=\"false\"><strong>Mercredi 8 MAI : TROPH\u00c9ES DU BLUES de 16h \u00e0 23h. Entr\u00e9e libre avant 18h45 puis entr\u00e9e \u00e0 15\u20ac. <\/strong><\/p>\n<\/div>\n<\/div>\n<\/div>\n<\/div>\n<\/div>\n<\/div>\n<\/div>\n<\/div>\n<div id=\"block-2e2dde16-fc32-44c2-bfbb-084143896f60\" class=\"wp-block editor-block-list__block\" tabindex=\"0\" data-type=\"core\/image\" aria-label=\"Bloc&nbsp;: Image\" data-align=\"center\" data-resized=\"false\">\n<div class=\"editor-block-list__insertion-point\">\n<div class=\"editor-block-list__insertion-point-inserter\" tabindex=\"-1\">\n<div class=\"editor-inserter\">&nbsp;<\/div>\n<\/div>\n<\/div>\n<div class=\"components-drop-zone editor-block-drop-zone\">&nbsp;<\/div>\n<div class=\"editor-block-list__block-edit\">\n<div data-block=\"2e2dde16-fc32-44c2-bfbb-084143896f60\">\n<figure class=\"wp-block-image\">\n<div>\n<div class=\"components-resizable-box__container\"><img data-recalc-dims=\"1\" decoding=\"async\" src=\"https:\/\/i0.wp.com\/www.fabriceeulry-laboutique.com\/blog\/wp-content\/uploads\/2018\/05\/argence4.png?w=640\" alt=\"argence4\"><\/div>\n<div class=\"__resizable_base__\">&nbsp;<\/div>\n<\/div>\n<div class=\"editor-rich-text\">\n<div class=\"editor-rich-text\">\n<div>\n<div>\n<div class=\"components-autocomplete\">&nbsp;<\/div>\n<\/div>\n<\/div>\n<\/div>\n<\/div>\n<figcaption class=\"editor-rich-text__tinymce\" role=\"textbox\" contenteditable=\"true\" aria-label=\"R\u00e9digez la l\u00e9gende\u2026\" aria-autocomplete=\"list\" aria-multiline=\"true\" data-is-placeholder-visible=\"false\"><strong>Troph\u00e9es du blues : salle Poulenc Espalion de 16h \u00e0 22h.30. Auditions-coucours de blues l&rsquo;apr\u00e8s-midi, chorale blues des enfants de Bozouls, \u00e9l\u00e8ves de la section multii-arts du coll\u00e8ge Denayrouze et du lyc\u00e9e Immacul\u00e9e conception. Remise des prix \u00e0 20h30 et Concert du soir avec Fred Bonnet et le big band d&rsquo;Espalion. Invit\u00e9 sp\u00e9cial : Daniel Huck. Tarif unique 15 \u20ac (gratuit pour toute entr\u00e9e avant 18h45). Buffet sur place.<\/strong><\/figcaption>\n<div class=\"editor-rich-text\">\n<div>\n<div>\n<div class=\"components-autocomplete\">&nbsp;<\/div>\n<\/div>\n<\/div>\n<\/div>\n<\/figure>\n<\/div>\n<\/div>\n<\/div>\n<div id=\"block-63899453-27ea-424e-a242-ac4a907a4235\" class=\"wp-block editor-block-list__block\" tabindex=\"0\" data-type=\"core\/paragraph\" aria-label=\"Bloc&nbsp;: Paragraphe\">\n<div class=\"editor-block-list__insertion-point\">\n<div class=\"editor-block-list__insertion-point-inserter\" tabindex=\"-1\">\n<div class=\"editor-inserter\">&nbsp;<\/div>\n<\/div>\n<\/div>\n<div class=\"components-drop-zone editor-block-drop-zone\">&nbsp;<\/div>\n<div class=\"editor-block-list__block-edit\">\n<div data-block=\"63899453-27ea-424e-a242-ac4a907a4235\">\n<div>\n<div class=\"editor-rich-text\">\n<div>\n<div>\n<div class=\"components-autocomplete\">\n<p class=\"wp-block-paragraph editor-rich-text__tinymce\" role=\"textbox\" contenteditable=\"true\" aria-label=\"Bloc paragraphe\" aria-autocomplete=\"list\" aria-multiline=\"true\" data-is-placeholder-visible=\"false\"><strong>Jeudi 9 MAI&nbsp;:&nbsp;CISCO HERZAFT&nbsp;<\/strong><\/p>\n<\/div>\n<\/div>\n<\/div>\n<\/div>\n<\/div>\n<\/div>\n<\/div>\n<\/div>\n<div id=\"block-521d8bc2-3983-45b4-b285-715827e680aa\" class=\"wp-block editor-block-list__block\" tabindex=\"0\" data-type=\"core\/paragraph\" aria-label=\"Bloc&nbsp;: Paragraphe\">\n<div class=\"editor-block-list__insertion-point\">\n<div class=\"editor-block-list__insertion-point-inserter\" tabindex=\"-1\">\n<div class=\"editor-inserter\">&nbsp;<\/div>\n<\/div>\n<\/div>\n<div class=\"components-drop-zone editor-block-drop-zone\">&nbsp;<\/div>\n<div class=\"editor-block-list__block-edit\">\n<div data-block=\"521d8bc2-3983-45b4-b285-715827e680aa\">\n<div>\n<div class=\"editor-rich-text\">\n<div>\n<div>\n<div class=\"components-autocomplete\">\n<p class=\"wp-block-paragraph editor-rich-text__tinymce\" role=\"textbox\" contenteditable=\"true\" aria-label=\"Bloc paragraphe\" aria-autocomplete=\"list\" aria-multiline=\"true\" data-is-placeholder-visible=\"false\"><strong>Conf\u00e9rence-concert sur le blues<\/strong><\/p>\n<\/div>\n<\/div>\n<\/div>\n<\/div>\n<\/div>\n<\/div>\n<\/div>\n<\/div>\n<div id=\"block-ec761c8f-afb1-4b69-b013-542b787af4a5\" class=\"wp-block editor-block-list__block\" tabindex=\"0\" data-type=\"core\/paragraph\" aria-label=\"Bloc&nbsp;: Paragraphe\">\n<div class=\"editor-block-list__insertion-point\">\n<div class=\"editor-block-list__insertion-point-inserter\" tabindex=\"-1\">\n<div class=\"editor-inserter\">&nbsp;<\/div>\n<\/div>\n<\/div>\n<div class=\"components-drop-zone editor-block-drop-zone\">&nbsp;<\/div>\n<div class=\"editor-block-list__block-edit\">\n<div data-block=\"ec761c8f-afb1-4b69-b013-542b787af4a5\">\n<div>\n<div class=\"editor-rich-text\">\n<div>\n<div>\n<div class=\"components-autocomplete\">\n<p class=\"wp-block-paragraph editor-rich-text__tinymce\" role=\"textbox\" contenteditable=\"true\" aria-label=\"Bloc paragraphe\" aria-autocomplete=\"list\" aria-multiline=\"true\" data-is-placeholder-visible=\"false\"><strong>Salle de Ste Genevi\u00e8ve sur Argence&nbsp;20h30&nbsp;Tarif&nbsp;:&nbsp;15 \u20ac<\/strong><\/p>\n<\/div>\n<\/div>\n<\/div>\n<\/div>\n<\/div>\n<\/div>\n<\/div>\n<\/div>\n<div id=\"block-6f18187b-2fae-4702-85e0-423f6f0708f9\" class=\"wp-block editor-block-list__block\" tabindex=\"0\" data-type=\"core\/image\" aria-label=\"Bloc&nbsp;: Image\">\n<div class=\"editor-block-list__insertion-point\">\n<div class=\"editor-block-list__insertion-point-inserter\" tabindex=\"-1\">\n<div class=\"editor-inserter\">&nbsp;<\/div>\n<\/div>\n<\/div>\n<div class=\"components-drop-zone editor-block-drop-zone\">&nbsp;<\/div>\n<div class=\"editor-block-list__block-edit\">\n<div data-block=\"6f18187b-2fae-4702-85e0-423f6f0708f9\">\n<figure class=\"wp-block-image\">\n<div>\n<div class=\"components-resizable-box__container\"><img data-recalc-dims=\"1\" decoding=\"async\" src=\"https:\/\/i0.wp.com\/www.fabriceeulry-laboutique.com\/blog\/wp-content\/uploads\/2019\/01\/cisco.png?w=640\" alt=\"L\u2019attribut alt de cette image est vide, son nom de fichier est cisco.png.\"><\/div>\n<div class=\"__resizable_base__\">&nbsp;<\/div>\n<\/div>\n<\/figure>\n<\/div>\n<\/div>\n<\/div>\n<div id=\"block-114abe0c-ab77-4d59-946a-0d1b44ff8fac\" class=\"wp-block editor-block-list__block\" tabindex=\"0\" data-type=\"core\/heading\" aria-label=\"Bloc&nbsp;: Titre\">\n<div class=\"editor-block-list__insertion-point\">\n<div class=\"editor-block-list__insertion-point-inserter\" tabindex=\"-1\">\n<div class=\"editor-inserter\">&nbsp;<\/div>\n<\/div>\n<\/div>\n<div class=\"components-drop-zone editor-block-drop-zone\">&nbsp;<\/div>\n<div class=\"editor-block-list__block-edit\">\n<div data-block=\"114abe0c-ab77-4d59-946a-0d1b44ff8fac\">\n<div class=\"wp-block-heading editor-rich-text\">\n<div>\n<div>\n<div class=\"components-autocomplete\">\n<h3 class=\"editor-rich-text__tinymce\" role=\"textbox\" contenteditable=\"true\" aria-label=\"R\u00e9digez un titre\u2026\" aria-autocomplete=\"list\" aria-multiline=\"true\" data-is-placeholder-visible=\"false\">&nbsp;<\/h3>\n<\/div>\n<\/div>\n<\/div>\n<\/div>\n<\/div>\n<\/div>\n<\/div>\n<div id=\"block-2c12e571-7963-4698-8ce2-0f18e751fb1f\" class=\"wp-block editor-block-list__block\" tabindex=\"0\" data-type=\"core\/paragraph\" aria-label=\"Bloc&nbsp;: Paragraphe\">\n<div class=\"editor-block-list__insertion-point\">\n<div class=\"editor-block-list__insertion-point-inserter\" tabindex=\"-1\">\n<div class=\"editor-inserter\">&nbsp;<\/div>\n<\/div>\n<\/div>\n<div class=\"components-drop-zone editor-block-drop-zone\">&nbsp;<\/div>\n<div class=\"editor-block-list__block-edit\">\n<div data-block=\"2c12e571-7963-4698-8ce2-0f18e751fb1f\">\n<div>\n<div class=\"editor-rich-text\">\n<div>\n<div>\n<div class=\"components-autocomplete\">\n<p class=\"wp-block-paragraph editor-rich-text__tinymce\" role=\"textbox\" contenteditable=\"true\" aria-label=\"Bloc paragraphe\" aria-autocomplete=\"list\" aria-multiline=\"true\" data-is-placeholder-visible=\"false\"><strong>vendredi 10 mai : JACKY MILLIET, FABRICE EULRY invitent Daniel Huck<\/strong><\/p>\n<\/div>\n<\/div>\n<\/div>\n<\/div>\n<\/div>\n<\/div>\n<\/div>\n<\/div>\n<div id=\"block-157713da-99ec-4b28-8a54-130928142af0\" class=\"wp-block editor-block-list__block\" tabindex=\"0\" data-type=\"core\/paragraph\" aria-label=\"Bloc&nbsp;: Paragraphe\">\n<div class=\"editor-block-list__insertion-point\">\n<div class=\"editor-block-list__insertion-point-inserter\" tabindex=\"-1\">\n<div class=\"editor-inserter\">&nbsp;<\/div>\n<\/div>\n<\/div>\n<div class=\"components-drop-zone editor-block-drop-zone\">&nbsp;<\/div>\n<div class=\"editor-block-list__block-edit\">\n<div data-block=\"157713da-99ec-4b28-8a54-130928142af0\">\n<div>\n<div class=\"editor-rich-text\">\n<div>\n<div>\n<div class=\"components-autocomplete\">\n<p class=\"wp-block-paragraph editor-rich-text__tinymce\" role=\"textbox\" contenteditable=\"true\" aria-label=\"Bloc paragraphe\" aria-autocomplete=\"list\" aria-multiline=\"true\" data-is-placeholder-visible=\"false\"><strong>Salle des f\u00eates Graissac&nbsp;20h30&nbsp;Tarif&nbsp;:&nbsp;15 \u20ac<\/strong><\/p>\n<\/div>\n<\/div>\n<\/div>\n<\/div>\n<\/div>\n<\/div>\n<\/div>\n<\/div>\n<div id=\"block-6ba3e3fb-6376-4f85-9b09-bfffeb2022b8\" class=\"wp-block editor-block-list__block\" tabindex=\"0\" data-type=\"core\/image\" aria-label=\"Bloc&nbsp;: Image\" data-align=\"center\" data-resized=\"false\">\n<div class=\"editor-block-list__insertion-point\">\n<div class=\"editor-block-list__insertion-point-inserter\" tabindex=\"-1\">\n<div class=\"editor-inserter\">&nbsp;<\/div>\n<\/div>\n<\/div>\n<div class=\"components-drop-zone editor-block-drop-zone\">&nbsp;<\/div>\n<div class=\"editor-block-list__block-edit\">\n<div data-block=\"6ba3e3fb-6376-4f85-9b09-bfffeb2022b8\">\n<figure class=\"wp-block-image\">\n<div class=\"components-resizable-box__container\">&nbsp;<\/div>\n<div class=\"__resizable_base__\">&nbsp;<\/div>\n<\/figure>\n<\/div>\n<\/div>\n<\/div>\n<div id=\"block-ecb26c58-85de-444a-85a1-36b9dcdf179f\" class=\"wp-block editor-block-list__block\" tabindex=\"0\" data-type=\"core\/paragraph\" aria-label=\"Bloc&nbsp;: Paragraphe\">\n<div class=\"editor-block-list__block-edit\">\n<div data-block=\"ecb26c58-85de-444a-85a1-36b9dcdf179f\">\n<div>\n<div class=\"editor-rich-text\">\n<div>\n<div>\n<div class=\"components-autocomplete\">\n<p class=\"wp-block-paragraph editor-rich-text__tinymce\" role=\"textbox\" contenteditable=\"true\" aria-label=\"Bloc paragraphe\" aria-autocomplete=\"list\" aria-multiline=\"true\" data-is-placeholder-visible=\"false\"><strong>samedi 11 MAI<\/strong><\/p>\n<\/div>\n<\/div>\n<\/div>\n<\/div>\n<\/div>\n<\/div>\n<\/div>\n<\/div>\n<div id=\"block-5494a7c7-cc5e-45b1-8ec6-3cc6ee4d2d58\" class=\"wp-block editor-block-list__block\" tabindex=\"0\" data-type=\"core\/list\" aria-label=\"Bloc&nbsp;: Liste\">\n<div class=\"editor-block-list__insertion-point\">\n<div class=\"editor-block-list__insertion-point-inserter\" tabindex=\"-1\">\n<div class=\"editor-inserter\">&nbsp;<\/div>\n<\/div>\n<\/div>\n<div class=\"components-drop-zone editor-block-drop-zone\">&nbsp;<\/div>\n<div class=\"editor-block-list__block-edit\">\n<div data-block=\"5494a7c7-cc5e-45b1-8ec6-3cc6ee4d2d58\">\n<div class=\"block-library-list editor-rich-text\">\n<div>\n<div>\n<div class=\"components-autocomplete\">\n<ul class=\"editor-rich-text__tinymce\" role=\"textbox\" contenteditable=\"true\" aria-label=\"R\u00e9digez une liste\u2026\" aria-autocomplete=\"list\" aria-multiline=\"true\" data-is-placeholder-visible=\"false\">\n<li><strong>Eric Luter quartet, invit\u00e9 sp\u00e9cial : Jacky Milliet : Premi\u00e8re partie avec les laur\u00e9ats de Blues en Aveyron 2018. 20h30. Tarif 15 \u20ac<\/strong><\/li>\n<\/ul>\n<\/div>\n<\/div>\n<\/div>\n<\/div>\n<\/div>\n<\/div>\n<\/div>\n<div id=\"block-c6df1396-bb2d-48d7-97ed-905086e6422b\" class=\"wp-block editor-block-list__block\" tabindex=\"0\" data-type=\"core\/paragraph\" aria-label=\"Bloc&nbsp;: Paragraphe\">\n<div class=\"editor-block-list__insertion-point\">\n<div class=\"editor-block-list__insertion-point-inserter\" tabindex=\"-1\">\n<div class=\"editor-inserter\">&nbsp;<\/div>\n<\/div>\n<\/div>\n<div class=\"components-drop-zone editor-block-drop-zone\">&nbsp;<\/div>\n<div class=\"editor-block-list__block-edit\">\n<div data-block=\"c6df1396-bb2d-48d7-97ed-905086e6422b\">\n<div>\n<div class=\"editor-rich-text\">\n<div>\n<div>\n<div class=\"components-autocomplete\">\n<p class=\"wp-block-paragraph editor-rich-text__tinymce\" role=\"textbox\" contenteditable=\"true\" aria-label=\"Bloc paragraphe\" aria-autocomplete=\"list\" aria-multiline=\"true\" data-is-placeholder-visible=\"false\"><strong>Dimanche 12 MAI<\/strong><\/p>\n<\/div>\n<\/div>\n<\/div>\n<\/div>\n<\/div>\n<\/div>\n<\/div>\n<\/div>\n<div id=\"block-acaec021-cc04-42f2-bddf-de081369ef25\" class=\"wp-block editor-block-list__block\" tabindex=\"0\" data-type=\"core\/image\" aria-label=\"Bloc&nbsp;: Image\" data-align=\"center\" data-resized=\"false\">\n<div class=\"editor-block-list__insertion-point\">\n<div class=\"editor-block-list__insertion-point-inserter\" tabindex=\"-1\">\n<div class=\"editor-inserter\">&nbsp;<\/div>\n<\/div>\n<\/div>\n<div class=\"components-drop-zone editor-block-drop-zone\">&nbsp;<\/div>\n<div class=\"editor-block-list__block-edit\">\n<div data-block=\"acaec021-cc04-42f2-bddf-de081369ef25\">\n<figure class=\"wp-block-image\">\n<div>\n<div class=\"components-resizable-box__container\"><img data-recalc-dims=\"1\" decoding=\"async\" src=\"https:\/\/i0.wp.com\/www.fabriceeulry-laboutique.com\/blog\/wp-content\/uploads\/2019\/01\/manso-affiche.png?w=640\" alt=\"L\u2019attribut alt de cette image est vide, son nom de fichier est manso-affiche.png.\"><\/div>\n<div class=\"__resizable_base__\">&nbsp;<\/div>\n<\/div>\n<\/figure>\n<\/div>\n<\/div>\n<\/div>\n<div id=\"block-b132ba61-e921-4755-876b-6034ca5c4a1a\" class=\"wp-block editor-block-list__block\" tabindex=\"0\" data-type=\"core\/paragraph\" aria-label=\"Bloc&nbsp;: Paragraphe\">\n<div class=\"editor-block-list__insertion-point\">\n<div class=\"editor-block-list__insertion-point-inserter\" tabindex=\"-1\">\n<div class=\"editor-inserter\">&nbsp;<\/div>\n<\/div>\n<\/div>\n<div class=\"components-drop-zone editor-block-drop-zone\">&nbsp;<\/div>\n<div class=\"editor-block-list__block-edit\">\n<div data-block=\"b132ba61-e921-4755-876b-6034ca5c4a1a\">\n<div>\n<div class=\"editor-rich-text\">\n<div>\n<div>\n<div class=\"components-autocomplete\">\n<p class=\"wp-block-paragraph editor-rich-text__tinymce\" role=\"textbox\" contenteditable=\"true\" aria-label=\"Bloc paragraphe\" aria-autocomplete=\"list\" aria-multiline=\"true\" data-is-placeholder-visible=\"false\"><strong>Lundi 13 Mardi 14 MAI :<\/strong><\/p>\n<\/div>\n<\/div>\n<\/div>\n<\/div>\n<\/div>\n<\/div>\n<\/div>\n<\/div>\n<div id=\"block-b40cc7c5-2e58-4d0d-b701-4c45ff8fb3f3\" class=\"wp-block editor-block-list__block\" tabindex=\"0\" data-type=\"core\/paragraph\" aria-label=\"Bloc&nbsp;: Paragraphe\">\n<div class=\"editor-block-list__insertion-point\">\n<div class=\"editor-block-list__insertion-point-inserter\" tabindex=\"-1\">\n<div class=\"editor-inserter\">&nbsp;<\/div>\n<\/div>\n<\/div>\n<div class=\"components-drop-zone editor-block-drop-zone\">&nbsp;<\/div>\n<div class=\"editor-block-list__block-edit\">\n<div data-block=\"b40cc7c5-2e58-4d0d-b701-4c45ff8fb3f3\">\n<div>\n<div class=\"editor-rich-text\">\n<div>\n<div>\n<div class=\"components-autocomplete\">\n<p class=\"wp-block-paragraph editor-rich-text__tinymce\" role=\"textbox\" contenteditable=\"true\" aria-label=\"Bloc paragraphe\" aria-autocomplete=\"list\" aria-multiline=\"true\" data-is-placeholder-visible=\"false\"><strong> Interventions musicales de Fabrice Eulry : blues en milieu hospitalier et scolaire.<\/strong><\/p>\n<\/div>\n<\/div>\n<\/div>\n<\/div>\n<\/div>\n<\/div>\n<\/div>\n<\/div>\n<div id=\"block-6953b264-eb1d-444d-ba03-9cd41005729a\" class=\"wp-block editor-block-list__block\" tabindex=\"0\" data-type=\"core\/paragraph\" aria-label=\"Bloc&nbsp;: Paragraphe\">\n<div class=\"editor-block-list__insertion-point\">\n<div class=\"editor-block-list__insertion-point-inserter\" tabindex=\"-1\">\n<div class=\"editor-inserter\">&nbsp;<\/div>\n<\/div>\n<\/div>\n<div class=\"components-drop-zone editor-block-drop-zone\">&nbsp;<\/div>\n<div class=\"editor-block-list__block-edit\">\n<div data-block=\"6953b264-eb1d-444d-ba03-9cd41005729a\">\n<div>\n<div class=\"editor-rich-text\">\n<div>\n<div>\n<div class=\"components-autocomplete\">\n<p class=\"wp-block-paragraph editor-rich-text__tinymce\" role=\"textbox\" contenteditable=\"true\" aria-label=\"Bloc paragraphe\" aria-autocomplete=\"list\" aria-multiline=\"true\" data-is-placeholder-visible=\"false\"><strong>Mercredi 15 MAI&nbsp;:&nbsp;<\/strong><\/p>\n<\/div>\n<\/div>\n<\/div>\n<\/div>\n<\/div>\n<\/div>\n<\/div>\n<\/div>\n<div id=\"block-edbca5a4-db2c-46e9-9185-1a1663d62ffd\" class=\"wp-block editor-block-list__block\" tabindex=\"0\" data-type=\"core\/paragraph\" aria-label=\"Bloc&nbsp;: Paragraphe\">\n<div class=\"editor-block-list__insertion-point\">\n<div class=\"editor-block-list__insertion-point-inserter\" tabindex=\"-1\">\n<div class=\"editor-inserter\">&nbsp;<\/div>\n<\/div>\n<\/div>\n<div class=\"components-drop-zone editor-block-drop-zone\">&nbsp;<\/div>\n<div class=\"editor-block-list__block-edit\">\n<div data-block=\"edbca5a4-db2c-46e9-9185-1a1663d62ffd\">\n<div>\n<div class=\"editor-rich-text\">\n<div>\n<div>\n<div class=\"components-autocomplete\">\n<p class=\"wp-block-paragraph editor-rich-text__tinymce\" role=\"textbox\" contenteditable=\"true\" aria-label=\"Bloc paragraphe\" aria-autocomplete=\"list\" aria-multiline=\"true\" data-is-placeholder-visible=\"false\"><strong>SUNNY SANDHU <\/strong><\/p>\n<\/div>\n<\/div>\n<\/div>\n<\/div>\n<\/div>\n<\/div>\n<\/div>\n<\/div>\n<div id=\"block-c2bdb96a-df42-4f9f-9604-79f35190ade4\" class=\"wp-block editor-block-list__block\" tabindex=\"0\" data-type=\"core\/paragraph\" aria-label=\"Bloc&nbsp;: Paragraphe\">\n<div class=\"editor-block-list__insertion-point\">\n<div class=\"editor-block-list__insertion-point-inserter\" tabindex=\"-1\">\n<div class=\"editor-inserter\">&nbsp;<\/div>\n<\/div>\n<\/div>\n<div class=\"components-drop-zone editor-block-drop-zone\">&nbsp;<\/div>\n<div class=\"editor-block-list__block-edit\">\n<div data-block=\"c2bdb96a-df42-4f9f-9604-79f35190ade4\">\n<div>\n<div class=\"editor-rich-text\">\n<div>\n<div>\n<div class=\"components-autocomplete\">\n<p class=\"wp-block-paragraph editor-rich-text__tinymce\" role=\"textbox\" contenteditable=\"true\" aria-label=\"Bloc paragraphe\" aria-autocomplete=\"list\" aria-multiline=\"true\" data-is-placeholder-visible=\"false\"><strong>28 rue droite<\/strong> <strong>ESPALION 18h45 <\/strong><\/p>\n<\/div>\n<\/div>\n<\/div>\n<\/div>\n<\/div>\n<\/div>\n<\/div>\n<\/div>\n<div id=\"block-bbe7f559-efa9-428f-aac2-b3b93d8c1054\" class=\"wp-block editor-block-list__block\" tabindex=\"0\" data-type=\"core\/image\" aria-label=\"Bloc&nbsp;: Image\" data-align=\"center\" data-resized=\"false\">\n<div class=\"editor-block-list__insertion-point\">\n<div class=\"editor-block-list__insertion-point-inserter\" tabindex=\"-1\">\n<div class=\"editor-inserter\">&nbsp;<\/div>\n<\/div>\n<\/div>\n<div class=\"components-drop-zone editor-block-drop-zone\">&nbsp;<\/div>\n<div class=\"editor-block-list__block-edit\">\n<div data-block=\"bbe7f559-efa9-428f-aac2-b3b93d8c1054\">\n<figure class=\"wp-block-image\">\n<div>\n<div class=\"components-resizable-box__container\"><img data-recalc-dims=\"1\" decoding=\"async\" src=\"https:\/\/i0.wp.com\/www.fabriceeulry-laboutique.com\/blog\/wp-content\/uploads\/2019\/01\/sunny-sandhu.png?w=640\" alt=\"L\u2019attribut alt de cette image est vide, son nom de fichier est sunny-sandhu.png.\"><\/div>\n<div class=\"__resizable_base__\">&nbsp;<\/div>\n<\/div>\n<\/figure>\n<\/div>\n<\/div>\n<\/div>\n<div id=\"block-2fdce5cb-e65b-49d4-909a-420d2d14c596\" class=\"wp-block editor-block-list__block\" tabindex=\"0\" data-type=\"core\/paragraph\" aria-label=\"Bloc&nbsp;: Paragraphe\">\n<div class=\"editor-block-list__insertion-point\">\n<div class=\"editor-block-list__insertion-point-inserter\" tabindex=\"-1\">\n<div class=\"editor-inserter\">&nbsp;<\/div>\n<\/div>\n<\/div>\n<div class=\"components-drop-zone editor-block-drop-zone\">&nbsp;<\/div>\n<div class=\"editor-block-list__block-edit\">\n<div data-block=\"2fdce5cb-e65b-49d4-909a-420d2d14c596\">\n<div>\n<div class=\"editor-rich-text\">\n<div>\n<div>\n<div class=\"components-autocomplete\">\n<p class=\"wp-block-paragraph editor-rich-text__tinymce\" role=\"textbox\" contenteditable=\"true\" aria-label=\"Bloc paragraphe\" aria-autocomplete=\"list\" aria-multiline=\"true\" data-is-placeholder-visible=\"false\"><strong>Vendredi 17 MAI : <\/strong><\/p>\n<\/div>\n<\/div>\n<\/div>\n<\/div>\n<\/div>\n<\/div>\n<\/div>\n<\/div>\n<div id=\"block-3d488270-d382-42de-8c92-7e4e2bb7b948\" class=\"wp-block editor-block-list__block\" tabindex=\"0\" data-type=\"core\/paragraph\" aria-label=\"Bloc&nbsp;: Paragraphe\">\n<div class=\"editor-block-list__insertion-point\">\n<div class=\"editor-block-list__insertion-point-inserter\" tabindex=\"-1\">\n<div class=\"editor-inserter\">&nbsp;<\/div>\n<\/div>\n<\/div>\n<div class=\"components-drop-zone editor-block-drop-zone\">&nbsp;<\/div>\n<div class=\"editor-block-list__block-edit\">\n<div data-block=\"3d488270-d382-42de-8c92-7e4e2bb7b948\">\n<div>\n<div class=\"editor-rich-text\">\n<div>\n<div>\n<div class=\"components-autocomplete\">\n<p class=\"wp-block-paragraph editor-rich-text__tinymce\" role=\"textbox\" contenteditable=\"true\" aria-label=\"Bloc paragraphe\" aria-autocomplete=\"list\" aria-multiline=\"true\" data-is-placeholder-visible=\"false\"><strong>LADY JANE GASMAN <\/strong><\/p>\n<\/div>\n<\/div>\n<\/div>\n<\/div>\n<\/div>\n<\/div>\n<\/div>\n<\/div>\n<div id=\"block-4baac997-31f6-4910-ad61-d430091d4f04\" class=\"wp-block editor-block-list__block\" tabindex=\"0\" data-type=\"core\/paragraph\" aria-label=\"Bloc&nbsp;: Paragraphe\">\n<div class=\"editor-block-list__insertion-point\">\n<div class=\"editor-block-list__insertion-point-inserter\" tabindex=\"-1\">\n<div class=\"editor-inserter\">&nbsp;<\/div>\n<\/div>\n<\/div>\n<div class=\"components-drop-zone editor-block-drop-zone\">&nbsp;<\/div>\n<div class=\"editor-block-list__block-edit\">\n<div data-block=\"4baac997-31f6-4910-ad61-d430091d4f04\">\n<div>\n<div class=\"editor-rich-text\">\n<div>\n<div>\n<div class=\"components-autocomplete\">\n<p class=\"wp-block-paragraph editor-rich-text__tinymce\" role=\"textbox\" contenteditable=\"true\" aria-label=\"Bloc paragraphe\" aria-autocomplete=\"list\" aria-multiline=\"true\" data-is-placeholder-visible=\"false\"><strong>accompagn\u00e9e par Fabrice Eulry et les Rolling twisters<\/strong><\/p>\n<\/div>\n<\/div>\n<\/div>\n<\/div>\n<\/div>\n<\/div>\n<\/div>\n<\/div>\n<div id=\"block-6ddc233e-889d-477a-a8aa-8b4f15128f07\" class=\"wp-block editor-block-list__block\" tabindex=\"0\" data-type=\"core\/paragraph\" aria-label=\"Bloc&nbsp;: Paragraphe\">\n<div class=\"editor-block-list__insertion-point\">\n<div class=\"editor-block-list__insertion-point-inserter\" tabindex=\"-1\">\n<div class=\"editor-inserter\">&nbsp;<\/div>\n<\/div>\n<\/div>\n<div class=\"components-drop-zone editor-block-drop-zone\">&nbsp;<\/div>\n<div class=\"editor-block-list__block-edit\">\n<div data-block=\"6ddc233e-889d-477a-a8aa-8b4f15128f07\">\n<div>\n<div class=\"editor-rich-text\">\n<div>\n<div>\n<div class=\"components-autocomplete\">\n<p class=\"wp-block-paragraph editor-rich-text__tinymce\" role=\"textbox\" contenteditable=\"true\" aria-label=\"Bloc paragraphe\" aria-autocomplete=\"list\" aria-multiline=\"true\" data-is-placeholder-visible=\"false\"><strong>20h30 salle des f\u00eates de Rignac. TARIF&nbsp;: 15\u20ac<\/strong><\/p>\n<\/div>\n<\/div>\n<\/div>\n<\/div>\n<\/div>\n<\/div>\n<\/div>\n<\/div>\n<div id=\"block-e70ce00e-d0a4-475d-b85d-26d7630731f1\" class=\"wp-block editor-block-list__block\" tabindex=\"0\" data-type=\"core\/image\" aria-label=\"Bloc&nbsp;: Image\" data-align=\"center\" data-resized=\"false\">\n<div class=\"editor-block-list__insertion-point\">\n<div class=\"editor-block-list__insertion-point-inserter\" tabindex=\"-1\">\n<div class=\"editor-inserter\">&nbsp;<\/div>\n<\/div>\n<\/div>\n<div class=\"components-drop-zone editor-block-drop-zone\">&nbsp;<\/div>\n<div class=\"editor-block-list__block-edit\">\n<div data-block=\"e70ce00e-d0a4-475d-b85d-26d7630731f1\">\n<figure class=\"wp-block-image\">\n<div>\n<div class=\"components-resizable-box__container\"><img data-recalc-dims=\"1\" decoding=\"async\" src=\"https:\/\/i0.wp.com\/www.fabriceeulry-laboutique.com\/blog\/wp-content\/uploads\/2018\/11\/jane.png?w=640\" alt=\"L\u2019attribut alt de cette image est vide, son nom de fichier est jane.png.\"><\/div>\n<div class=\"__resizable_base__\">&nbsp;<\/div>\n<\/div>\n<\/figure>\n<\/div>\n<\/div>\n<\/div>\n<div id=\"block-aabe7f04-fc9a-4495-9a4e-52cf2d4819e8\" class=\"wp-block editor-block-list__block\" tabindex=\"0\" data-type=\"core\/paragraph\" aria-label=\"Bloc&nbsp;: Paragraphe\">\n<div class=\"editor-block-list__insertion-point\">\n<div class=\"editor-block-list__insertion-point-inserter\" tabindex=\"-1\">\n<div class=\"editor-inserter\">&nbsp;<\/div>\n<\/div>\n<\/div>\n<div class=\"components-drop-zone editor-block-drop-zone\">&nbsp;<\/div>\n<div class=\"editor-block-list__block-edit\">\n<div data-block=\"aabe7f04-fc9a-4495-9a4e-52cf2d4819e8\">\n<div>\n<div class=\"editor-rich-text\">\n<div>\n<div>\n<div class=\"components-autocomplete\">\n<p class=\"wp-block-paragraph editor-rich-text__tinymce\" role=\"textbox\" contenteditable=\"true\" aria-label=\"Bloc paragraphe\" aria-autocomplete=\"list\" aria-multiline=\"true\" data-is-placeholder-visible=\"false\"><strong>Samedi 17 mai : <\/strong><\/p>\n<\/div>\n<\/div>\n<\/div>\n<\/div>\n<\/div>\n<\/div>\n<\/div>\n<\/div>\n<div id=\"block-b7e1777c-5fd7-4cf4-8d0f-2f0847c7aaa6\" class=\"wp-block editor-block-list__block\" tabindex=\"0\" data-type=\"core\/paragraph\" aria-label=\"Bloc&nbsp;: Paragraphe\">\n<div class=\"editor-block-list__insertion-point\">\n<div class=\"editor-block-list__insertion-point-inserter\" tabindex=\"-1\">\n<div class=\"editor-inserter\">&nbsp;<\/div>\n<\/div>\n<\/div>\n<div class=\"components-drop-zone editor-block-drop-zone\">&nbsp;<\/div>\n<div class=\"editor-block-list__block-edit\">\n<div data-block=\"b7e1777c-5fd7-4cf4-8d0f-2f0847c7aaa6\">\n<div>\n<div class=\"editor-rich-text\">\n<div>\n<div>\n<div class=\"components-autocomplete\">\n<p class=\"wp-block-paragraph editor-rich-text__tinymce\" role=\"textbox\" contenteditable=\"true\" aria-label=\"Bloc paragraphe\" aria-autocomplete=\"list\" aria-multiline=\"true\" data-is-placeholder-visible=\"false\"><strong>AL SANDERS<\/strong><\/p>\n<\/div>\n<\/div>\n<\/div>\n<\/div>\n<\/div>\n<\/div>\n<\/div>\n<\/div>\n<div id=\"block-bae29b3f-416f-47bf-b2ad-49395f6dedc5\" class=\"wp-block editor-block-list__block\" tabindex=\"0\" data-type=\"core\/paragraph\" aria-label=\"Bloc&nbsp;: Paragraphe\">\n<div class=\"editor-block-list__insertion-point\">\n<div class=\"editor-block-list__insertion-point-inserter\" tabindex=\"-1\">\n<div class=\"editor-inserter\">&nbsp;<\/div>\n<\/div>\n<\/div>\n<div class=\"components-drop-zone editor-block-drop-zone\">&nbsp;<\/div>\n<div class=\"editor-block-list__block-edit\">\n<div data-block=\"bae29b3f-416f-47bf-b2ad-49395f6dedc5\">\n<div>\n<div class=\"editor-rich-text\">\n<div>\n<div>\n<div class=\"components-autocomplete\">\n<p class=\"wp-block-paragraph editor-rich-text__tinymce\" role=\"textbox\" contenteditable=\"true\" aria-label=\"Bloc paragraphe\" aria-autocomplete=\"list\" aria-multiline=\"true\" data-is-placeholder-visible=\"false\"><strong>accompagn\u00e9 par Fabrice Eulry et les Rolling twisters<\/strong><\/p>\n<\/div>\n<\/div>\n<\/div>\n<\/div>\n<\/div>\n<\/div>\n<\/div>\n<\/div>\n<div id=\"block-8cc97c8f-d86a-4423-a957-47d1e6904739\" class=\"wp-block editor-block-list__block\" tabindex=\"0\" data-type=\"core\/paragraph\" aria-label=\"Bloc&nbsp;: Paragraphe\">\n<div class=\"editor-block-list__insertion-point\">\n<div class=\"editor-block-list__insertion-point-inserter\" tabindex=\"-1\">\n<div class=\"editor-inserter\">&nbsp;<\/div>\n<\/div>\n<\/div>\n<div class=\"components-drop-zone editor-block-drop-zone\">&nbsp;<\/div>\n<div class=\"editor-block-list__block-edit\">\n<div data-block=\"8cc97c8f-d86a-4423-a957-47d1e6904739\">\n<div>\n<div class=\"editor-rich-text\">\n<div>\n<div>\n<div class=\"components-autocomplete\">\n<p class=\"wp-block-paragraph editor-rich-text__tinymce\" role=\"textbox\" contenteditable=\"true\" aria-label=\"Bloc paragraphe\" aria-autocomplete=\"list\" aria-multiline=\"true\" data-is-placeholder-visible=\"false\"><strong>20h30 salle de Saint-Geniez. TARIF&nbsp;: 15\u20ac<\/strong><\/p>\n<\/div>\n<\/div>\n<\/div>\n<\/div>\n<\/div>\n<\/div>\n<\/div>\n<\/div>\n<div id=\"block-dec30a9e-3aa0-4dbf-997d-a1f589bd0abf\" class=\"wp-block editor-block-list__block\" tabindex=\"0\" data-type=\"core\/image\" aria-label=\"Bloc&nbsp;: Image\" data-align=\"center\" data-resized=\"false\">\n<div class=\"editor-block-list__insertion-point\">\n<div class=\"editor-block-list__insertion-point-inserter\" tabindex=\"-1\">\n<div class=\"editor-inserter\">&nbsp;<\/div>\n<\/div>\n<\/div>\n<div class=\"components-drop-zone editor-block-drop-zone\">&nbsp;<\/div>\n<div class=\"editor-block-list__block-edit\">\n<div data-block=\"dec30a9e-3aa0-4dbf-997d-a1f589bd0abf\">\n<figure class=\"wp-block-image\">\n<div>\n<div class=\"components-resizable-box__container\"><img data-recalc-dims=\"1\" decoding=\"async\" src=\"https:\/\/i0.wp.com\/www.fabriceeulry-laboutique.com\/blog\/wp-content\/uploads\/2019\/01\/al-sanders.png?w=640\" alt=\"L\u2019attribut alt de cette image est vide, son nom de fichier est al-sanders.png.\"><\/div>\n<div class=\"__resizable_base__\">&nbsp;<\/div>\n<\/div>\n<\/figure>\n<\/div>\n<\/div>\n<\/div>\n<div id=\"block-96595da3-e0f9-4129-a270-dec2710056a1\" class=\"wp-block editor-block-list__block\" tabindex=\"0\" data-type=\"core\/paragraph\" aria-label=\"Bloc&nbsp;: Paragraphe\">\n<div class=\"editor-block-list__insertion-point\">\n<div class=\"editor-block-list__insertion-point-inserter\" tabindex=\"-1\">\n<div class=\"editor-inserter\">&nbsp;<\/div>\n<\/div>\n<\/div>\n<div class=\"components-drop-zone editor-block-drop-zone\">&nbsp;<\/div>\n<div class=\"editor-block-list__block-edit\">\n<div data-block=\"96595da3-e0f9-4129-a270-dec2710056a1\">\n<div>\n<div class=\"editor-rich-text\">\n<div>\n<div>\n<div class=\"components-autocomplete\">\n<p class=\"wp-block-paragraph editor-rich-text__tinymce\" role=\"textbox\" contenteditable=\"true\" aria-label=\"Bloc paragraphe\" aria-autocomplete=\"list\" aria-multiline=\"true\" data-is-placeholder-visible=\"false\"><strong>19 MAI : FRANCK MOSSLER<\/strong><\/p>\n<\/div>\n<\/div>\n<\/div>\n<\/div>\n<\/div>\n<\/div>\n<\/div>\n<\/div>\n<div id=\"block-48483392-d402-43e2-82d6-a85a4b488bc0\" class=\"wp-block editor-block-list__block\" tabindex=\"0\" data-type=\"core\/paragraph\" aria-label=\"Bloc&nbsp;: Paragraphe\">\n<div class=\"editor-block-list__insertion-point\">\n<div class=\"editor-block-list__insertion-point-inserter\" tabindex=\"-1\">\n<div class=\"editor-inserter\">&nbsp;<\/div>\n<\/div>\n<\/div>\n<div class=\"components-drop-zone editor-block-drop-zone\">&nbsp;<\/div>\n<div class=\"editor-block-list__block-edit\">\n<div data-block=\"48483392-d402-43e2-82d6-a85a4b488bc0\">\n<div>\n<div class=\"editor-rich-text\">\n<div>\n<div>\n<div class=\"components-autocomplete\">\n<p class=\"wp-block-paragraph editor-rich-text__tinymce\" role=\"textbox\" contenteditable=\"true\" aria-label=\"Bloc paragraphe\" aria-autocomplete=\"list\" aria-multiline=\"true\" data-is-placeholder-visible=\"false\"><strong>accompagn\u00e9 par Fred Bonnet&nbsp;et&nbsp;Fabrice&nbsp;Eulry.&nbsp;Premi\u00e8re&nbsp;partie&nbsp;avec&nbsp;la&nbsp;chorale&nbsp;du&nbsp;Nayrac.<\/strong><\/p>\n<\/div>\n<\/div>\n<\/div>\n<\/div>\n<\/div>\n<\/div>\n<\/div>\n<\/div>\n<div id=\"block-0c0faf6c-d8bc-4d9d-951c-5f28a2b8f7f4\" class=\"wp-block editor-block-list__block\" tabindex=\"0\" data-type=\"core\/paragraph\" aria-label=\"Bloc&nbsp;: Paragraphe\">\n<div class=\"editor-block-list__insertion-point\">\n<div class=\"editor-block-list__insertion-point-inserter\" tabindex=\"-1\">\n<div class=\"editor-inserter\">&nbsp;<\/div>\n<\/div>\n<\/div>\n<div class=\"components-drop-zone editor-block-drop-zone\">&nbsp;<\/div>\n<div class=\"editor-block-list__block-edit\">\n<div data-block=\"0c0faf6c-d8bc-4d9d-951c-5f28a2b8f7f4\">\n<div>\n<div class=\"editor-rich-text\">\n<div>\n<div>\n<div class=\"components-autocomplete\">\n<p class=\"wp-block-paragraph editor-rich-text__tinymce\" role=\"textbox\" contenteditable=\"true\" aria-label=\"Bloc paragraphe\" aria-autocomplete=\"list\" aria-multiline=\"true\" data-is-placeholder-visible=\"false\"><strong>15h. Centre multiculturel du Nayrac.&nbsp;TARIF&nbsp;:&nbsp;15&nbsp;\u20ac<\/strong><\/p>\n<\/div>\n<\/div>\n<\/div>\n<\/div>\n<\/div>\n<\/div>\n<\/div>\n<\/div>\n<div id=\"block-89abec92-b9de-476b-af35-eba38bb3d812\" class=\"wp-block editor-block-list__block\" tabindex=\"0\" data-type=\"core\/image\" aria-label=\"Bloc&nbsp;: Image\" data-align=\"center\" data-resized=\"false\">\n<div class=\"editor-block-list__insertion-point\">\n<div class=\"editor-block-list__insertion-point-inserter\" tabindex=\"-1\">\n<div class=\"editor-inserter\">&nbsp;<\/div>\n<\/div>\n<\/div>\n<div class=\"components-drop-zone editor-block-drop-zone\">&nbsp;<\/div>\n<div class=\"editor-block-list__block-edit\">\n<div data-block=\"89abec92-b9de-476b-af35-eba38bb3d812\">\n<figure class=\"wp-block-image\">\n<div>\n<div class=\"components-resizable-box__container\"><img data-recalc-dims=\"1\" decoding=\"async\" src=\"https:\/\/i0.wp.com\/www.fabriceeulry-laboutique.com\/blog\/wp-content\/uploads\/2018\/11\/franck-mossler.png?w=640\" alt=\"L\u2019attribut alt de cette image est vide, son nom de fichier est franck-mossler.png.\"><\/div>\n<div class=\"__resizable_base__\">&nbsp;<\/div>\n<\/div>\n<\/figure>\n<\/div>\n<\/div>\n<\/div>\n<div id=\"block-8722422d-045f-4748-b0c4-84c78e09420e\" class=\"wp-block editor-block-list__block is-hovered\" tabindex=\"0\" data-type=\"core\/image\" aria-label=\"Bloc&nbsp;: Image\" data-align=\"center\" data-resized=\"false\">\n<div class=\"editor-block-list__insertion-point\">\n<div class=\"editor-block-list__insertion-point-inserter\" tabindex=\"-1\">\n<div class=\"editor-inserter\">&nbsp;<\/div>\n<\/div>\n<\/div>\n<div class=\"components-drop-zone editor-block-drop-zone\">&nbsp;<\/div>\n<div class=\"editor-block-list__block-edit\">\n<div class=\"editor-block-list__breadcrumb\">\n<div class=\"components-toolbar components-toolbar\">Image<\/div>\n<\/div>\n<div data-block=\"8722422d-045f-4748-b0c4-84c78e09420e\">\n<figure class=\"wp-block-image\">\n<div>\n<div class=\"components-resizable-box__container\"><img data-recalc-dims=\"1\" decoding=\"async\" src=\"https:\/\/i0.wp.com\/www.fabriceeulry-laboutique.com\/blog\/wp-content\/uploads\/2019\/01\/Logo-Blues-en-Aveyron.png?w=640\" alt=\"L\u2019attribut alt de cette image est vide, son nom de fichier est Logo-Blues-en-Aveyron.png.\"><\/div>\n<div class=\"__resizable_base__\">&nbsp;<\/div>\n<\/div>\n<\/figure>\n<\/div>\n<\/div>\n<\/div>\n<div>\n<div class=\"wp-block editor-default-block-appender\" data-root-client-id=\"\">&nbsp;<\/div>\n<\/div>\n<\/div>\n<h2>&nbsp;<\/h2>\n<h2>&nbsp;<\/h2>\n<h2>&nbsp;<\/h2>\n<h2>&nbsp;<\/h2>\n<h2>&nbsp;<\/h2>\n<h2>&nbsp;<\/h2>\n<h2>&nbsp;<\/h2>\n<h1 style=\"text-align: center;\"><span style=\"color: #000000;\"><strong><span id=\"yiv6016373704yui_3_16_0_ym19_1_1496434554988_68886\">Adh\u00e9rez \u00e0 l&rsquo;association BLUES EN AVEYRON pour promouvoir le blues et le patrimoine aveyronnais.&nbsp;<a href=\"http:\/\/www.fabriceeulry-laboutique.com\/blog\/wp-content\/uploads\/2017\/03\/saint-c\u00f4me.jpg\"><br><\/a><\/span><\/strong><\/span><\/h1>\n<p><a href=\"https:\/\/i0.wp.com\/www.fabriceeulry-laboutique.com\/blog\/wp-content\/uploads\/2017\/05\/BeA-5tet.png\"><img data-recalc-dims=\"1\" loading=\"lazy\" decoding=\"async\" class=\"size-full wp-image-9437 aligncenter\" src=\"https:\/\/i0.wp.com\/www.fabriceeulry-laboutique.com\/blog\/wp-content\/uploads\/2017\/05\/BeA-5tet.png?resize=538%2C405\" alt=\"BeA 5tet\" width=\"538\" height=\"405\" srcset=\"https:\/\/i0.wp.com\/www.fabriceeulry-laboutique.com\/blog\/wp-content\/uploads\/2017\/05\/BeA-5tet.png?w=538 538w, https:\/\/i0.wp.com\/www.fabriceeulry-laboutique.com\/blog\/wp-content\/uploads\/2017\/05\/BeA-5tet.png?resize=300%2C226 300w\" sizes=\"auto, (max-width: 538px) 100vw, 538px\" \/><\/a><\/p>\n<h2 id=\"yiv6016373704yui_3_16_0_ym19_1_1496434554988_68694\" dir=\"ltr\" style=\"text-align: center;\"><span style=\"color: #000000;\"><strong><span id=\"yiv6016373704yui_3_16_0_ym19_1_1496434554988_68934\">Et ne manquez le festival Blues en Aveyron 2019 (troisi\u00e8me \u00e9dition) dont le Canard du pianiste publiera prochainement le programme.<\/span><\/strong><\/span><\/h2>\n<h2 id=\"yiv6016373704yui_3_16_0_ym19_1_1496434554988_68694\" dir=\"ltr\" style=\"text-align: center;\"><span style=\"color: #000000;\"><strong><span id=\"yiv6016373704yui_3_16_0_ym19_1_1496434554988_69178\">Pour adh\u00e9rer il vous suffit d&rsquo;envoyer un ch\u00e8que de 20 \u20ac \u00e0 l&rsquo;ordre de Blues en Aveyron, et de le joindre au bulletin d&rsquo;adh\u00e9sion (ci-dessous) d\u00fbment rempli :<\/span><\/strong><\/span><\/h2>\n<div id=\"yiv6016373704yqtfd47329\" class=\"yiv6016373704yqt8853084425\">\n<h2 id=\"yiv6016373704yui_3_16_0_ym19_1_1496434554988_68694\" dir=\"ltr\" style=\"text-align: center;\"><span style=\"color: #000000;\"><strong><span id=\"yiv6016373704yui_3_16_0_1_1496508572906_34976\">\u00e0 l&rsquo;adresse suivante :<\/span><\/strong><\/span><\/h2>\n<h2 id=\"yiv6016373704yui_3_16_0_ym19_1_1496434554988_68694\" dir=\"ltr\" style=\"text-align: center;\"><span style=\"color: #000000;\"><strong><span id=\"yiv6016373704yui_3_16_0_ym19_1_1496434554988_69236\">BLUES EN AVEYRON<\/span><\/strong><\/span><\/h2>\n<h2 id=\"yiv6016373704yui_3_16_0_ym19_1_1496434554988_68694\" dir=\"ltr\" style=\"text-align: center;\"><span style=\"color: #000000;\">28 rue droite<\/span><\/h2>\n<h2 dir=\"ltr\" style=\"text-align: center;\"><span style=\"color: #000000;\"><strong><span id=\"yiv6016373704yui_3_16_0_ym19_1_1496434554988_69239\">12 500 Espalion<\/span><\/strong><\/span><\/h2>\n<h2 id=\"yiv6016373704yui_3_16_0_ym19_1_1496434554988_68694\" dir=\"ltr\" style=\"text-align: center;\"><span style=\"color: #000000;\"><strong><span id=\"yiv6016373704yui_3_16_0_ym19_1_1496434554988_69210\">Vous recevrez votre carte d&rsquo;adh\u00e9rent par retour de courriel<\/span><\/strong><\/span><\/h2>\n<h2 id=\"yiv6016373704yui_3_16_0_ym19_1_1496434554988_68859\"><span style=\"color: #000000;\"><strong>&nbsp; &nbsp; &nbsp; &nbsp; &nbsp; &nbsp; &nbsp; &nbsp; &nbsp; &nbsp; &nbsp; &nbsp; &nbsp; &nbsp; &nbsp; &nbsp; &nbsp; &nbsp; &nbsp; &nbsp; &nbsp; &nbsp; &nbsp; &nbsp; &nbsp; &nbsp;Bien musicalement<\/strong><\/span><\/h2>\n<div id=\"yiv6016373704yui_3_16_0_ym19_1_1496434554988_68861\" class=\"yiv6016373704signature\">\n<div id=\"yiv6016373704yui_3_16_0_1_1411233096791_2560\">\n<h2 id=\"yiv6016373704yui_3_16_0_ym19_1_1496434554988_69054\"><span style=\"color: #000000;\"><strong><span id=\"yiv6016373704yui_3_16_0_ym19_1_1496434554988_69053\"><a id=\"yiv6016373704yui_3_16_0_ym19_1_1496434554988_69052\" style=\"color: #000000;\" href=\"http:\/\/www.fabriceeulry-laboutique.com\/blog\/?p=8844\" target=\"_blank\" rel=\"nofollow noopener noreferrer\" shape=\"rect\"><img data-recalc-dims=\"1\" loading=\"lazy\" decoding=\"async\" id=\"yiv6016373704yui_3_16_0_ym19_1_1496434554988_69064\" class=\"yiv6016373704 yiv6016373704size-full yiv6016373704wp-image-8415 yiv6016373704img-overlay-selected yiv6016373704img-overlay-selected aligncenter\" src=\"https:\/\/i0.wp.com\/www.fabriceeulry-laboutique.com\/blog\/wp-content\/uploads\/2016\/04\/visuel-fabrice-.jpg?resize=359%2C156\" alt=\"visuel fabrice\" width=\"359\" height=\"156\" srcset=\"https:\/\/i0.wp.com\/www.fabriceeulry-laboutique.com\/blog\/wp-content\/uploads\/2016\/04\/visuel-fabrice-.jpg?w=359 359w, https:\/\/i0.wp.com\/www.fabriceeulry-laboutique.com\/blog\/wp-content\/uploads\/2016\/04\/visuel-fabrice-.jpg?resize=300%2C130 300w\" sizes=\"auto, (max-width: 359px) 100vw, 359px\" \/><\/a><\/span><\/strong><\/span><\/h2>\n<h2 class=\"p1\" style=\"text-align: center;\">&#8212;&#8212;&#8212;&#8212;&#8212;&#8212;&#8212;&#8212;&#8212;&#8212;&#8212;&#8212;&#8212;&#8212;&#8212;&#8212;&#8212;&#8212;&#8212;&#8212;&#8212;&#8212;&#8212;&#8212;&#8212;&#8212;&#8212;&#8212;&#8212;&#8211;<\/h2>\n<h2 class=\"p1\" style=\"text-align: center;\"><span style=\"color: #000000;\">BULLETIN D&rsquo;ADH\u00c9SION<\/span><\/h2>\n<h2 class=\"p1\" style=\"text-align: center;\"><span style=\"color: #000000;\">\u00e0 L&rsquo;ASSOCIATION BLUES EN AVEYRON<\/span><\/h2>\n<h2 class=\"p1\" style=\"text-align: center;\"><span style=\"color: #000000;\">Association soumise \u00e0 la loi du 1er juillet 1901 et au d\u00e9cret du 16 ao\u00fbt 1901<\/span><\/h2>\n<h2 class=\"p3\" style=\"text-align: center;\"><span style=\"color: #000000;\">\u00c0 remplir par l&rsquo;adh\u00e9rent <i>(exemplaire \u00e0 conserver par l&rsquo;association) :<\/i><\/span><\/h2>\n<h2 class=\"p3\" style=\"text-align: center;\"><span style=\"color: #000000;\">Pr\u00e9nom :\u2026\u2026\u2026\u2026\u2026\u2026\u2026\u2026\u2026\u2026\u2026\u2026\u2026\u2026\u2026\u2026\u2026\u2026\u2026\u2026\u2026\u2026\u2026\u2026\u2026\u2026\u2026\u2026\u2026\u2026\u2026<\/span><\/h2>\n<h2 class=\"p3\" style=\"text-align: center;\"><span style=\"color: #000000;\">Nom :\u2026\u2026\u2026\u2026\u2026\u2026\u2026\u2026\u2026\u2026\u2026\u2026\u2026\u2026\u2026\u2026\u2026\u2026\u2026\u2026\u2026\u2026\u2026\u2026\u2026\u2026\u2026\u2026\u2026\u2026\u2026\u2026..<\/span><\/h2>\n<h2 class=\"p3\" style=\"text-align: center;\"><span style=\"color: #000000;\">Adresse internet :\u2026\u2026\u2026\u2026\u2026\u2026\u2026\u2026\u2026\u2026\u2026\u2026\u2026\u2026\u2026\u2026\u2026\u2026\u2026\u2026\u2026\u2026\u2026\u2026\u2026\u2026\u2026.<\/span><\/h2>\n<h2 class=\"p3\" style=\"text-align: center;\"><span style=\"color: #000000;\">Adresse postale :\u2026\u2026\u2026\u2026\u2026\u2026\u2026\u2026\u2026\u2026\u2026\u2026\u2026\u2026\u2026\u2026\u2026\u2026\u2026\u2026\u2026\u2026\u2026\u2026\u2026\u2026\u2026.<\/span><\/h2>\n<h2 class=\"p3\" style=\"text-align: center;\"><span style=\"color: #000000;\">Code postal :\u2026\u2026\u2026\u2026\u2026\u2026\u2026\u2026\u2026\u2026\u2026\u2026\u2026\u2026\u2026\u2026\u2026\u2026\u2026\u2026\u2026\u2026\u2026\u2026\u2026\u2026\u2026\u2026\u2026<\/span><\/h2>\n<h2 class=\"p3\" style=\"text-align: center;\"><span style=\"color: #000000;\">Ville :\u2026\u2026\u2026\u2026\u2026\u2026\u2026\u2026\u2026\u2026\u2026\u2026\u2026\u2026\u2026\u2026\u2026\u2026\u2026\u2026\u2026\u2026\u2026\u2026\u2026\u2026\u2026\u2026\u2026\u2026\u2026\u2026..<\/span><\/h2>\n<h2 class=\"p3\" style=\"text-align: center;\"><span style=\"color: #000000;\">Je d\u00e9clare par la pr\u00e9sente souhaiter devenir membre de l&rsquo;association BLUES EN AVEYRON.<\/span><\/h2>\n<h2 class=\"p3\" style=\"text-align: center;\"><span style=\"color: #000000;\">\u00c0 ce titre, je d\u00e9clare l&rsquo;objet de l&rsquo;association, et en avoir accept\u00e9 les statuts qui sont \u00e0 ma disposition dans les locaux de l&rsquo;association, et accepte de verser ma cotisation due pour l&rsquo;ann\u00e9e en cours.<\/span><\/h2>\n<h2 class=\"p3\" style=\"text-align: center;\"><span style=\"color: #000000;\">Le montant de la cotisation est de 20 \u20ac, payable par ch\u00e8que uniquement.<\/span><\/h2>\n<h2 class=\"p3\" style=\"text-align: center;\"><span style=\"color: #000000;\">Fait \u00e0\u2026\u2026\u2026\u2026\u2026\u2026\u2026\u2026\u2026.., le \u2026\u2026\u2026\u2026\u2026\u2026\u2026\u2026\u2026\u2026\u2026.<\/span><\/h2>\n<h2 class=\"p3\" style=\"text-align: center;\"><span style=\"color: #000000;\">Signature (faire pr\u00e9c\u00e9der de la mention \u00ab\u00a0Lu et approuv\u00e9\u00a0\u00bb)<\/span><\/h2>\n<h2 class=\"p1\" style=\"text-align: center;\"><span style=\"color: #000000;\"><i>Les informations recueillies sont n\u00e9cessaires pour votre adh\u00e9sion. Conform\u00e9ment \u00e0 la loi \u00ab\u00a0informatique et libert\u00e9s\u00a0\u00bb du 6 janvier 1978, vous disposez d&rsquo;un droit d&rsquo;acc\u00e8s et de rectification aux donn\u00e9es personnelles vous concernant. Pour l&rsquo;exercer, adressez-vous au secr\u00e9tariat de l&rsquo;association.<\/i><\/span><\/h2>\n<\/div>\n<p style=\"text-align: center;\"><span style=\"color: #000000;\"><strong>HISTORIQUE :<\/strong><\/span><\/p>\n<p style=\"text-align: center;\"><span style=\"color: #000000;\"><strong>BLUES EN AVEYRON 2018 :<\/strong><\/span><\/p>\n<p style=\"text-align: center;\"><strong style=\"color: #000000;\"><a href=\"https:\/\/i0.wp.com\/www.fabriceeulry-laboutique.com\/blog\/wp-content\/uploads\/2018\/04\/AFFICHE-BLUES-EN-AVEYRON-2018.png\"><img data-recalc-dims=\"1\" loading=\"lazy\" decoding=\"async\" class=\"aligncenter size-full wp-image-10579\" src=\"https:\/\/i0.wp.com\/www.fabriceeulry-laboutique.com\/blog\/wp-content\/uploads\/2018\/04\/AFFICHE-BLUES-EN-AVEYRON-2018.png?resize=379%2C538\" alt=\"AFFICHE BLUES EN AVEYRON 2018\" width=\"379\" height=\"538\" srcset=\"https:\/\/i0.wp.com\/www.fabriceeulry-laboutique.com\/blog\/wp-content\/uploads\/2018\/04\/AFFICHE-BLUES-EN-AVEYRON-2018.png?w=379 379w, https:\/\/i0.wp.com\/www.fabriceeulry-laboutique.com\/blog\/wp-content\/uploads\/2018\/04\/AFFICHE-BLUES-EN-AVEYRON-2018.png?resize=211%2C300 211w, https:\/\/i0.wp.com\/www.fabriceeulry-laboutique.com\/blog\/wp-content\/uploads\/2018\/04\/AFFICHE-BLUES-EN-AVEYRON-2018.png?resize=300%2C426 300w\" sizes=\"auto, (max-width: 379px) 100vw, 379px\" \/><\/a>BLUES EN AVEYRON 2018 A CL\u00d4TUR\u00c9 \u00c0 Ste GENEVI\u00c8VE\/ARGENCE :<\/strong><\/p>\n<\/div>\n<\/div>\n<div id=\"yiv6016373704yqtfd47329\" class=\"yiv6016373704yqt8853084425\">\n<div id=\"yiv6016373704yui_3_16_0_ym19_1_1496434554988_68861\" class=\"yiv6016373704signature\">\n<p><span style=\"color: #000000;\"><strong>Quelques observations :<\/strong><\/span><\/p>\n<p style=\"text-align: center;\"><strong><span style=\"color: #000000;\">On remarque la sc\u00e8ne haute le piano Wurlitzer attend Fabrice Eulry pour What&rsquo;d I say qui va cl\u00f4turer ce concert en hommage \u00e0 Ray Charles. En attendant, c&rsquo;est Daniel Huck qui comme \u00e0 Bozouls, va mettre la salle debout une&nbsp;seconde fois d\u00e8s avant l&rsquo;entracte, jouant I can&rsquo;t stop loving au saxophone alto sous l&rsquo;\u00e9coute fascin\u00e9e du public, et des membres du big band d&rsquo;Espalion (\u00e0 droite du Wurtlitzer la guitariste Magali Privat, et \u00e0 l&rsquo;extr\u00eame droite de la photo le chef d&rsquo;orchestre Fred Bonnet).<\/span><\/strong><\/p>\n<p><a href=\"https:\/\/i0.wp.com\/www.fabriceeulry-laboutique.com\/blog\/wp-content\/uploads\/2018\/05\/Huck-eulry.png\"><img data-recalc-dims=\"1\" loading=\"lazy\" decoding=\"async\" class=\"aligncenter size-full wp-image-10676\" src=\"https:\/\/i0.wp.com\/www.fabriceeulry-laboutique.com\/blog\/wp-content\/uploads\/2018\/05\/Huck-eulry.png?resize=640%2C403\" alt=\"Huck eulry\" width=\"640\" height=\"403\" srcset=\"https:\/\/i0.wp.com\/www.fabriceeulry-laboutique.com\/blog\/wp-content\/uploads\/2018\/05\/Huck-eulry.png?w=809 809w, https:\/\/i0.wp.com\/www.fabriceeulry-laboutique.com\/blog\/wp-content\/uploads\/2018\/05\/Huck-eulry.png?resize=300%2C189 300w, https:\/\/i0.wp.com\/www.fabriceeulry-laboutique.com\/blog\/wp-content\/uploads\/2018\/05\/Huck-eulry.png?resize=768%2C484 768w\" sizes=\"auto, (max-width: 640px) 100vw, 640px\" \/><\/a><\/p>\n<p style=\"text-align: center;\"><span style=\"color: #000000;\"><strong>Fabrice Eulry ne quitte pas Daniel Huck d&rsquo;une semelle pour l&rsquo;accompagner : jamais les deux comp\u00e8res n&rsquo;ont r\u00e9p\u00e9t\u00e9 quoi que ce soit ensemble, car c&rsquo;est m\u00eame ainsi que la magie op\u00e8re entre eux deux !<\/strong><\/span><\/p>\n<p><a href=\"https:\/\/i0.wp.com\/www.fabriceeulry-laboutique.com\/blog\/wp-content\/uploads\/2018\/05\/Huck-eulry-2.png\"><img data-recalc-dims=\"1\" loading=\"lazy\" decoding=\"async\" class=\"aligncenter size-full wp-image-10677\" src=\"https:\/\/i0.wp.com\/www.fabriceeulry-laboutique.com\/blog\/wp-content\/uploads\/2018\/05\/Huck-eulry-2.png?resize=640%2C465\" alt=\"Huck eulry 2\" width=\"640\" height=\"465\" srcset=\"https:\/\/i0.wp.com\/www.fabriceeulry-laboutique.com\/blog\/wp-content\/uploads\/2018\/05\/Huck-eulry-2.png?w=810 810w, https:\/\/i0.wp.com\/www.fabriceeulry-laboutique.com\/blog\/wp-content\/uploads\/2018\/05\/Huck-eulry-2.png?resize=300%2C218 300w, https:\/\/i0.wp.com\/www.fabriceeulry-laboutique.com\/blog\/wp-content\/uploads\/2018\/05\/Huck-eulry-2.png?resize=768%2C558 768w\" sizes=\"auto, (max-width: 640px) 100vw, 640px\" \/><\/a><\/p>\n<p style=\"text-align: center;\"><span style=\"color: #000000;\"><strong>La g\u00e9n\u00e9rosit\u00e9 de M. Serge Delbouis, partenaire officiel du festival, n&rsquo;aurait pas recul\u00e9 devant la possibilit\u00e9 de monter le piano qu&rsquo;il fournissait sur la sc\u00e8ne (trop haute) de la salle de Sainte Genevi\u00e8ve, si les musiciens eux-m\u00eames l&rsquo;en avaient dissuad\u00e9s tant la manoeuvre \u00e9tait p\u00e9rilleuse pour l&rsquo;instrument !<\/strong><\/span><\/p>\n<p style=\"text-align: center;\"><a href=\"https:\/\/i0.wp.com\/www.fabriceeulry-laboutique.com\/blog\/wp-content\/uploads\/2018\/05\/argence4.png\"><img data-recalc-dims=\"1\" loading=\"lazy\" decoding=\"async\" class=\"aligncenter size-full wp-image-10737\" src=\"https:\/\/i0.wp.com\/www.fabriceeulry-laboutique.com\/blog\/wp-content\/uploads\/2018\/05\/argence4.png?resize=640%2C363\" alt=\"argence4\" width=\"640\" height=\"363\" srcset=\"https:\/\/i0.wp.com\/www.fabriceeulry-laboutique.com\/blog\/wp-content\/uploads\/2018\/05\/argence4.png?w=669 669w, https:\/\/i0.wp.com\/www.fabriceeulry-laboutique.com\/blog\/wp-content\/uploads\/2018\/05\/argence4.png?resize=300%2C170 300w\" sizes=\"auto, (max-width: 640px) 100vw, 640px\" \/><\/a><\/p>\n<p style=\"text-align: center;\"><span style=\"color: #000000;\"><strong>Daniel Huck a \u00e9galement improvis\u00e9 avec tout le big band d&rsquo;Espalion (on reconna\u00eet Kevin Luche \u00e0 sa droite, laur\u00e9at des <a href=\"http:\/\/www.fabriceeulry-laboutique.com\/blog\/?p=10653\">Troph\u00e9es du blues<\/a> \u00e0 ce m\u00eame festival) &nbsp;notamment sur What&rsquo;d I say (morceau introduit par Fabrice Eulry au <a href=\"http:\/\/www.fabriceeulry-laboutique.com\/blog\/?p=10169\">Piano Wurlitzer<\/a> comme il se doit -instrument qui est sur la droite du saxophoniste- ou ci-dessous sur I got a Woman, toujours en hommage \u00e0 Ray Charles.<\/strong><\/span><\/p>\n<p style=\"text-align: center;\"><a href=\"https:\/\/i0.wp.com\/www.fabriceeulry-laboutique.com\/blog\/wp-content\/uploads\/2018\/05\/argence6.png\"><img data-recalc-dims=\"1\" loading=\"lazy\" decoding=\"async\" class=\"aligncenter size-large wp-image-10739\" src=\"https:\/\/i0.wp.com\/www.fabriceeulry-laboutique.com\/blog\/wp-content\/uploads\/2018\/05\/argence6.png?resize=640%2C359\" alt=\"argence6\" width=\"640\" height=\"359\" srcset=\"https:\/\/i0.wp.com\/www.fabriceeulry-laboutique.com\/blog\/wp-content\/uploads\/2018\/05\/argence6.png?resize=1024%2C574 1024w, https:\/\/i0.wp.com\/www.fabriceeulry-laboutique.com\/blog\/wp-content\/uploads\/2018\/05\/argence6.png?resize=300%2C168 300w, https:\/\/i0.wp.com\/www.fabriceeulry-laboutique.com\/blog\/wp-content\/uploads\/2018\/05\/argence6.png?resize=768%2C430 768w, https:\/\/i0.wp.com\/www.fabriceeulry-laboutique.com\/blog\/wp-content\/uploads\/2018\/05\/argence6.png?w=1215 1215w\" sizes=\"auto, (max-width: 640px) 100vw, 640px\" \/><\/a><\/p>\n<p style=\"text-align: center;\"><a href=\"https:\/\/i0.wp.com\/www.fabriceeulry-laboutique.com\/blog\/wp-content\/uploads\/2018\/05\/Argence5.png\"><img data-recalc-dims=\"1\" loading=\"lazy\" decoding=\"async\" class=\"aligncenter size-full wp-image-10738\" src=\"https:\/\/i0.wp.com\/www.fabriceeulry-laboutique.com\/blog\/wp-content\/uploads\/2018\/05\/Argence5.png?resize=640%2C359\" alt=\"Argence5\" width=\"640\" height=\"359\" srcset=\"https:\/\/i0.wp.com\/www.fabriceeulry-laboutique.com\/blog\/wp-content\/uploads\/2018\/05\/Argence5.png?w=806 806w, https:\/\/i0.wp.com\/www.fabriceeulry-laboutique.com\/blog\/wp-content\/uploads\/2018\/05\/Argence5.png?resize=300%2C168 300w, https:\/\/i0.wp.com\/www.fabriceeulry-laboutique.com\/blog\/wp-content\/uploads\/2018\/05\/Argence5.png?resize=768%2C431 768w\" sizes=\"auto, (max-width: 640px) 100vw, 640px\" \/><\/a><\/p>\n<p style=\"text-align: center;\"><strong><span style=\"color: #000000;\">Blues en Aveyron a \u00e9galement vivement salu\u00e9 la communication de l&rsquo;\u00e9quipe municipale de cette petite commune qui, en apparence isol\u00e9e au milieu du plateau de l&rsquo;Aubrac, a une politique assidue de&nbsp;musique \u00e0 l&rsquo;\u00e9cole et a r\u00e9ussi \u00e0 mobiliser le public rural aussi curieux et d\u00e9sireux de venir \u00e0 ce festival que les horaires de son labeur rar\u00e9fie ses occasions de le faire.<\/span><\/strong><\/p>\n<p style=\"text-align: center;\">&nbsp;<\/p>\n<\/div>\n<p style=\"text-align: center;\"><strong><span style=\"color: #000000;\">LES TROPH\u00c9ES DU BLUES 2018<\/span><\/strong><\/p>\n<p style=\"text-align: center;\"><strong><span style=\"color: #000000;\">Le festival Blues en&nbsp;Aveyron pour sa deuxi\u00e8me ann\u00e9e, souhaitait encourager la jeunesse que le blues int\u00e9resse&#8230; Et pour une fois qu&rsquo;un concours n&rsquo;est pas bidouill\u00e9 \u00e0 l&rsquo;avance, que le jury n&rsquo;est pas corrompu par une maison de disques ou un groupe d&rsquo;influence id\u00e9ologique qui chercher \u00e0 imposer un message, ce sont les musiciens qui fraternellement, ont dans le dos du jury, pendant le d\u00eener o\u00f9 ils \u00e9taient rassembl\u00e9s, d\u00e9cid\u00e9 de tout partager ! Tant l&rsquo;esprit du blues les anime (unanimement !)<\/span><\/strong><\/p>\n<p><a href=\"https:\/\/i0.wp.com\/www.fabriceeulry-laboutique.com\/blog\/wp-content\/uploads\/2018\/05\/troph%C3%A9es-2018.png\"><img data-recalc-dims=\"1\" loading=\"lazy\" decoding=\"async\" class=\"aligncenter size-full wp-image-10654\" src=\"https:\/\/i0.wp.com\/www.fabriceeulry-laboutique.com\/blog\/wp-content\/uploads\/2018\/05\/troph%C3%A9es-2018.png?resize=602%2C341\" alt=\"troph\u00e9es 2018\" width=\"602\" height=\"341\" srcset=\"https:\/\/i0.wp.com\/www.fabriceeulry-laboutique.com\/blog\/wp-content\/uploads\/2018\/05\/troph%C3%A9es-2018.png?w=602 602w, https:\/\/i0.wp.com\/www.fabriceeulry-laboutique.com\/blog\/wp-content\/uploads\/2018\/05\/troph%C3%A9es-2018.png?resize=300%2C170 300w\" sizes=\"auto, (max-width: 602px) 100vw, 602px\" \/><\/a><\/p>\n<p style=\"text-align: center;\"><strong><span style=\"color: #000000;\"><em>\u00c0 la remise du prix de l&rsquo;improvisation \u00e0 Baptiste Canvel (en pull marine, deuxi\u00e8me en partant de la droite) tous les musiciens montent sur sc\u00e8ne et jouent ensemble ! Apr\u00e8s le morceau (Sweet home Chicago) Fabrice Eulry remercie le public d&rsquo;ovationner cette initiative !<\/em><\/span><\/strong><\/p>\n<p style=\"text-align: center;\"><span style=\"color: #000000;\"><strong>Mais revenons au d\u00e9but de la journ\u00e9e : \u00e0 la salle des f\u00eates de Saint-C\u00f4me d&rsquo;Olt, d\u00e8s 15h00, les concurrents \u00e9taient pr\u00e9sent pour une balance.<\/strong><\/span><\/p>\n<p style=\"text-align: center;\"><span style=\"color: #000000;\"><strong>Kevin Luche pianiste (mais aussi batteur) d\u00e9j\u00e0 bien connu \u00e0 Espalion, pour son r\u00f4le dans le big band de Fred Bonnet, s&rsquo;\u00e9tait d\u00e9j\u00e0 illustr\u00e9 au piano lors d&rsquo;une jam-session en 2017 au Nayrac lors de la premi\u00e8re \u00e9dition du festival.&nbsp;<\/strong><\/span><\/p>\n<p style=\"text-align: center;\"><strong style=\"color: #000000;\"><strong><img data-recalc-dims=\"1\" loading=\"lazy\" decoding=\"async\" class=\"aligncenter size-full wp-image-9425\" src=\"https:\/\/i0.wp.com\/www.fabriceeulry-laboutique.com\/blog\/wp-content\/uploads\/2017\/05\/BeAsimonkevin.png?resize=534%2C405\" alt=\"BeAsimonkevin\" width=\"534\" height=\"405\" srcset=\"https:\/\/i0.wp.com\/www.fabriceeulry-laboutique.com\/blog\/wp-content\/uploads\/2017\/05\/BeAsimonkevin.png?w=534 534w, https:\/\/i0.wp.com\/www.fabriceeulry-laboutique.com\/blog\/wp-content\/uploads\/2017\/05\/BeAsimonkevin.png?resize=300%2C228 300w\" sizes=\"auto, (max-width: 534px) 100vw, 534px\" \/><\/strong>Il se pr\u00e9sentait dans deux formations avec son ami batteur Louis Brassac, puis sa soeur Natacha au chant. Ensuite Baptiste Canvel (qui venait sp\u00e9cialement de Roanne !) se proposait un solo. Le groupe TAXI venant de Marcillac avec une tenue Blues Brothers (\u00ab\u00a0Pour rendre hommage\u00a0\u00bb selon leurs dires) en formation classique de rock : deux guitares, une guitare basse, et une batterie avec le choix de Route 66 pour le morceau impos\u00e9 plut\u00f4t que Saint-Louis blues (contrairement aux autres formations), s&rsquo;essaya en dernier.&nbsp;<\/strong><\/p>\n<p style=\"text-align: center;\"><strong><span style=\"color: #000000;\">Puis le public arrivant, apr\u00e8s un pr\u00e9ambule de Daniel Huck qui souligna que faire partie du jury est toujours un exercice cruel et que tous les&nbsp;musiciens pr\u00e9sent pouvaient pr\u00e9tendre au&nbsp;professionnalisme, &nbsp;les formations pr\u00e9sent\u00e9s au fur et \u00e0 mesure par Fabrice Eulry pass\u00e8rent dans le m\u00eame ordre que celui de la balance, mais avec cette fois, la motivation suppl\u00e9mentaire que conf\u00e8re l&rsquo;\u00e9nergie du public.<\/span><\/strong><\/p>\n<p style=\"text-align: center;\"><span style=\"color: #000000;\"><strong>Kevin Luche et Louis Brassac :<\/strong><\/span><\/p>\n<p style=\"text-align: center;\"><span style=\"color: #000000;\"><strong>Ont choisi Saint-Louis blues comme morceau impos\u00e9 et une composition personnelle comme morceau choisi.<\/strong><\/span><\/p>\n<p style=\"text-align: center;\"><strong><span style=\"color: #000000;\">Ils ont d\u00e9croch\u00e9 le prix du&nbsp;professionnalisme&#8230; et Fabrice Eulry a soulign\u00e9 leur coh\u00e9sion qui remarqu\u00e9e par le jury pesa dans la d\u00e9cision.<\/span><\/strong><\/p>\n<p style=\"text-align: center;\"><span style=\"color: #000000;\"><strong>Kevin et Natacha Luche :<\/strong><\/span><\/p>\n<p style=\"text-align: center;\"><span style=\"color: #000000;\"><strong>ont choisi Saint-Louis blues comme morceau impos\u00e9 et Natacha s&rsquo;est r\u00e9v\u00e9l\u00e9e dans un scat exceptionnellement ma\u00eetris\u00e9. Ils ont obtenu le prix de l&rsquo;interpr\u00e9tation&#8230; ex aequo avec le groupe TAXI.<\/strong><\/span><\/p>\n<p style=\"text-align: center;\"><span style=\"color: #000000;\"><strong>Il restait le prix de l&rsquo;improvisation : apr\u00e8s un accessit d\u00e9cern\u00e9 \u00e0 Mathis, le guitariste de TAXI (masqu\u00e9 par Fabrice Eulry sur la photo), ce fut Baptiste Canvel qui en clavier solo qui fut d\u00e9clar\u00e9 laur\u00e9at pour sa capacit\u00e9 d&rsquo;adaptation : il s&rsquo;attendait \u00e0 un piano acoustique que le budget n&rsquo;avait pas permis de fournir contrairement aux autres soir\u00e9es du festival, un Larsen fit cracher les enceintes pendant dix secondes mais regardant le public avec le sourire en continuant \u00e0 jouer, il fournit une improvisation d\u00e9brid\u00e9e sur Saint-Louis blues.<\/strong><\/span><\/p>\n<p style=\"text-align: center;\"><span style=\"color: #000000;\"><strong>Baptiste Canvel \u00e9tait le seul musicien \u00e0 n&rsquo;\u00eatre point du pays et \u00e0 proposer un solo, pourtant c&rsquo;est autour de lui que s&rsquo;est f\u00e9d\u00e9r\u00e9 la complicit\u00e9 de la sympathique compagnie : \u00e0 chaque remise prix les laur\u00e9ats remontaient sur sc\u00e8ne jouer un morceau. Lorsque ce fut le tour de Baptiste, le dernier \u00e0 \u00eatre prim\u00e9, ils mont\u00e8rent tous, ayant pr\u00e9vu de finir ensemble quelque soit le r\u00e9sultat !<\/strong><\/span><\/p>\n<p style=\"text-align: center;\"><span style=\"color: #000000;\"><strong>Les prix :<\/strong><\/span><\/p>\n<p style=\"text-align: center;\"><span style=\"color: #000000;\"><strong>Chaque formation a gagn\u00e9 un engagement pay\u00e9 sur une des sc\u00e8nes du festival de l&rsquo;ann\u00e9e prochaine, \u00e0 l&rsquo;exception du groupe TAXI qui aura le choix entre ce prix ou un enregistrement vid\u00e9o ou audio professionnel offert par Blues en Aveyron.<\/strong><\/span><\/p>\n<p style=\"text-align: center;\"><span style=\"color: #000000;\"><strong>Les Troph\u00e9es du blues vus par Centre presse :<\/strong><\/span><\/p>\n<p style=\"text-align: center;\"><img data-recalc-dims=\"1\" loading=\"lazy\" decoding=\"async\" class=\"aligncenter size-full wp-image-10667\" src=\"https:\/\/i0.wp.com\/www.fabriceeulry-laboutique.com\/blog\/wp-content\/uploads\/2018\/05\/Centre-presse-BenA-troph%C3%A9es-2018.png?resize=640%2C421\" alt=\"Centre presse BenA troph\u00e9es 2018\" width=\"640\" height=\"421\" srcset=\"https:\/\/i0.wp.com\/www.fabriceeulry-laboutique.com\/blog\/wp-content\/uploads\/2018\/05\/Centre-presse-BenA-troph%C3%A9es-2018.png?w=980 980w, https:\/\/i0.wp.com\/www.fabriceeulry-laboutique.com\/blog\/wp-content\/uploads\/2018\/05\/Centre-presse-BenA-troph%C3%A9es-2018.png?resize=300%2C197 300w, https:\/\/i0.wp.com\/www.fabriceeulry-laboutique.com\/blog\/wp-content\/uploads\/2018\/05\/Centre-presse-BenA-troph%C3%A9es-2018.png?resize=768%2C505 768w\" sizes=\"auto, (max-width: 640px) 100vw, 640px\" \/><\/p>\n<\/div>\n<p style=\"text-align: center;\"><span style=\"color: #000000;\"><strong>LE TRIOMPHE DE RICKY NORTON :<\/strong><\/span><\/p>\n<p style=\"text-align: center;\"><strong><a href=\"https:\/\/i0.wp.com\/www.fabriceeulry-laboutique.com\/blog\/wp-content\/uploads\/2017\/07\/Norton-1.jpg\"><img data-recalc-dims=\"1\" loading=\"lazy\" decoding=\"async\" class=\"aligncenter size-full wp-image-9600\" src=\"https:\/\/i0.wp.com\/www.fabriceeulry-laboutique.com\/blog\/wp-content\/uploads\/2017\/07\/Norton-1.jpg?resize=261%2C175\" alt=\"Norton 1\" width=\"261\" height=\"175\"><\/a><\/strong><\/p>\n<h3 style=\"text-align: center;\"><strong><span style=\"color: #000000;\">Dans le cadre du festival Blues en&nbsp;Aveyron, le chanteur a rendu un double hommage \u00e0 Elvis Presley les 4 et 5 mai \u00e0 l&rsquo;espace multiculturel du Nayrac et \u00e0 Espalion, accompagn\u00e9 par Fabrice Eulry et les Roling twisters.<\/span><\/strong><\/h3>\n<h3 style=\"text-align: center;\"><a href=\"https:\/\/i0.wp.com\/www.fabriceeulry-laboutique.com\/blog\/wp-content\/uploads\/2018\/05\/Ricky-Norton-Nayrac-2018-2.png\"><img data-recalc-dims=\"1\" loading=\"lazy\" decoding=\"async\" class=\"aligncenter size-full wp-image-10646\" src=\"https:\/\/i0.wp.com\/www.fabriceeulry-laboutique.com\/blog\/wp-content\/uploads\/2018\/05\/Ricky-Norton-Nayrac-2018-2.png?resize=640%2C367\" alt=\"Ricky Norton Nayrac 2018 2\" width=\"640\" height=\"367\" srcset=\"https:\/\/i0.wp.com\/www.fabriceeulry-laboutique.com\/blog\/wp-content\/uploads\/2018\/05\/Ricky-Norton-Nayrac-2018-2.png?w=920 920w, https:\/\/i0.wp.com\/www.fabriceeulry-laboutique.com\/blog\/wp-content\/uploads\/2018\/05\/Ricky-Norton-Nayrac-2018-2.png?resize=300%2C172 300w, https:\/\/i0.wp.com\/www.fabriceeulry-laboutique.com\/blog\/wp-content\/uploads\/2018\/05\/Ricky-Norton-Nayrac-2018-2.png?resize=768%2C441 768w\" sizes=\"auto, (max-width: 640px) 100vw, 640px\" \/><\/a><\/h3>\n<h3 style=\"text-align: center;\"><strong><span style=\"color: #000000;\">(Jeff Monin guitare, Lionel Stievenard saxo, Enzo Mucci contrebasse, Octave Eulry batterie, Fabrice Eulry piano). Invit\u00e9&nbsp;surprise \u00e0 Espalion, Daniel Huck fit \u00e9galement lever la salle d\u00e8s avant l&rsquo;entracte en chantant Lucky old&nbsp;<\/span><\/strong><b><span style=\"color: #000000;\">Sun et en terminant par un solo de saxo alto tonitruant en duo avec&nbsp;Fabrice Eulry.<\/span><\/b><\/h3>\n<p><a href=\"https:\/\/i0.wp.com\/www.fabriceeulry-laboutique.com\/blog\/wp-content\/uploads\/2018\/04\/AFFICHE-BLUES-EN-AVEYRON-2018.png\"><img data-recalc-dims=\"1\" loading=\"lazy\" decoding=\"async\" class=\"aligncenter size-full wp-image-10579\" src=\"https:\/\/i0.wp.com\/www.fabriceeulry-laboutique.com\/blog\/wp-content\/uploads\/2018\/04\/AFFICHE-BLUES-EN-AVEYRON-2018.png?resize=379%2C538\" alt=\"AFFICHE BLUES EN AVEYRON 2018\" width=\"379\" height=\"538\" srcset=\"https:\/\/i0.wp.com\/www.fabriceeulry-laboutique.com\/blog\/wp-content\/uploads\/2018\/04\/AFFICHE-BLUES-EN-AVEYRON-2018.png?w=379 379w, https:\/\/i0.wp.com\/www.fabriceeulry-laboutique.com\/blog\/wp-content\/uploads\/2018\/04\/AFFICHE-BLUES-EN-AVEYRON-2018.png?resize=211%2C300 211w, https:\/\/i0.wp.com\/www.fabriceeulry-laboutique.com\/blog\/wp-content\/uploads\/2018\/04\/AFFICHE-BLUES-EN-AVEYRON-2018.png?resize=300%2C426 300w\" sizes=\"auto, (max-width: 379px) 100vw, 379px\" \/><\/a><\/p>\n<p style=\"text-align: center;\"><span style=\"color: #000000;\"><strong>HOMMAGES \u00e0 RAY CHARLES<\/strong><\/span><\/p>\n<p style=\"text-align: center;\"><span style=\"color: #000000;\"><strong>600 PERSONNES POUR L&rsquo;HOMMAGE \u00c0 RAY CHARLES :<\/strong><\/span><\/p>\n<p style=\"text-align: center;\"><span style=\"color: #000000;\"><strong>Les amis de <a href=\"http:\/\/www.fabriceeulry-laboutique.com\/blog\/?p=9464\">Blues en Aveyron<\/a> a fait un battage des plus efficaces dans les journ\u00e9es qui ont pr\u00e9c\u00e9d\u00e9 les deux concerts.<\/strong><\/span><\/p>\n<p style=\"text-align: center;\"><a href=\"https:\/\/i0.wp.com\/www.fabriceeulry-laboutique.com\/blog\/wp-content\/uploads\/2017\/11\/affiche2ray-e1511117713182.png\"><img data-recalc-dims=\"1\" loading=\"lazy\" decoding=\"async\" class=\"alignright size-full wp-image-9874\" src=\"https:\/\/i0.wp.com\/www.fabriceeulry-laboutique.com\/blog\/wp-content\/uploads\/2017\/11\/affiche2ray-e1511117713182.png?resize=640%2C699\" alt=\"affiche2ray\" width=\"640\" height=\"699\" srcset=\"https:\/\/i0.wp.com\/www.fabriceeulry-laboutique.com\/blog\/wp-content\/uploads\/2017\/11\/affiche2ray-e1511117713182.png?w=657 657w, https:\/\/i0.wp.com\/www.fabriceeulry-laboutique.com\/blog\/wp-content\/uploads\/2017\/11\/affiche2ray-e1511117713182.png?resize=275%2C300 275w, https:\/\/i0.wp.com\/www.fabriceeulry-laboutique.com\/blog\/wp-content\/uploads\/2017\/11\/affiche2ray-e1511117713182.png?resize=300%2C328 300w\" sizes=\"auto, (max-width: 640px) 100vw, 640px\" \/><\/a><\/p>\n<p style=\"text-align: center;\"><strong><span style=\"color: #000000;\">Le reportage du bulletin d&rsquo;Espalion :<\/span><\/strong><\/p>\n<p style=\"text-align: center;\"><a href=\"https:\/\/i0.wp.com\/www.fabriceeulry-laboutique.com\/blog\/wp-content\/uploads\/2017\/12\/Capture-d%E2%80%99%C3%A9cran-2017-12-02-%C3%A0-01.40.20.png\"><img data-recalc-dims=\"1\" loading=\"lazy\" decoding=\"async\" class=\"size-full wp-image-9911 aligncenter\" src=\"https:\/\/i0.wp.com\/www.fabriceeulry-laboutique.com\/blog\/wp-content\/uploads\/2017\/12\/Capture-d%E2%80%99%C3%A9cran-2017-12-02-%C3%A0-01.40.20.png?resize=498%2C606\" alt=\"Capture d\u2019\u00e9cran 2017-12-02 \u00e0 01.40.20\" width=\"498\" height=\"606\" srcset=\"https:\/\/i0.wp.com\/www.fabriceeulry-laboutique.com\/blog\/wp-content\/uploads\/2017\/12\/Capture-d%E2%80%99%C3%A9cran-2017-12-02-%C3%A0-01.40.20.png?w=498 498w, https:\/\/i0.wp.com\/www.fabriceeulry-laboutique.com\/blog\/wp-content\/uploads\/2017\/12\/Capture-d%E2%80%99%C3%A9cran-2017-12-02-%C3%A0-01.40.20.png?resize=247%2C300 247w, https:\/\/i0.wp.com\/www.fabriceeulry-laboutique.com\/blog\/wp-content\/uploads\/2017\/12\/Capture-d%E2%80%99%C3%A9cran-2017-12-02-%C3%A0-01.40.20.png?resize=300%2C365 300w\" sizes=\"auto, (max-width: 498px) 100vw, 498px\" \/><\/a><\/p>\n<p style=\"text-align: center;\"><strong><span style=\"color: #000000;\">Celui de la gazette du Nayrac :<\/span><\/strong><\/p>\n<p style=\"text-align: center;\"><a href=\"https:\/\/i0.wp.com\/www.fabriceeulry-laboutique.com\/blog\/wp-content\/uploads\/2017\/12\/Capture-d%E2%80%99%C3%A9cran-2017-12-02-%C3%A0-01.43.07.png\"><img data-recalc-dims=\"1\" loading=\"lazy\" decoding=\"async\" class=\"size-full wp-image-9912 aligncenter\" src=\"https:\/\/i0.wp.com\/www.fabriceeulry-laboutique.com\/blog\/wp-content\/uploads\/2017\/12\/Capture-d%E2%80%99%C3%A9cran-2017-12-02-%C3%A0-01.43.07.png?resize=454%2C431\" alt=\"Capture d\u2019\u00e9cran 2017-12-02 \u00e0 01.43.07\" width=\"454\" height=\"431\" srcset=\"https:\/\/i0.wp.com\/www.fabriceeulry-laboutique.com\/blog\/wp-content\/uploads\/2017\/12\/Capture-d%E2%80%99%C3%A9cran-2017-12-02-%C3%A0-01.43.07.png?w=454 454w, https:\/\/i0.wp.com\/www.fabriceeulry-laboutique.com\/blog\/wp-content\/uploads\/2017\/12\/Capture-d%E2%80%99%C3%A9cran-2017-12-02-%C3%A0-01.43.07.png?resize=300%2C285 300w\" sizes=\"auto, (max-width: 454px) 100vw, 454px\" \/><\/a><\/p>\n<p style=\"text-align: center;\"><strong>R\u00c9PARATION DU PIANO WURLITZER DE RAY CHARLES&nbsp;<\/strong><\/p>\n<p style=\"text-align: center;\"><strong>Le Canard du pianiste vous a parl\u00e9 r\u00e9cemment de ce fameux piano Wurlitzer, ici d\u00e9capot\u00e9,<\/strong><\/p>\n<p><a href=\"https:\/\/i0.wp.com\/www.fabriceeulry-laboutique.com\/blog\/wp-content\/uploads\/2017\/11\/wur1.png\"><img data-recalc-dims=\"1\" loading=\"lazy\" decoding=\"async\" class=\"alignright size-full wp-image-9841\" src=\"https:\/\/i0.wp.com\/www.fabriceeulry-laboutique.com\/blog\/wp-content\/uploads\/2017\/11\/wur1.png?resize=640%2C386\" alt=\"wur1\" width=\"640\" height=\"386\" srcset=\"https:\/\/i0.wp.com\/www.fabriceeulry-laboutique.com\/blog\/wp-content\/uploads\/2017\/11\/wur1.png?w=828 828w, https:\/\/i0.wp.com\/www.fabriceeulry-laboutique.com\/blog\/wp-content\/uploads\/2017\/11\/wur1.png?resize=300%2C181 300w, https:\/\/i0.wp.com\/www.fabriceeulry-laboutique.com\/blog\/wp-content\/uploads\/2017\/11\/wur1.png?resize=768%2C464 768w\" sizes=\"auto, (max-width: 640px) 100vw, 640px\" \/><\/a><\/p>\n<p style=\"text-align: center;\"><strong>sur lequel Ray Charles joue entre autres <a href=\"https:\/\/www.youtube.com\/watch?v=1rggldf1c6c\">What&rsquo;d I say<\/a> et qu&rsquo;il a utilis\u00e9 dans les <a href=\"https:\/\/www.google.fr\/search?dcr=0&amp;ei=DlYKWvukG5CdkwXxrprIAg&amp;q=blues+brothers+ray+charles+-+twist+it&amp;oq=blues+brothers+ray+charles&amp;gs_l=psy-ab.1.1.0l2j0i22i30k1l8.2783.13585.0.16199.33.33.0.0.0.0.159.3706.0j32.33.0....0...1.1.64.psy-ab..0.32.3704.0..0i67k1j0i131k1j0i131i67k1.103.oABvtEf2aUs\">Blues&nbsp;<\/a><\/strong><b>Brothers. Le mod\u00e8le qui sera utilis\u00e9 par Fabrice Eulry lors de l&rsquo;hommage au&nbsp;Genius prochainement, <\/b><\/p>\n<p style=\"text-align: center;\"><b><img data-recalc-dims=\"1\" loading=\"lazy\" decoding=\"async\" class=\"alignright size-full wp-image-9849\" src=\"https:\/\/i0.wp.com\/www.fabriceeulry-laboutique.com\/blog\/wp-content\/uploads\/2017\/11\/wur7.png?resize=640%2C356\" alt=\"wur7\" width=\"640\" height=\"356\" srcset=\"https:\/\/i0.wp.com\/www.fabriceeulry-laboutique.com\/blog\/wp-content\/uploads\/2017\/11\/wur7.png?w=822 822w, https:\/\/i0.wp.com\/www.fabriceeulry-laboutique.com\/blog\/wp-content\/uploads\/2017\/11\/wur7.png?resize=300%2C167 300w, https:\/\/i0.wp.com\/www.fabriceeulry-laboutique.com\/blog\/wp-content\/uploads\/2017\/11\/wur7.png?resize=768%2C427 768w\" sizes=\"auto, (max-width: 640px) 100vw, 640px\" \/>vient d&rsquo;\u00eatre r\u00e9vis\u00e9 par l&rsquo;ing\u00e9nieur Fr\u00e9d\u00e9ric Rossi, \u00e9galement ma\u00eetre de conf\u00e9rences, que nous remercions pour les photos.&nbsp;<\/b><\/p>\n<p style=\"text-align: center;\"><strong>Et voici comment :<\/strong><\/p>\n<p style=\"text-align: center;\"><strong>Il fallait&nbsp;notamment&nbsp;r\u00e9parer une corde cass\u00e9e.<\/strong><\/p>\n<p style=\"text-align: center;\"><strong>Description des objets gauche \u00e0 droite :<\/strong><\/p>\n<p style=\"text-align: center;\"><strong>La scie circulaire \u00e0 m\u00e9taux.<\/strong><\/p>\n<p style=\"text-align: center;\"><strong>Plus \u00e0 gauche encore, un couteau \u00e0 beurre dans lequel, on le voit, notre ing\u00e9nieur commence \u00e0 tailler la nouvelle \u00ab\u00a0corde\u00a0\u00bb.<\/strong><\/p>\n<p style=\"text-align: center;\"><strong>Plus \u00e0 gauche encore, la corde cass\u00e9e (corde en m\u00e9tal)&nbsp;<\/strong><\/p>\n<p style=\"text-align: center;\"><strong>\u00c0 l&rsquo;extr\u00eame droite la nouvelle corde taill\u00e9e dans un couteau \u00e0 beurre !<\/strong><a href=\"https:\/\/i0.wp.com\/www.fabriceeulry-laboutique.com\/blog\/wp-content\/uploads\/2017\/11\/wur6.png\"><img data-recalc-dims=\"1\" loading=\"lazy\" decoding=\"async\" class=\"alignright size-full wp-image-9850\" src=\"https:\/\/i0.wp.com\/www.fabriceeulry-laboutique.com\/blog\/wp-content\/uploads\/2017\/11\/wur6.png?resize=640%2C355\" alt=\"wur6\" width=\"640\" height=\"355\" srcset=\"https:\/\/i0.wp.com\/www.fabriceeulry-laboutique.com\/blog\/wp-content\/uploads\/2017\/11\/wur6.png?w=823 823w, https:\/\/i0.wp.com\/www.fabriceeulry-laboutique.com\/blog\/wp-content\/uploads\/2017\/11\/wur6.png?resize=300%2C167 300w, https:\/\/i0.wp.com\/www.fabriceeulry-laboutique.com\/blog\/wp-content\/uploads\/2017\/11\/wur6.png?resize=768%2C426 768w\" sizes=\"auto, (max-width: 640px) 100vw, 640px\" \/><\/a><\/p>\n<p style=\"text-align: center;\"><strong>&nbsp;Les \u00ab\u00a0cordes\u00a0\u00bb appel\u00e9e \u00ab\u00a0roseaux\u00a0\u00bb, ne s&rsquo;accordent pas facilement car il faut&nbsp;rajouter plus ou moins d&rsquo;\u00e9tain en bout de corde (partie sup\u00e9rieure de la corde en forme de petite pyramide sur la photo). Autre astuce \u00e0 partager absolument entre tous les possesseurs de ces claviers d\u00e9sormais rares : on peut \u00e9galement jouer sur la position du roseau et sur son serrage pour accorder. <\/strong><\/p>\n<p style=\"text-align: center;\"><strong>Mais si une note se met sonner faux d&rsquo;un ton entier, c&rsquo;est sans doute que le m\u00e9tal de votre corde est en train de casser.&nbsp;<\/strong><\/p>\n<p style=\"text-align: center;\"><strong>C&rsquo;est ce qui s&rsquo;est pass\u00e9 ici !<\/strong><\/p>\n<p style=\"text-align: center;\"><strong>Avant de se rompre la \u00ab\u00a0corde\u00a0\u00bb de si b\u00e9mol sonnait en effet comme un la b\u00e9mol.<\/strong><img data-recalc-dims=\"1\" loading=\"lazy\" decoding=\"async\" class=\"alignright size-full wp-image-9846\" src=\"https:\/\/i0.wp.com\/www.fabriceeulry-laboutique.com\/blog\/wp-content\/uploads\/2017\/11\/wur5.png?resize=640%2C347\" alt=\"wur5\" width=\"640\" height=\"347\" srcset=\"https:\/\/i0.wp.com\/www.fabriceeulry-laboutique.com\/blog\/wp-content\/uploads\/2017\/11\/wur5.png?w=824 824w, https:\/\/i0.wp.com\/www.fabriceeulry-laboutique.com\/blog\/wp-content\/uploads\/2017\/11\/wur5.png?resize=300%2C163 300w, https:\/\/i0.wp.com\/www.fabriceeulry-laboutique.com\/blog\/wp-content\/uploads\/2017\/11\/wur5.png?resize=768%2C417 768w\" sizes=\"auto, (max-width: 640px) 100vw, 640px\" \/><\/p>\n<p style=\"text-align: center;\"><strong>En d\u00e9montant&nbsp;l&rsquo;\u00e9touffoir la cassure a \u00e9t\u00e9 d\u00e9voil\u00e9e :<\/strong><a href=\"https:\/\/i0.wp.com\/www.fabriceeulry-laboutique.com\/blog\/wp-content\/uploads\/2017\/11\/wur4.png\"><img data-recalc-dims=\"1\" loading=\"lazy\" decoding=\"async\" class=\"alignright size-full wp-image-9845\" src=\"https:\/\/i0.wp.com\/www.fabriceeulry-laboutique.com\/blog\/wp-content\/uploads\/2017\/11\/wur4.png?resize=640%2C388\" alt=\"wur4\" width=\"640\" height=\"388\" srcset=\"https:\/\/i0.wp.com\/www.fabriceeulry-laboutique.com\/blog\/wp-content\/uploads\/2017\/11\/wur4.png?w=819 819w, https:\/\/i0.wp.com\/www.fabriceeulry-laboutique.com\/blog\/wp-content\/uploads\/2017\/11\/wur4.png?resize=300%2C182 300w, https:\/\/i0.wp.com\/www.fabriceeulry-laboutique.com\/blog\/wp-content\/uploads\/2017\/11\/wur4.png?resize=768%2C466 768w\" sizes=\"auto, (max-width: 640px) 100vw, 640px\" \/><\/a><\/p>\n<p><strong>Apr\u00e8s la r\u00e9paration, en remontant&nbsp;l&rsquo;\u00e9touffoir, notre ing\u00e9nieur a pris soin d&rsquo;y noter la date et la nature de la r\u00e9paration.<\/strong><img data-recalc-dims=\"1\" loading=\"lazy\" decoding=\"async\" class=\"size-full wp-image-9848 aligncenter\" src=\"https:\/\/i0.wp.com\/www.fabriceeulry-laboutique.com\/blog\/wp-content\/uploads\/2017\/11\/wur8.png?resize=361%2C594\" alt=\"wur8\" width=\"361\" height=\"594\" srcset=\"https:\/\/i0.wp.com\/www.fabriceeulry-laboutique.com\/blog\/wp-content\/uploads\/2017\/11\/wur8.png?w=361 361w, https:\/\/i0.wp.com\/www.fabriceeulry-laboutique.com\/blog\/wp-content\/uploads\/2017\/11\/wur8.png?resize=182%2C300 182w, https:\/\/i0.wp.com\/www.fabriceeulry-laboutique.com\/blog\/wp-content\/uploads\/2017\/11\/wur8.png?resize=300%2C494 300w\" sizes=\"auto, (max-width: 361px) 100vw, 361px\" \/><\/p>\n<p><strong>L&rsquo;hommage \u00e0 Ray Charles \u00e0 travers un disque de Fabrice Eulry :<\/strong><\/p>\n<p><a href=\"https:\/\/i0.wp.com\/www.fabriceeulry-laboutique.com\/blog\/wp-content\/uploads\/2012\/10\/POCHETTE-TWIST4.jpg\"><img data-recalc-dims=\"1\" loading=\"lazy\" decoding=\"async\" title=\"POCHETTE TWIST\" src=\"https:\/\/i0.wp.com\/www.fabriceeulry-laboutique.com\/blog\/wp-content\/uploads\/2012\/10\/POCHETTE-TWIST4.jpg?resize=200%2C200\" alt=\"\" width=\"200\" height=\"200\"><\/a><\/p>\n<h2>&nbsp; &nbsp;Paru dans Soul bag magazine, cette chronique du disque Twistin&rsquo; at Ray&rsquo;s \u00e9crite par Andr\u00e9 Hobus, traduite du flamand par le Canard du pianiste.<\/h2>\n<h2><strong>&nbsp; &nbsp;\u00ab\u00a0C&rsquo;est une surprise totale, m\u00eame compte tenu de l&rsquo;\u00e9clectisme de Fabrice Eulry, son go\u00fbt pour la pop et son implication subtile \u00e0 trouver des compromis entre les genres. &nbsp;<\/strong><\/h2>\n<h2><strong>&nbsp; &nbsp;Ce CD instrumental est richement orchestr\u00e9 dans le style de la musique de film des ann\u00e9es 60. Je pense \u00e0 John Barry, Herb Alpert ou surtout, Henri Mancini (La Panth\u00e8re rose) Sur d&rsquo;autres pi\u00e8ces, on retrouve Floyd Cramer. <\/strong><\/h2>\n<h2><strong>&nbsp; La signature musicale Fabrice Eulry est cependant omnipr\u00e9sente, tant on sent ses grondantes notes de basse toujours aller crescendo. <\/strong><\/h2>\n<h2><strong>&nbsp; C&rsquo;est un CD remarquable sous une forme attrayante, avec les pas de danse sur le twist et le madison comme jadis. Autre remarque, Ricky Nye est co-producteur de ce disque enregistr\u00e9 \u00e0 Cincinnati .<\/strong><\/h2>\n<h2><strong>&nbsp; Superbe &nbsp;!\u00a0\u00bb<\/strong><\/h2>\n<h2>Andr\u00e9 Hobus<\/h2>\n<h2><strong><em>Sorti en magasin l&rsquo;\u00e9t\u00e9 dernier aux Etats-unis, ce disque en hommage \u00e0 Ray Charles est disponible en France !<\/em><\/strong><\/h2>\n<h2><strong>Vous pouvez d\u00e9j\u00e0 le commander en version cd &nbsp;ou en num\u00e9rique sur ce site ! Sur la boutique de&nbsp;<\/strong><\/h2>\n<h3><strong><a href=\"http:\/\/www.\/fabriceeulry.com\">http:\/\/www.fabriceeulry.com<\/a>&nbsp;<\/strong><\/h3>\n<h3>&nbsp;&nbsp; le r\u00e9pertoire de ce disque n&rsquo;est pas ax\u00e9 sur le r\u00e9pertoire de Ray Charles mais sur le son d&rsquo;une des directions musicales qu&rsquo;il a prises.<\/h3>\n<h3>&nbsp;&nbsp; Il comprend des compositions de Fabrice Eulry, (Isabelle Madison, You&rsquo;ll never twist alone un morceau siffl\u00e9) des reprises de traditionnels am\u00e9ricains (Swanee river) des reprises du pianiste Ken Jones (Blusesville) ou de Floyd Cramer (On th\u00e9 rebond) le tout orchestr\u00e9 par Fabrice Eulry ou Ken Jones (arrangements de 1960 relev\u00e9s &nbsp;2002 par Jean-Claude Naude) pour un orchestre d&rsquo;une douzaine de musiciens, suivant les morceaux : 4 trompettistes, 4 trombonistes dont Marc Fields<\/h3>\n<h3><strong><a href=\"http:\/\/www.fabriceeulry-laboutique.com\/blog\/wp-content\/uploads\/2012\/08\/Marc-Fields1.tif\"><img loading=\"lazy\" decoding=\"async\" title=\"Marc Fields\" src=\"http:\/\/www.fabriceeulry-laboutique.com\/blog\/wp-content\/uploads\/2012\/08\/Marc-Fields1.tif\" alt=\"\" width=\"302\" height=\"220\"><\/a><\/strong>&nbsp;tromboniste de Ray Charles, piano, contrebasse, batterie, guitare, et parfois vibraphone.<\/h3>\n<h3><strong>&nbsp;&nbsp;&nbsp;<\/strong><\/h3>\n<h3>Voici d\u00e9j\u00e0 des commentaires de premiers acqu\u00e9reurs du disque TWISTIN&rsquo; AT RAY&rsquo;S :<\/h3>\n<h3>\u00ab\u00a0I&rsquo;ve been enjoying Twistin&rsquo; at Rays! It came out sounding &nbsp;great and true to the genre. I&rsquo;ve been playing for a bunch of people and they all remark on it&rsquo;s stylistic integrity. Thanks again for making a part of it. Enjoy your stay in the U.S.\u00a0\u00bb<\/h3>\n<p>Micha\u00ebl<\/p>\n<h3><strong>\u00ab\u00a0J&rsquo;ai savour\u00e9 &nbsp;Twistin&rsquo; at Ray&rsquo;s . Cela sortait en sonnant \u00e9norme et authentique dans le genre. Je l&rsquo;ai pass\u00e9 devant une assistance cons\u00e9quente et ils m&rsquo;ont tous fait cette remarque sur l&rsquo;int\u00e9grit\u00e9 stylistique. Merci encore d&rsquo;y contribuer. Bon s\u00e9jour aux Etats-unis.\u00a0\u00bb<\/strong><\/h3>\n<p>Micha\u00ebl<\/p>\n<h2 style=\"text-align: center;\"><span style=\"color: #000000;\">CONF\u00c9RENCE SUR LE SWING DANS L&rsquo;AUBRAC :&nbsp;<\/span><\/h2>\n<h2 style=\"text-align: center;\"><span style=\"color: #000000;\"><strong>La d\u00e9licieuse petite ville de Sainte Genevi\u00e8ve sur Argence recevait ce 13 septembre Fabrice Eulry qui, pour l&rsquo;association BLUES en AVEYRON, donna une conf\u00e9rence sur le swing.<\/strong><\/span><\/h2>\n<p><a href=\"https:\/\/i0.wp.com\/www.fabriceeulry-laboutique.com\/blog\/wp-content\/uploads\/2017\/09\/con1.png\"><img data-recalc-dims=\"1\" loading=\"lazy\" decoding=\"async\" class=\"size-full wp-image-9755 aligncenter\" src=\"https:\/\/i0.wp.com\/www.fabriceeulry-laboutique.com\/blog\/wp-content\/uploads\/2017\/09\/con1.png?resize=499%2C201\" alt=\"con1\" width=\"499\" height=\"201\" srcset=\"https:\/\/i0.wp.com\/www.fabriceeulry-laboutique.com\/blog\/wp-content\/uploads\/2017\/09\/con1.png?w=499 499w, https:\/\/i0.wp.com\/www.fabriceeulry-laboutique.com\/blog\/wp-content\/uploads\/2017\/09\/con1.png?resize=300%2C121 300w\" sizes=\"auto, (max-width: 499px) 100vw, 499px\" \/><\/a><\/p>\n<h2 style=\"text-align: center;\"><strong><span style=\"color: #000000;\">Le swing captive la jeunesse aveyronnaise !<\/span><\/strong><\/h2>\n<h2 style=\"text-align: center;\"><span style=\"color: #000000;\"><strong>\u00c0 ce sujet Blues en Aveyron remercie le conseil municipal pour ses efforts en la mati\u00e8re (op\u00e9ration orchestre \u00e0 l&rsquo;\u00e9cole tout au long de l&rsquo;ann\u00e9e -certains vont m\u00eame passer \u00e0 l&rsquo;Olympia dans un orchestre g\u00e9ant d&rsquo;enfants en mai 2018 !) et mise \u00e0 disposition de l&rsquo;indispensable piano qui permit d&rsquo;illustrer chaque propos.&nbsp;<\/strong><\/span><\/h2>\n<h2 style=\"text-align: center;\"><a href=\"https:\/\/i0.wp.com\/www.fabriceeulry-laboutique.com\/blog\/wp-content\/uploads\/2017\/09\/swing-conf-4.jpg\"><img data-recalc-dims=\"1\" loading=\"lazy\" decoding=\"async\" class=\"size-full wp-image-9707 aligncenter\" src=\"https:\/\/i0.wp.com\/www.fabriceeulry-laboutique.com\/blog\/wp-content\/uploads\/2017\/09\/swing-conf-4.jpg?resize=535%2C400\" alt=\"swing conf 4\" width=\"535\" height=\"400\" srcset=\"https:\/\/i0.wp.com\/www.fabriceeulry-laboutique.com\/blog\/wp-content\/uploads\/2017\/09\/swing-conf-4.jpg?w=535 535w, https:\/\/i0.wp.com\/www.fabriceeulry-laboutique.com\/blog\/wp-content\/uploads\/2017\/09\/swing-conf-4.jpg?resize=300%2C224 300w\" sizes=\"auto, (max-width: 535px) 100vw, 535px\" \/><\/a><\/h2>\n<h2 style=\"text-align: center;\"><em><span style=\"color: #000000;\">Ici le Maire M.Valadier, passionn\u00e9 par le tableau de la chronologie des grands orchestres de swing, qui ne manqua d&rsquo;offrir ensuite l&rsquo;Aligot \u00e0 toute l&rsquo;\u00e9quipe de BLUES EN AVEYRON (vive l&rsquo;Aveyron !).<\/span><\/em><\/h2>\n<h2 style=\"text-align: center;\"><span style=\"color: #000000;\"><strong>&#8230;&nbsp;<\/strong><\/span><\/h2>\n<h2 style=\"text-align: left;\"><span style=\"color: #000000;\"><strong>Jouez-nous du swing !<\/strong><\/span><\/h2>\n<div style=\"width: 640px;\" class=\"wp-video\"><video class=\"wp-video-shortcode\" id=\"video-11136-1\" width=\"640\" height=\"480\" preload=\"metadata\" controls=\"controls\"><source type=\"video\/mp4\" src=\"http:\/\/www.fabriceeulry-laboutique.com\/blog\/wp-content\/uploads\/2017\/09\/MOV_2269.mp4?_=1\" \/><a href=\"http:\/\/www.fabriceeulry-laboutique.com\/blog\/wp-content\/uploads\/2017\/09\/MOV_2269.mp4\">http:\/\/www.fabriceeulry-laboutique.com\/blog\/wp-content\/uploads\/2017\/09\/MOV_2269.mp4<\/a><\/video><\/div>\n<p><\/p>\n<h2 style=\"text-align: center;\"><span style=\"color: #000000;\"><strong>Le concert de cl\u00f4ture du festival Blues en Aveyron 2018 aura justement lieu \u00e0 Sainte Genevi\u00e8ve sur Argence le lundi 7 mai ! Au programme : le Big band de Fred Bonnet et Fabrice Eulry.&nbsp;<\/strong><\/span><\/h2>\n<h2 style=\"text-align: center;\">&nbsp;<\/h2>\n<p style=\"text-align: center;\"><span style=\"color: #000000;\"><strong>BLUES EN AVEYRON 2017<\/strong><\/span><\/p>\n<p style=\"text-align: center;\"><img data-recalc-dims=\"1\" loading=\"lazy\" decoding=\"async\" class=\"size-full wp-image-9439 aligncenter\" src=\"https:\/\/i0.wp.com\/www.fabriceeulry-laboutique.com\/blog\/wp-content\/uploads\/2017\/05\/BeA.png?resize=400%2C567\" alt=\"BeA\" width=\"400\" height=\"567\" srcset=\"https:\/\/i0.wp.com\/www.fabriceeulry-laboutique.com\/blog\/wp-content\/uploads\/2017\/05\/BeA.png?w=400 400w, https:\/\/i0.wp.com\/www.fabriceeulry-laboutique.com\/blog\/wp-content\/uploads\/2017\/05\/BeA.png?resize=212%2C300 212w, https:\/\/i0.wp.com\/www.fabriceeulry-laboutique.com\/blog\/wp-content\/uploads\/2017\/05\/BeA.png?resize=300%2C425 300w\" sizes=\"auto, (max-width: 400px) 100vw, 400px\" \/><\/p>\n<p style=\"text-align: center;\"><strong>Ici Tony Kazima, qui le premier comme le second jour du festival Blues en Aveyron a chauff\u00e9 les salles de Saint-C\u00f4me d&rsquo;Olt et du Nayrac avec le r\u00e9pertoire de Ray Charles (mais aussi Nat King Cole et Fabrice Eulry avec une reprise de Boogie passavant). &nbsp;<\/strong><\/p>\n<p><a href=\"https:\/\/i0.wp.com\/www.fabriceeulry-laboutique.com\/blog\/wp-content\/uploads\/2017\/05\/Tony-BeA.png\"><img data-recalc-dims=\"1\" loading=\"lazy\" decoding=\"async\" class=\"size-full wp-image-9422 aligncenter\" src=\"https:\/\/i0.wp.com\/www.fabriceeulry-laboutique.com\/blog\/wp-content\/uploads\/2017\/05\/Tony-BeA.png?resize=508%2C404\" alt=\"Tony BeA\" width=\"508\" height=\"404\" srcset=\"https:\/\/i0.wp.com\/www.fabriceeulry-laboutique.com\/blog\/wp-content\/uploads\/2017\/05\/Tony-BeA.png?w=508 508w, https:\/\/i0.wp.com\/www.fabriceeulry-laboutique.com\/blog\/wp-content\/uploads\/2017\/05\/Tony-BeA.png?resize=300%2C239 300w\" sizes=\"auto, (max-width: 508px) 100vw, 508px\" \/><\/a><\/p>\n<p style=\"text-align: center;\"><strong><span style=\"color: #000000;\">Apr\u00e8s son succ\u00e8s m\u00e9rit\u00e9 (la salle se levant apr\u00e8s le passage du premier artiste !) l&rsquo;orchestre de Fred Bonnet (r\u00e9duit aux&nbsp;solistes ici lors du second concert au Nayrac) joua deux morceaux contextuels dont ce chef a le secret (swing et humour !).<\/span><\/strong><br><a href=\"https:\/\/i0.wp.com\/www.fabriceeulry-laboutique.com\/blog\/wp-content\/uploads\/2017\/05\/BeAfred.png\"><img data-recalc-dims=\"1\" loading=\"lazy\" decoding=\"async\" class=\"size-full wp-image-9431 aligncenter\" src=\"https:\/\/i0.wp.com\/www.fabriceeulry-laboutique.com\/blog\/wp-content\/uploads\/2017\/05\/BeAfred.png?resize=538%2C405\" alt=\"BeAfred\" width=\"538\" height=\"405\" srcset=\"https:\/\/i0.wp.com\/www.fabriceeulry-laboutique.com\/blog\/wp-content\/uploads\/2017\/05\/BeAfred.png?w=538 538w, https:\/\/i0.wp.com\/www.fabriceeulry-laboutique.com\/blog\/wp-content\/uploads\/2017\/05\/BeAfred.png?resize=300%2C226 300w\" sizes=\"auto, (max-width: 538px) 100vw, 538px\" \/><\/a><a href=\"https:\/\/i0.wp.com\/www.fabriceeulry-laboutique.com\/blog\/wp-content\/uploads\/2017\/05\/BeAfred2.png\"><img data-recalc-dims=\"1\" loading=\"lazy\" decoding=\"async\" class=\"size-full wp-image-9432 aligncenter\" src=\"https:\/\/i0.wp.com\/www.fabriceeulry-laboutique.com\/blog\/wp-content\/uploads\/2017\/05\/BeAfred2.png?resize=536%2C403\" alt=\"BeAfred2\" width=\"536\" height=\"403\" srcset=\"https:\/\/i0.wp.com\/www.fabriceeulry-laboutique.com\/blog\/wp-content\/uploads\/2017\/05\/BeAfred2.png?w=536 536w, https:\/\/i0.wp.com\/www.fabriceeulry-laboutique.com\/blog\/wp-content\/uploads\/2017\/05\/BeAfred2.png?resize=300%2C226 300w\" sizes=\"auto, (max-width: 536px) 100vw, 536px\" \/><\/a><\/p>\n<p style=\"text-align: center;\"><span style=\"color: #000000;\"><strong>Auxquels succ\u00e8dent la rel\u00e8ve du boogie en Aveyron avec Kevin et Simon qui avaient pr\u00e9par\u00e9 un 4 mains accompagn\u00e9 par Octave, batteur de leur g\u00e9n\u00e9ration !<\/strong><\/span><a href=\"https:\/\/i0.wp.com\/www.fabriceeulry-laboutique.com\/blog\/wp-content\/uploads\/2017\/05\/BeAsimonkevin.png\"><img data-recalc-dims=\"1\" loading=\"lazy\" decoding=\"async\" class=\"size-full wp-image-9425 aligncenter\" src=\"https:\/\/i0.wp.com\/www.fabriceeulry-laboutique.com\/blog\/wp-content\/uploads\/2017\/05\/BeAsimonkevin.png?resize=534%2C405\" alt=\"BeAsimonkevin\" width=\"534\" height=\"405\" srcset=\"https:\/\/i0.wp.com\/www.fabriceeulry-laboutique.com\/blog\/wp-content\/uploads\/2017\/05\/BeAsimonkevin.png?w=534 534w, https:\/\/i0.wp.com\/www.fabriceeulry-laboutique.com\/blog\/wp-content\/uploads\/2017\/05\/BeAsimonkevin.png?resize=300%2C228 300w\" sizes=\"auto, (max-width: 534px) 100vw, 534px\" \/><\/a><\/p>\n<p style=\"text-align: center;\"><img data-recalc-dims=\"1\" loading=\"lazy\" decoding=\"async\" class=\"size-full wp-image-9430 aligncenter\" src=\"https:\/\/i0.wp.com\/www.fabriceeulry-laboutique.com\/blog\/wp-content\/uploads\/2017\/05\/simonkevin2.png?resize=540%2C403\" alt=\"simonkevin2\" width=\"540\" height=\"403\" srcset=\"https:\/\/i0.wp.com\/www.fabriceeulry-laboutique.com\/blog\/wp-content\/uploads\/2017\/05\/simonkevin2.png?w=540 540w, https:\/\/i0.wp.com\/www.fabriceeulry-laboutique.com\/blog\/wp-content\/uploads\/2017\/05\/simonkevin2.png?resize=300%2C224 300w\" sizes=\"auto, (max-width: 540px) 100vw, 540px\" \/><\/p>\n<p style=\"text-align: center;\"><span style=\"color: #000000;\"><strong>Juste avant l&rsquo;entracte un duo piano batterie (Fabrice Eulry-Octave- , puis piano contrebasse dans lequel Fabrice Eulry invita Enzo Mucci qui fit lever la salle une fois encore.<\/strong><\/span><br><img data-recalc-dims=\"1\" loading=\"lazy\" decoding=\"async\" class=\"size-full wp-image-9424 aligncenter\" src=\"https:\/\/i0.wp.com\/www.fabriceeulry-laboutique.com\/blog\/wp-content\/uploads\/2017\/05\/BeAFabEnzo2.png?resize=536%2C404\" alt=\"BeAFabEnzo2\" width=\"536\" height=\"404\" srcset=\"https:\/\/i0.wp.com\/www.fabriceeulry-laboutique.com\/blog\/wp-content\/uploads\/2017\/05\/BeAFabEnzo2.png?w=536 536w, https:\/\/i0.wp.com\/www.fabriceeulry-laboutique.com\/blog\/wp-content\/uploads\/2017\/05\/BeAFabEnzo2.png?resize=300%2C226 300w\" sizes=\"auto, (max-width: 536px) 100vw, 536px\" \/><\/p>\n<p style=\"text-align: center;\"><a href=\"https:\/\/i0.wp.com\/www.fabriceeulry-laboutique.com\/blog\/wp-content\/uploads\/2017\/05\/BeA-FabEnzo.png\"><img data-recalc-dims=\"1\" loading=\"lazy\" decoding=\"async\" class=\"size-full wp-image-9429 alignnone\" src=\"https:\/\/i0.wp.com\/www.fabriceeulry-laboutique.com\/blog\/wp-content\/uploads\/2017\/05\/Fabenzo3.png?resize=541%2C405\" alt=\"Fabenzo3\" width=\"541\" height=\"405\" srcset=\"https:\/\/i0.wp.com\/www.fabriceeulry-laboutique.com\/blog\/wp-content\/uploads\/2017\/05\/Fabenzo3.png?w=541 541w, https:\/\/i0.wp.com\/www.fabriceeulry-laboutique.com\/blog\/wp-content\/uploads\/2017\/05\/Fabenzo3.png?resize=300%2C225 300w\" sizes=\"auto, (max-width: 541px) 100vw, 541px\" \/><\/a><\/p>\n<p style=\"text-align: center;\"><span style=\"color: #000000;\"><strong>Ici une anecdote d&rsquo;Enzo sur un aspect de sa carri\u00e8re (de Johnny Halliday \u00e0 Memphis Slim, entre autres)<\/strong><\/span><\/p>\n<p style=\"text-align: center;\"><a href=\"https:\/\/i0.wp.com\/www.fabriceeulry-laboutique.com\/blog\/wp-content\/uploads\/2017\/05\/BeA-FabEnzo.png\"><img data-recalc-dims=\"1\" loading=\"lazy\" decoding=\"async\" class=\"size-full wp-image-9423 aligncenter\" src=\"https:\/\/i0.wp.com\/www.fabriceeulry-laboutique.com\/blog\/wp-content\/uploads\/2017\/05\/BeA-FabEnzo.png?resize=540%2C407\" alt=\"BeA FabEnzo\" width=\"540\" height=\"407\" srcset=\"https:\/\/i0.wp.com\/www.fabriceeulry-laboutique.com\/blog\/wp-content\/uploads\/2017\/05\/BeA-FabEnzo.png?w=540 540w, https:\/\/i0.wp.com\/www.fabriceeulry-laboutique.com\/blog\/wp-content\/uploads\/2017\/05\/BeA-FabEnzo.png?resize=300%2C226 300w\" sizes=\"auto, (max-width: 540px) 100vw, 540px\" \/><\/a><\/p>\n<p style=\"text-align: center;\"><strong><span style=\"color: #000000;\">Mais apr\u00e8s l&rsquo;entracte, il faut toujours faire d\u00e9coller \u00e0 nouveau un public qui revenu \u00e0 un \u00e9tat de conscience habituelle, n&rsquo;est pas aussi r\u00e9ceptif qu&rsquo;en d\u00e9but de soir\u00e9e. Plusieurs solutions s&rsquo;offrent : dans les plus fines, celles de&nbsp;<\/span><\/strong><span style=\"color: #000000;\"><b>cr\u00e9er une intimit\u00e9&nbsp;inattendue. Ce fut le cas avec un duo : Fabrice Eulry (ici \u00e0 la basse \u00e9lectrique !) dans l&rsquo;ombre de Jeff Monin \u00e0 l&rsquo;harmonica :<\/b><\/span><\/p>\n<p style=\"text-align: center;\"><a href=\"https:\/\/i0.wp.com\/www.fabriceeulry-laboutique.com\/blog\/wp-content\/uploads\/2017\/05\/BeAjeff.png\"><img data-recalc-dims=\"1\" loading=\"lazy\" decoding=\"async\" class=\"size-full wp-image-9433 aligncenter\" src=\"https:\/\/i0.wp.com\/www.fabriceeulry-laboutique.com\/blog\/wp-content\/uploads\/2017\/05\/BeAjeff.png?resize=513%2C404\" alt=\"BeAjeff\" width=\"513\" height=\"404\" srcset=\"https:\/\/i0.wp.com\/www.fabriceeulry-laboutique.com\/blog\/wp-content\/uploads\/2017\/05\/BeAjeff.png?w=513 513w, https:\/\/i0.wp.com\/www.fabriceeulry-laboutique.com\/blog\/wp-content\/uploads\/2017\/05\/BeAjeff.png?resize=300%2C236 300w\" sizes=\"auto, (max-width: 513px) 100vw, 513px\" \/><\/a><\/p>\n<p style=\"text-align: center;\"><span style=\"color: #000000;\"><strong>Deux musiciens qu&rsquo;on attendrait plut\u00f4t respectivement au piano et \u00e0 la guitare !&nbsp;<\/strong><\/span><\/p>\n<p style=\"text-align: center;\"><span style=\"color: #000000;\"><strong>Soit un contraste \u00e9norme avec le trio piano saxo batterie qui illustra ensuite l&rsquo;impr\u00e9visible et tonitruant Lionel Stievenard dont les Aveyronnais sont fous depuis sa premi\u00e8re venue au festival de Decazeville de 1994 (Octave est \u00e0 la batterie \u00e0 l&rsquo;arri\u00e8re-plan)<\/strong><\/span><\/p>\n<p style=\"text-align: center;\"><span style=\"color: #000000;\"><strong>Avant la derni\u00e8re partie en quintet, un duo dans lequel Fred livra un texte spirituel sur le patrimoine aveyronnais au blues jou\u00e9 par Fabrice Eulry mis bien s\u00fbr le public en joie.<\/strong><\/span><\/p>\n<p style=\"text-align: center;\"><a href=\"https:\/\/i0.wp.com\/www.fabriceeulry-laboutique.com\/blog\/wp-content\/uploads\/2017\/05\/BeA-fredfab-1.png\"><img data-recalc-dims=\"1\" loading=\"lazy\" decoding=\"async\" class=\"size-full wp-image-9436 aligncenter\" src=\"https:\/\/i0.wp.com\/www.fabriceeulry-laboutique.com\/blog\/wp-content\/uploads\/2017\/05\/BeA-fredfab-1.png?resize=544%2C403\" alt=\"BeA fredfab\" width=\"544\" height=\"403\" srcset=\"https:\/\/i0.wp.com\/www.fabriceeulry-laboutique.com\/blog\/wp-content\/uploads\/2017\/05\/BeA-fredfab-1.png?w=544 544w, https:\/\/i0.wp.com\/www.fabriceeulry-laboutique.com\/blog\/wp-content\/uploads\/2017\/05\/BeA-fredfab-1.png?resize=300%2C222 300w\" sizes=\"auto, (max-width: 544px) 100vw, 544px\" \/><\/a><span style=\"color: #000000;\"><strong>Public nombreux (500 personnes sur les deux soir\u00e9es) qui se leva une fois encore sur&#8230;<\/strong><\/span><\/p>\n<p style=\"text-align: center;\"><a href=\"https:\/\/i0.wp.com\/www.fabriceeulry-laboutique.com\/blog\/wp-content\/uploads\/2017\/05\/BeA-5tet.png\"><img data-recalc-dims=\"1\" loading=\"lazy\" decoding=\"async\" class=\"size-full wp-image-9437 aligncenter\" src=\"https:\/\/i0.wp.com\/www.fabriceeulry-laboutique.com\/blog\/wp-content\/uploads\/2017\/05\/BeA-5tet.png?resize=538%2C405\" alt=\"BeA 5tet\" width=\"538\" height=\"405\" srcset=\"https:\/\/i0.wp.com\/www.fabriceeulry-laboutique.com\/blog\/wp-content\/uploads\/2017\/05\/BeA-5tet.png?w=538 538w, https:\/\/i0.wp.com\/www.fabriceeulry-laboutique.com\/blog\/wp-content\/uploads\/2017\/05\/BeA-5tet.png?resize=300%2C226 300w\" sizes=\"auto, (max-width: 538px) 100vw, 538px\" \/><\/a><\/p>\n<p style=\"text-align: center;\"><strong><span style=\"color: #000000;\">&#8230; Sweet home Chicago. Le Canard du pianiste remercie Aline Raynaldi pour les photos.&nbsp;<\/span><\/strong><br><a href=\"https:\/\/i0.wp.com\/www.fabriceeulry-laboutique.com\/blog\/wp-content\/uploads\/2017\/05\/BeA-5tet5.png\"><img data-recalc-dims=\"1\" loading=\"lazy\" decoding=\"async\" class=\"size-full wp-image-9434 aligncenter\" src=\"https:\/\/i0.wp.com\/www.fabriceeulry-laboutique.com\/blog\/wp-content\/uploads\/2017\/05\/BeA-5tet5.png?resize=535%2C402\" alt=\"BeA 5tet5\" width=\"535\" height=\"402\" srcset=\"https:\/\/i0.wp.com\/www.fabriceeulry-laboutique.com\/blog\/wp-content\/uploads\/2017\/05\/BeA-5tet5.png?w=535 535w, https:\/\/i0.wp.com\/www.fabriceeulry-laboutique.com\/blog\/wp-content\/uploads\/2017\/05\/BeA-5tet5.png?resize=300%2C225 300w\" sizes=\"auto, (max-width: 535px) 100vw, 535px\" \/><\/a><\/p>\n<p style=\"text-align: center;\"><span style=\"color: #000000;\"><strong>Blues en Aveyron 2017 n&rsquo;est pas termin\u00e9 ! Avant l&rsquo;\u00e9dition 2018 l&rsquo;association va proposer plusieurs \u00e9v\u00e8nements et une actualit\u00e9 notamment p\u00e9dagogique ou conf\u00e9renci\u00e8re, et m\u00eame des concerts ponctuels qui vont entretenir sa flamme<\/strong><\/span><\/p>\n<p style=\"text-align: center;\"><span style=\"color: #000000;\"><strong>&nbsp;tout au long de la saison.<\/strong><\/span><\/p>\n<p style=\"text-align: center;\"><span style=\"color: #000000;\"><strong>Acc\u00e9dez \u00e0 la page Fb de Blues en Aveyron en cliquant <a href=\"https:\/\/www.facebook.com\/bluesenaveyron\/\">ici<\/a>.<\/strong><\/span><\/p>","protected":false},"excerpt":{"rendered":"<p>FESTIVAL 2024 Concerts \u00e0 17h et 21h : (Lien de r\u00e9servation en ligne sous l&rsquo;affiche) R\u00e9servations sur Weezevent : https:\/\/l.facebook.com\/l.php?u=https%3A%2F%2Fmy.weezevent.com%2Fblues-en-aveyron-2024%3F_gl%3D1*2ohivv*_gcl_au*MTg2MzIzNjkwOC4xNzI0MzE3NjgwLjI5MDY4ODAzNS4xNzI0MzE3Njg3LjE3MjQzMTc2ODY.*_ga*MTUxODk5NjEyMy4xNzI0MzE3Njgx*_ga_39H9VBFX7G*MTcyNDMxNzY4MC4xLjEuMTcyNDMxODc5MC41OS4wLjA%26fbclid%3DIwZXh0bgNhZW0CMTAAAR1VnKeG-UwHftcpWAqQSur7_lx012sd67m6LtWdSZf2AodYE0o2Vu-TNzw_aem_ZEopaa4gPoutawTx_kQGOQ&amp;h=AT1KF-tQ90cHr6P6sFaMct-wnAHEpxrViJEsQeV2-3TtauqjxO3mKY4QzMXh1O-8Nlo8ZXCU0UPyO43Jtf47yogKlAU6B6QeWuYnqDep57QIITAkeS656mIIokcvuZM71PC2Ikrefo4J_aLS_XNsRuXiOQ&amp;__tn__=-UK-R&amp;c[0]=AT1P0R4qbRbkLi4_OFBoO2FrxdSrEFAXq7WwImmwuV4MSrzUlLJlwarNWXfx1jNoHxg44zRdzfe1sEXaclbC_YoutlX4GcpVAlP6VzEzdMZvYwbKekA7ppCaT2xBQhfrUlWPd3RTeJZ-AkhKWEm_qHVQsGr5sJLbpPkX6lHeT-x7YuzxDKWY9qrftu1T0eqVSnqB4AAEgR9Yg8qrJpEQZjKsbU-FSjaxumVXwg FESTIVAL 2023 Le festival se terminera v\u00e9ritablement \u00e0 la Maison d&rsquo;accueil sp\u00e9cialis\u00e9e de St C\u00f4me d&rsquo;Olt le mercredi 11 octobre &hellip; <a href=\"http:\/\/www.fabriceeulry-laboutique.com\/blog\/?page_id=11136\">Continuer la lecture <span class=\"meta-nav\">&rarr;<\/span><\/a><\/p>\n","protected":false},"author":2,"featured_media":0,"parent":10068,"menu_order":0,"comment_status":"open","ping_status":"closed","template":"","meta":{"jetpack_post_was_ever_published":false,"footnotes":""},"class_list":["post-11136","page","type-page","status-publish","hentry"],"jetpack_sharing_enabled":true,"jetpack_shortlink":"https:\/\/wp.me\/P2D6dI-2TC","jetpack_likes_enabled":true,"jetpack-related-posts":[{"id":8269,"url":"http:\/\/www.fabriceeulry-laboutique.com\/blog\/?page_id=8269","url_meta":{"origin":11136,"position":0},"title":"CALENDRIER DES CONCERTS","author":"Le Canard du pianiste","date":"11 mars 2016","format":false,"excerpt":"NE SONT PAS MENTIONN\u00c9S LES CONCERTS NON OUVERTS AU PUBLIC (COMME LES CONCERTS DE SOLIDARIT\u00c9 EN MAISON D'ACCUEIL OU MAISONS SP\u00c9CIALIS\u00c9ES OU PRISONS, PAR EXEMPLE) ET LES CONCERTS D\u00c9J\u00c0 COMPLETS. Avril 2026 Samedi 25 : Mini-festival \u00e0 Morges concerts \u00e0 15h30 et 17h30 Avenue de plan 4 A Mercredi 27\u2026","rel":"","context":"Article similaire","block_context":{"text":"Article similaire","link":""},"img":{"alt_text":"","src":"https:\/\/i0.wp.com\/www.fabriceeulry-laboutique.com\/blog\/wp-content\/uploads\/2019\/02\/LA-MARSEILLAISE-Fabrice.png?resize=350%2C200","width":350,"height":200},"classes":[]},{"id":8289,"url":"http:\/\/www.fabriceeulry-laboutique.com\/blog\/?page_id=8289","url_meta":{"origin":11136,"position":1},"title":"CONTACT-DOSSIER DE PRESSE-PARCOURS","author":"Le Canard du pianiste","date":"12 mars 2016","format":false,"excerpt":"CONTACT SC\u00c8NE : Fabrice Eulry vous a enthousiasm\u00e9. Vous souhaiteriez qu'il joue pour vous, seul ou en formation. Pour organiser votre soir\u00e9e priv\u00e9e ou d'entreprise, votre concert, festival, spectacle...\u00a0 contact@fabriceeulry.fr DOSSIER DE PRESSE\u00a0 Fabrice Eulry en quelques d\u00e9p\u00eaches \u00ab Ce pianiste est infatigable\u00bb (Le Parisien) \u00ab Le Chopin du Boogie-woogie\u2026","rel":"","context":"Article similaire","block_context":{"text":"Article similaire","link":""},"img":{"alt_text":"","src":"https:\/\/i0.wp.com\/www.fabriceeulry-laboutique.com\/blog\/wp-content\/uploads\/2016\/09\/vlcsnap-2016-09-03-15h27m17s435.png?resize=350%2C200","width":350,"height":200,"srcset":"https:\/\/i0.wp.com\/www.fabriceeulry-laboutique.com\/blog\/wp-content\/uploads\/2016\/09\/vlcsnap-2016-09-03-15h27m17s435.png?resize=350%2C200 1x, https:\/\/i0.wp.com\/www.fabriceeulry-laboutique.com\/blog\/wp-content\/uploads\/2016\/09\/vlcsnap-2016-09-03-15h27m17s435.png?resize=525%2C300 1.5x, https:\/\/i0.wp.com\/www.fabriceeulry-laboutique.com\/blog\/wp-content\/uploads\/2016\/09\/vlcsnap-2016-09-03-15h27m17s435.png?resize=700%2C400 2x, https:\/\/i0.wp.com\/www.fabriceeulry-laboutique.com\/blog\/wp-content\/uploads\/2016\/09\/vlcsnap-2016-09-03-15h27m17s435.png?resize=1050%2C600 3x, https:\/\/i0.wp.com\/www.fabriceeulry-laboutique.com\/blog\/wp-content\/uploads\/2016\/09\/vlcsnap-2016-09-03-15h27m17s435.png?resize=1400%2C800 4x"},"classes":[]},{"id":10068,"url":"http:\/\/www.fabriceeulry-laboutique.com\/blog\/?page_id=10068","url_meta":{"origin":11136,"position":2},"title":"BOUTIQUE (CD)","author":"Le Canard du pianiste","date":"1 janvier 2019","format":false,"excerpt":"Vous pouvez consulter la vitrine ci-dessous mais la boutique est d\u00e9sormais sur : https:\/\/fabriceeulry.fr COME TOGETHER Edit\u00e9 en 2024\/ Tarif : 20\u20ac Un floril\u00e8ge avec un enregistrement dans un studio de pointe, dont une des sessions s'est donn\u00e9e avec le chaleur d'un public ! Fabrice Eulry s'est fait plaisir en\u2026","rel":"","context":"Article similaire","block_context":{"text":"Article similaire","link":""},"img":{"alt_text":"","src":"https:\/\/i0.wp.com\/www.fabriceeulry-laboutique.com\/blog\/wp-content\/uploads\/2024\/07\/domin.png?resize=350%2C200","width":350,"height":200},"classes":[]}],"_links":{"self":[{"href":"http:\/\/www.fabriceeulry-laboutique.com\/blog\/index.php?rest_route=\/wp\/v2\/pages\/11136","targetHints":{"allow":["GET"]}}],"collection":[{"href":"http:\/\/www.fabriceeulry-laboutique.com\/blog\/index.php?rest_route=\/wp\/v2\/pages"}],"about":[{"href":"http:\/\/www.fabriceeulry-laboutique.com\/blog\/index.php?rest_route=\/wp\/v2\/types\/page"}],"author":[{"embeddable":true,"href":"http:\/\/www.fabriceeulry-laboutique.com\/blog\/index.php?rest_route=\/wp\/v2\/users\/2"}],"replies":[{"embeddable":true,"href":"http:\/\/www.fabriceeulry-laboutique.com\/blog\/index.php?rest_route=%2Fwp%2Fv2%2Fcomments&post=11136"}],"version-history":[{"count":35,"href":"http:\/\/www.fabriceeulry-laboutique.com\/blog\/index.php?rest_route=\/wp\/v2\/pages\/11136\/revisions"}],"predecessor-version":[{"id":13047,"href":"http:\/\/www.fabriceeulry-laboutique.com\/blog\/index.php?rest_route=\/wp\/v2\/pages\/11136\/revisions\/13047"}],"up":[{"embeddable":true,"href":"http:\/\/www.fabriceeulry-laboutique.com\/blog\/index.php?rest_route=\/wp\/v2\/pages\/10068"}],"wp:attachment":[{"href":"http:\/\/www.fabriceeulry-laboutique.com\/blog\/index.php?rest_route=%2Fwp%2Fv2%2Fmedia&parent=11136"}],"curies":[{"name":"wp","href":"https:\/\/api.w.org\/{rel}","templated":true}]}}