{"id":8269,"date":"2016-03-11T21:08:07","date_gmt":"2016-03-11T21:08:07","guid":{"rendered":"http:\/\/www.fabriceeulry-laboutique.com\/blog\/?page_id=8269"},"modified":"2026-04-19T21:10:19","modified_gmt":"2026-04-19T21:10:19","slug":"prochains-concerts","status":"publish","type":"page","link":"http:\/\/www.fabriceeulry-laboutique.com\/blog\/?page_id=8269","title":{"rendered":"CALENDRIER DES CONCERTS"},"content":{"rendered":"<div class=\"wp-block-image\">\n<figure class=\"aligncenter\"><img data-recalc-dims=\"1\" loading=\"lazy\" decoding=\"async\" width=\"523\" height=\"293\" src=\"https:\/\/i0.wp.com\/www.fabriceeulry-laboutique.com\/blog\/wp-content\/uploads\/2019\/02\/LA-MARSEILLAISE-Fabrice.png?resize=523%2C293\" alt=\"\" class=\"wp-image-11584\" srcset=\"https:\/\/i0.wp.com\/www.fabriceeulry-laboutique.com\/blog\/wp-content\/uploads\/2019\/02\/LA-MARSEILLAISE-Fabrice.png?w=523 523w, https:\/\/i0.wp.com\/www.fabriceeulry-laboutique.com\/blog\/wp-content\/uploads\/2019\/02\/LA-MARSEILLAISE-Fabrice.png?resize=300%2C168 300w\" sizes=\"auto, (max-width: 523px) 100vw, 523px\" \/><\/figure>\n<\/div>\n\n\n<p class=\"has-text-align-center\"><strong>NE SONT PAS MENTIONN\u00c9S LES CONCERTS NON OUVERTS AU PUBLIC (COMME LES CONCERTS DE SOLIDARIT\u00c9 EN MAISON D&rsquo;ACCUEIL OU MAISONS SP\u00c9CIALIS\u00c9ES OU PRISONS, PAR EXEMPLE)<\/strong> <strong>ET LES CONCERTS D\u00c9J\u00c0 COMPLETS<\/strong>.<\/p>\n\n\n\n<p class=\"has-text-align-center\"><strong><span class=\"has-inline-color has-blue-color\">Avril 2026 <\/span><\/strong><\/p>\n\n\n\n<p class=\"has-text-align-center\"><strong>Samedi 25 : Mini-festival \u00e0 Morges concerts \u00e0 15h30 et 17h30 Avenue de plan 4 A<\/strong><\/p>\n\n\n\n<p class=\"has-text-align-center\"><strong><strong><strong>Mercre<\/strong><\/strong>di 27 : Rideau rouge (Lasne Belgique<\/strong>)<\/p>\n\n\n\n<p class=\"has-text-align-center\"><strong><span class=\"has-inline-color has-blue-color\">Mai 2026<\/span><\/strong><\/p>\n\n\n\n<p class=\"has-text-align-center\"><strong><strong>Vendredi 1er mai : r\u00e9cital \u00e0 P\u00e9z\u00e9nas <\/strong><\/strong><\/p>\n\n\n\n<figure class=\"wp-block-image size-large\"><a href=\"https:\/\/i0.wp.com\/www.fabriceeulry-laboutique.com\/blog\/wp-content\/uploads\/2026\/02\/pez-1er-mai.png?ssl=1\"><img data-recalc-dims=\"1\" loading=\"lazy\" decoding=\"async\" width=\"640\" height=\"899\" src=\"https:\/\/i0.wp.com\/www.fabriceeulry-laboutique.com\/blog\/wp-content\/uploads\/2026\/02\/pez-1er-mai-729x1024.png?resize=640%2C899&#038;ssl=1\" alt=\"\" class=\"wp-image-13508\" srcset=\"https:\/\/i0.wp.com\/www.fabriceeulry-laboutique.com\/blog\/wp-content\/uploads\/2026\/02\/pez-1er-mai.png?resize=729%2C1024 729w, https:\/\/i0.wp.com\/www.fabriceeulry-laboutique.com\/blog\/wp-content\/uploads\/2026\/02\/pez-1er-mai.png?resize=214%2C300 214w, https:\/\/i0.wp.com\/www.fabriceeulry-laboutique.com\/blog\/wp-content\/uploads\/2026\/02\/pez-1er-mai.png?resize=768%2C1079 768w, https:\/\/i0.wp.com\/www.fabriceeulry-laboutique.com\/blog\/wp-content\/uploads\/2026\/02\/pez-1er-mai.png?resize=1093%2C1536 1093w, https:\/\/i0.wp.com\/www.fabriceeulry-laboutique.com\/blog\/wp-content\/uploads\/2026\/02\/pez-1er-mai.png?resize=300%2C422 300w, https:\/\/i0.wp.com\/www.fabriceeulry-laboutique.com\/blog\/wp-content\/uploads\/2026\/02\/pez-1er-mai.png?w=1244 1244w\" sizes=\"auto, (max-width: 640px) 100vw, 640px\" \/><\/a><\/figure>\n\n\n\n<p class=\"has-text-align-center\"><strong>Vendredi 8 : festival On the Mississipi \u00e0 Strasbourg<\/strong>. <strong>20h.<\/strong><\/p>\n\n\n\n<figure class=\"wp-block-image size-large\"><a href=\"https:\/\/i0.wp.com\/www.fabriceeulry-laboutique.com\/blog\/wp-content\/uploads\/2026\/02\/MISSI.png\"><img data-recalc-dims=\"1\" loading=\"lazy\" decoding=\"async\" width=\"640\" height=\"409\" src=\"https:\/\/i0.wp.com\/www.fabriceeulry-laboutique.com\/blog\/wp-content\/uploads\/2026\/02\/MISSI.png?resize=640%2C409\" alt=\"\" class=\"wp-image-13489\" srcset=\"https:\/\/i0.wp.com\/www.fabriceeulry-laboutique.com\/blog\/wp-content\/uploads\/2026\/02\/MISSI.png?resize=1024%2C655 1024w, https:\/\/i0.wp.com\/www.fabriceeulry-laboutique.com\/blog\/wp-content\/uploads\/2026\/02\/MISSI.png?resize=300%2C192 300w, https:\/\/i0.wp.com\/www.fabriceeulry-laboutique.com\/blog\/wp-content\/uploads\/2026\/02\/MISSI.png?resize=768%2C491 768w, https:\/\/i0.wp.com\/www.fabriceeulry-laboutique.com\/blog\/wp-content\/uploads\/2026\/02\/MISSI.png?resize=1536%2C982 1536w, https:\/\/i0.wp.com\/www.fabriceeulry-laboutique.com\/blog\/wp-content\/uploads\/2026\/02\/MISSI.png?resize=2048%2C1310 2048w, https:\/\/i0.wp.com\/www.fabriceeulry-laboutique.com\/blog\/wp-content\/uploads\/2026\/02\/MISSI.png?w=1280 1280w, https:\/\/i0.wp.com\/www.fabriceeulry-laboutique.com\/blog\/wp-content\/uploads\/2026\/02\/MISSI.png?w=1920 1920w\" sizes=\"auto, (max-width: 640px) 100vw, 640px\" \/><\/a><\/figure>\n\n\n\n<p class=\"has-text-align-center\"><strong>Lien de r\u00e9servation :<\/strong><\/p>\n\n\n\n<p class=\"has-text-align-center\"> <a href=\"https:\/\/www.otmfestival.fr\">https:\/\/www.otmfestival.fr<\/a><\/p>\n\n\n\n<figure class=\"wp-block-image size-large\"><a href=\"https:\/\/i0.wp.com\/www.fabriceeulry-laboutique.com\/blog\/wp-content\/uploads\/2026\/02\/MISSI-2.png\"><img data-recalc-dims=\"1\" loading=\"lazy\" decoding=\"async\" width=\"640\" height=\"938\" src=\"https:\/\/i0.wp.com\/www.fabriceeulry-laboutique.com\/blog\/wp-content\/uploads\/2026\/02\/MISSI-2.png?resize=640%2C938\" alt=\"\" class=\"wp-image-13490\" srcset=\"https:\/\/i0.wp.com\/www.fabriceeulry-laboutique.com\/blog\/wp-content\/uploads\/2026\/02\/MISSI-2.png?resize=699%2C1024 699w, https:\/\/i0.wp.com\/www.fabriceeulry-laboutique.com\/blog\/wp-content\/uploads\/2026\/02\/MISSI-2.png?resize=205%2C300 205w, https:\/\/i0.wp.com\/www.fabriceeulry-laboutique.com\/blog\/wp-content\/uploads\/2026\/02\/MISSI-2.png?resize=768%2C1126 768w, https:\/\/i0.wp.com\/www.fabriceeulry-laboutique.com\/blog\/wp-content\/uploads\/2026\/02\/MISSI-2.png?resize=300%2C440 300w, https:\/\/i0.wp.com\/www.fabriceeulry-laboutique.com\/blog\/wp-content\/uploads\/2026\/02\/MISSI-2.png?w=850 850w\" sizes=\"auto, (max-width: 640px) 100vw, 640px\" \/><\/a><\/figure>\n\n\n\n<p class=\"has-text-align-center\"><strong>Samedi 9 : masterclass \u00e0 Strasbourg. 10h.<\/strong><\/p>\n\n\n\n<p><strong>Samedi 18 : Mini-festival \u00e0 Morges concerts \u00e0 15h30 et 17h30 Avenue de plan 4 A<\/strong><\/p>\n\n\n\n<p class=\"has-text-align-center\"><strong>Mercredi 27 : Duo au Rideau rouge (Lasne Belgique)<\/strong><\/p>\n\n\n\n<p class=\"has-text-align-center\"><strong><span class=\"has-inline-color has-blue-color\">Juin 2026<\/span><\/strong><\/p>\n\n\n\n<p class=\"has-text-align-center\"><strong>Samedi 13 : Mini-festival \u00e0 Morges concerts \u00e0 15h30 et 17h30 Avenue de plan 4 A<\/strong><\/p>\n\n\n\n<p class=\"has-text-align-center\"><strong><strong><strong>Mercre<\/strong><\/strong>di 24 : Rideau rouge (Lasne Belgique)<\/strong><\/p>\n\n\n\n<p class=\"has-text-align-center\"><strong><strong><strong>Vendre<\/strong><\/strong>di 26 : Festival Anne de Guign\u00e9 (La Roche\/Foron Haute-Savoie)<\/strong><\/p>\n\n\n\n<p class=\"has-text-align-center\"><strong><span class=\"has-inline-color has-blue-color\">Ao\u00fbt 2026<\/span><\/strong><\/p>\n\n\n\n<p class=\"has-text-align-center\"><strong>Samedi 15 : r\u00e9cital \u00e0 Cost\u00e9ros (Haute-Loire)<\/strong><\/p>\n\n\n\n<p><strong>Samedi 8 :<\/strong> <strong>Mini-festival \u00e0 Morges concerts \u00e0 15h30 et 17h30 Avenue de plan 4 A<\/strong><\/p>\n\n\n\n<p class=\"has-text-align-center\"><strong><span class=\"has-inline-color has-blue-color\">Septembre 2026<\/span><\/strong><\/p>\n\n\n\n<p class=\"has-text-align-center\"><strong>Samedi 17 :<\/strong> <strong>Mini-festival \u00e0 Morges concerts \u00e0 15h30 et 17h30 Avenue de plan 4 A<\/strong><\/p>\n\n\n\n<p class=\"has-text-align-center\"><strong><span class=\"has-inline-color has-blue-color\">Octobre 2026<\/span><\/strong><\/p>\n\n\n\n<p class=\"has-text-align-center\"><strong>Mini-festival \u00e0 Morges concerts \u00e0 15h30 et 17h30 Avenue de plan 4 <\/strong><\/p>\n\n\n\n<p class=\"has-text-align-center\"><strong><span class=\"has-inline-color has-blue-color\">Novembre 2026<\/span><\/strong><\/p>\n\n\n\n<p class=\"has-text-align-center\"><strong>Samedi 7<\/strong> : <strong>Mini-festival \u00e0 Morges concerts \u00e0 15h30 et 17h30 Avenue de plan 4 A<\/strong><\/p>\n\n\n\n<p class=\"has-text-align-center\"><strong>Dimanche 8<\/strong> :<strong>Participation au concert floril\u00e8ge international de la fondation R\u00e9sonnance salle Paderewski (Lausanne)<\/strong><\/p>\n\n\n\n<p class=\"has-text-align-center\"><strong>Vendredi 27  et Samedi 28 : Barcelone Festival Boogie Jubilee.<\/strong><\/p>\n\n\n\n<p class=\"has-text-align-center\"><strong><span class=\"has-inline-color has-blue-color\">D\u00e9cembre 2026<\/span><\/strong><\/p>\n\n\n\n<p class=\"has-text-align-center\"><strong>Samedi 12 : 20h30 salle Moli\u00e8re, r\u00e9cital de No\u00ebl au profit de l&rsquo;association : pour un sourire d&rsquo;enfant<\/strong>.<\/p>\n\n\n\n<p class=\"has-text-align-center\"><strong>Samedi 16<\/strong> : <strong>Mini-festival \u00e0 Morges concerts \u00e0 15h30 et 17h30 Avenue de plan 4 A<\/strong><\/p>\n\n\n\n<p><\/p>\n","protected":false},"excerpt":{"rendered":"<p>NE SONT PAS MENTIONN\u00c9S LES CONCERTS NON OUVERTS AU PUBLIC (COMME LES CONCERTS DE SOLIDARIT\u00c9 EN MAISON D&rsquo;ACCUEIL OU MAISONS SP\u00c9CIALIS\u00c9ES OU PRISONS, PAR EXEMPLE) ET LES CONCERTS D\u00c9J\u00c0 COMPLETS. Avril 2026 Samedi 25 : Mini-festival \u00e0 Morges concerts \u00e0 &hellip; <a href=\"http:\/\/www.fabriceeulry-laboutique.com\/blog\/?page_id=8269\">Continuer la lecture <span class=\"meta-nav\">&rarr;<\/span><\/a><\/p>\n","protected":false},"author":2,"featured_media":0,"parent":10068,"menu_order":0,"comment_status":"open","ping_status":"closed","template":"","meta":{"jetpack_post_was_ever_published":false,"footnotes":""},"class_list":["post-8269","page","type-page","status-publish","hentry"],"jetpack_sharing_enabled":true,"jetpack_shortlink":"https:\/\/wp.me\/P2D6dI-29n","jetpack_likes_enabled":true,"jetpack-related-posts":[{"id":8289,"url":"http:\/\/www.fabriceeulry-laboutique.com\/blog\/?page_id=8289","url_meta":{"origin":8269,"position":0},"title":"CONTACT-DOSSIER DE PRESSE-PARCOURS","author":"Le Canard du pianiste","date":"12 mars 2016","format":false,"excerpt":"CONTACT SC\u00c8NE : Fabrice Eulry vous a enthousiasm\u00e9. Vous souhaiteriez qu'il joue pour vous, seul ou en formation. Pour organiser votre soir\u00e9e priv\u00e9e ou d'entreprise, votre concert, festival, spectacle...\u00a0 contact@fabriceeulry.fr DOSSIER DE PRESSE\u00a0 Fabrice Eulry en quelques d\u00e9p\u00eaches \u00ab Ce pianiste est infatigable\u00bb (Le Parisien) \u00ab Le Chopin du Boogie-woogie\u2026","rel":"","context":"Article similaire","block_context":{"text":"Article similaire","link":""},"img":{"alt_text":"","src":"https:\/\/i0.wp.com\/www.fabriceeulry-laboutique.com\/blog\/wp-content\/uploads\/2016\/09\/vlcsnap-2016-09-03-15h27m17s435.png?resize=350%2C200","width":350,"height":200,"srcset":"https:\/\/i0.wp.com\/www.fabriceeulry-laboutique.com\/blog\/wp-content\/uploads\/2016\/09\/vlcsnap-2016-09-03-15h27m17s435.png?resize=350%2C200 1x, https:\/\/i0.wp.com\/www.fabriceeulry-laboutique.com\/blog\/wp-content\/uploads\/2016\/09\/vlcsnap-2016-09-03-15h27m17s435.png?resize=525%2C300 1.5x, https:\/\/i0.wp.com\/www.fabriceeulry-laboutique.com\/blog\/wp-content\/uploads\/2016\/09\/vlcsnap-2016-09-03-15h27m17s435.png?resize=700%2C400 2x, https:\/\/i0.wp.com\/www.fabriceeulry-laboutique.com\/blog\/wp-content\/uploads\/2016\/09\/vlcsnap-2016-09-03-15h27m17s435.png?resize=1050%2C600 3x, https:\/\/i0.wp.com\/www.fabriceeulry-laboutique.com\/blog\/wp-content\/uploads\/2016\/09\/vlcsnap-2016-09-03-15h27m17s435.png?resize=1400%2C800 4x"},"classes":[]},{"id":11136,"url":"http:\/\/www.fabriceeulry-laboutique.com\/blog\/?page_id=11136","url_meta":{"origin":8269,"position":1},"title":"FESTIVAL BLUES EN AVEYRON  : ACTUALIT\u00c9 ET HISTORIQUE","author":"Le Canard du pianiste","date":"22 novembre 2018","format":false,"excerpt":"FESTIVAL 2024 Concerts \u00e0 17h et 21h : (Lien de r\u00e9servation en ligne sous l'affiche) R\u00e9servations sur Weezevent : https:\/\/l.facebook.com\/l.php?u=https%3A%2F%2Fmy.weezevent.com%2Fblues-en-aveyron-2024%3F_gl%3D1*2ohivv*_gcl_au*MTg2MzIzNjkwOC4xNzI0MzE3NjgwLjI5MDY4ODAzNS4xNzI0MzE3Njg3LjE3MjQzMTc2ODY.*_ga*MTUxODk5NjEyMy4xNzI0MzE3Njgx*_ga_39H9VBFX7G*MTcyNDMxNzY4MC4xLjEuMTcyNDMxODc5MC41OS4wLjA%26fbclid%3DIwZXh0bgNhZW0CMTAAAR1VnKeG-UwHftcpWAqQSur7_lx012sd67m6LtWdSZf2AodYE0o2Vu-TNzw_aem_ZEopaa4gPoutawTx_kQGOQ&h=AT1KF-tQ90cHr6P6sFaMct-wnAHEpxrViJEsQeV2-3TtauqjxO3mKY4QzMXh1O-8Nlo8ZXCU0UPyO43Jtf47yogKlAU6B6QeWuYnqDep57QIITAkeS656mIIokcvuZM71PC2Ikrefo4J_aLS_XNsRuXiOQ&__tn__=-UK-R&c[0]=AT1P0R4qbRbkLi4_OFBoO2FrxdSrEFAXq7WwImmwuV4MSrzUlLJlwarNWXfx1jNoHxg44zRdzfe1sEXaclbC_YoutlX4GcpVAlP6VzEzdMZvYwbKekA7ppCaT2xBQhfrUlWPd3RTeJZ-AkhKWEm_qHVQsGr5sJLbpPkX6lHeT-x7YuzxDKWY9qrftu1T0eqVSnqB4AAEgR9Yg8qrJpEQZjKsbU-FSjaxumVXwg FESTIVAL 2023 Le festival se terminera v\u00e9ritablement \u00e0 la Maison d'accueil sp\u00e9cialis\u00e9e de St C\u00f4me d'Olt le mercredi 11 octobre avec un r\u00e9cital de Fabrice Eulry \u00e0 15h, pour lequel\u2026","rel":"","context":"Article similaire","block_context":{"text":"Article similaire","link":""},"img":{"alt_text":"","src":"https:\/\/i0.wp.com\/www.fabriceeulry-laboutique.com\/blog\/wp-content\/uploads\/2024\/09\/AFFICHE-BenA2024.png-.png?resize=350%2C200","width":350,"height":200,"srcset":"https:\/\/i0.wp.com\/www.fabriceeulry-laboutique.com\/blog\/wp-content\/uploads\/2024\/09\/AFFICHE-BenA2024.png-.png?resize=350%2C200 1x, https:\/\/i0.wp.com\/www.fabriceeulry-laboutique.com\/blog\/wp-content\/uploads\/2024\/09\/AFFICHE-BenA2024.png-.png?resize=525%2C300 1.5x, https:\/\/i0.wp.com\/www.fabriceeulry-laboutique.com\/blog\/wp-content\/uploads\/2024\/09\/AFFICHE-BenA2024.png-.png?resize=700%2C400 2x, https:\/\/i0.wp.com\/www.fabriceeulry-laboutique.com\/blog\/wp-content\/uploads\/2024\/09\/AFFICHE-BenA2024.png-.png?resize=1050%2C600 3x"},"classes":[]},{"id":10068,"url":"http:\/\/www.fabriceeulry-laboutique.com\/blog\/?page_id=10068","url_meta":{"origin":8269,"position":2},"title":"BOUTIQUE (CD)","author":"Le Canard du pianiste","date":"1 janvier 2019","format":false,"excerpt":"Vous pouvez consulter la vitrine ci-dessous mais la boutique est d\u00e9sormais sur : https:\/\/fabriceeulry.fr COME TOGETHER Edit\u00e9 en 2024\/ Tarif : 20\u20ac Un floril\u00e8ge avec un enregistrement dans un studio de pointe, dont une des sessions s'est donn\u00e9e avec le chaleur d'un public ! Fabrice Eulry s'est fait plaisir en\u2026","rel":"","context":"Article similaire","block_context":{"text":"Article similaire","link":""},"img":{"alt_text":"","src":"https:\/\/i0.wp.com\/www.fabriceeulry-laboutique.com\/blog\/wp-content\/uploads\/2024\/07\/domin.png?resize=350%2C200","width":350,"height":200},"classes":[]},{"id":11445,"url":"http:\/\/www.fabriceeulry-laboutique.com\/blog\/?page_id=11445","url_meta":{"origin":8269,"position":3},"title":"BOUTIQUE CD DVD PARTITIONS","author":"Le Canard du pianiste","date":"1 janvier 2019","format":false,"excerpt":"Cliquez sur ce lien pour acc\u00e9der \u00e0 la boutique o\u00f9 vous pourrez \u00e9couter des extraits : https:\/\/fabriceeulry.fr\/","rel":"","context":"Article similaire","block_context":{"text":"Article similaire","link":""},"img":{"alt_text":"","src":"","width":0,"height":0},"classes":[]}],"_links":{"self":[{"href":"http:\/\/www.fabriceeulry-laboutique.com\/blog\/index.php?rest_route=\/wp\/v2\/pages\/8269","targetHints":{"allow":["GET"]}}],"collection":[{"href":"http:\/\/www.fabriceeulry-laboutique.com\/blog\/index.php?rest_route=\/wp\/v2\/pages"}],"about":[{"href":"http:\/\/www.fabriceeulry-laboutique.com\/blog\/index.php?rest_route=\/wp\/v2\/types\/page"}],"author":[{"embeddable":true,"href":"http:\/\/www.fabriceeulry-laboutique.com\/blog\/index.php?rest_route=\/wp\/v2\/users\/2"}],"replies":[{"embeddable":true,"href":"http:\/\/www.fabriceeulry-laboutique.com\/blog\/index.php?rest_route=%2Fwp%2Fv2%2Fcomments&post=8269"}],"version-history":[{"count":193,"href":"http:\/\/www.fabriceeulry-laboutique.com\/blog\/index.php?rest_route=\/wp\/v2\/pages\/8269\/revisions"}],"predecessor-version":[{"id":13545,"href":"http:\/\/www.fabriceeulry-laboutique.com\/blog\/index.php?rest_route=\/wp\/v2\/pages\/8269\/revisions\/13545"}],"up":[{"embeddable":true,"href":"http:\/\/www.fabriceeulry-laboutique.com\/blog\/index.php?rest_route=\/wp\/v2\/pages\/10068"}],"wp:attachment":[{"href":"http:\/\/www.fabriceeulry-laboutique.com\/blog\/index.php?rest_route=%2Fwp%2Fv2%2Fmedia&parent=8269"}],"curies":[{"name":"wp","href":"https:\/\/api.w.org\/{rel}","templated":true}]}}